{"version":"1.0","provider_name":"Aliso Initiatives","provider_url":"https:\/\/aliso.fr\/initiatives","title":"Plan Pauvret\u00e9 : quels impacts pour les dispositifs d'insertion ? - Aliso Initiatives","type":"rich","width":600,"height":338,"html":"<blockquote class=\"wp-embedded-content\" data-secret=\"VNq1C81PBa\"><a href=\"https:\/\/aliso.fr\/initiatives\/plan-pauvrete-quels-impacts-pour-les-dispositifs-dinsertion\/\">Plan Pauvret\u00e9 : quels impacts pour les dispositifs d&rsquo;insertion ?<\/a><\/blockquote><iframe sandbox=\"allow-scripts\" security=\"restricted\" src=\"https:\/\/aliso.fr\/initiatives\/plan-pauvrete-quels-impacts-pour-les-dispositifs-dinsertion\/embed\/#?secret=VNq1C81PBa\" width=\"600\" height=\"338\" title=\"\u00ab\u00a0Plan Pauvret\u00e9 : quels impacts pour les dispositifs d&rsquo;insertion ?\u00a0\u00bb &#8212; Aliso Initiatives\" data-secret=\"VNq1C81PBa\" frameborder=\"0\" marginwidth=\"0\" marginheight=\"0\" scrolling=\"no\" class=\"wp-embedded-content\"><\/iframe><script type=\"text\/javascript\">\n\/* <![CDATA[ *\/\n\/*! This file is auto-generated *\/\n!function(d,l){\"use strict\";l.querySelector&&d.addEventListener&&\"undefined\"!=typeof URL&&(d.wp=d.wp||{},d.wp.receiveEmbedMessage||(d.wp.receiveEmbedMessage=function(e){var t=e.data;if((t||t.secret||t.message||t.value)&&!\/[^a-zA-Z0-9]\/.test(t.secret)){for(var s,r,n,a=l.querySelectorAll('iframe[data-secret=\"'+t.secret+'\"]'),o=l.querySelectorAll('blockquote[data-secret=\"'+t.secret+'\"]'),c=new RegExp(\"^https?:$\",\"i\"),i=0;i<o.length;i++)o[i].style.display=\"none\";for(i=0;i<a.length;i++)s=a[i],e.source===s.contentWindow&&(s.removeAttribute(\"style\"),\"height\"===t.message?(1e3<(r=parseInt(t.value,10))?r=1e3:~~r<200&&(r=200),s.height=r):\"link\"===t.message&&(r=new URL(s.getAttribute(\"src\")),n=new URL(t.value),c.test(n.protocol))&&n.host===r.host&&l.activeElement===s&&(d.top.location.href=t.value))}},d.addEventListener(\"message\",d.wp.receiveEmbedMessage,!1),l.addEventListener(\"DOMContentLoaded\",function(){for(var e,t,s=l.querySelectorAll(\"iframe.wp-embedded-content\"),r=0;r<s.length;r++)(t=(e=s[r]).getAttribute(\"data-secret\"))||(t=Math.random().toString(36).substring(2,12),e.src+=\"#?secret=\"+t,e.setAttribute(\"data-secret\",t)),e.contentWindow.postMessage({message:\"ready\",secret:t},\"*\")},!1)))}(window,document);\n\/\/# sourceURL=https:\/\/aliso.fr\/initiatives\/wp-includes\/js\/wp-embed.min.js\n\/* ]]> *\/\n<\/script>\n","thumbnail_url":null,"thumbnail_width":null,"thumbnail_height":null,"description":"Le 13 septembre dernier, le pr\u00e9sident Emmanuel Macron a annonc\u00e9 sa strat\u00e9gie de lutte contre la pauvret\u00e9 devant, entre autres, l\u2019ensemble des acteurs de l\u2019Insertion par l\u2019activit\u00e9 \u00e9conomique (IAE). 8,5 milliards d\u2019euros vont \u00eatre mobilis\u00e9s d\u2019ici la fin de son quinquennat pour cr\u00e9er \u00ab\u00a0l\u2019Etat providence du XXIe si\u00e8cle\u00a0\u00bb. Quel r\u00f4le sera attendu des structures et... En savoir plus &raquo;"}