{"id":2254,"date":"2022-10-28T11:02:15","date_gmt":"2022-10-28T09:02:15","guid":{"rendered":"https:\/\/aliso.fr\/initiatives\/evenements\/17-novembre-rdv-reseau-modeles-socioeconomiques-de-nos-associations\/"},"modified":"2022-10-28T11:02:15","modified_gmt":"2022-10-28T09:02:15","slug":"17-novembre-rdv-reseau-modeles-socioeconomiques-de-nos-associations","status":"publish","type":"mec-events","link":"https:\/\/aliso.fr\/initiatives\/evenements\/17-novembre-rdv-reseau-modeles-socioeconomiques-de-nos-associations\/","title":{"rendered":"17 NOVEMBRE &#8211; RDV RESEAU &amp; MODELES SOCIOECONOMIQUES DE NOS ASSOCIATIONS"},"content":{"rendered":"<p>Pr\u00e9sentation et discussion avec des \u00e9tudiantes et Jean-Louis LAVILLE, chercheur, \u00e9conomiste et sociologue, enseignant au CNAM, \u00e0 partir d&rsquo;une enqu\u00eate concernant ALISO r\u00e9alis\u00e9e au printemps 2022.<\/p>\n<p>Au programme : Histoire, Territoire, Analyse institutionnelle et Echanges autour es mod\u00e8les socio\u00e9conomiques de nos associations.<\/p>\n<p>Moment suivi d&rsquo;un repas, Exclusivement r\u00e9serv\u00e9 au r\u00e9seau.<\/p>\n<p>Lieu : Quincaillerie Num\u00e9rique \u00e0 Gu\u00e9ret.<\/p>\n<p>Accueil \u00e0 partir de 10h.<\/p>\n<p>&nbsp;<\/p>\n","protected":false},"excerpt":{"rendered":"<p>Pr\u00e9sentation et discussion avec des \u00e9tudiantes et Jean-Louis LAVILLE, chercheur, \u00e9conomiste et sociologue, enseignant au CNAM, \u00e0 partir d&rsquo;une enqu\u00eate concernant ALISO r\u00e9alis\u00e9e au printemps 2022. Au programme : Histoire, Territoire, Analyse institutionnelle et Echanges autour es mod\u00e8les socio\u00e9conomiques de nos associations. Moment suivi d&rsquo;un repas, Exclusivement r\u00e9serv\u00e9 au r\u00e9seau. Lieu : Quincaillerie Num\u00e9rique \u00e0&#8230; <a class=\"excerpt-read-more button\" href=\"https:\/\/aliso.fr\/initiatives\/evenements\/17-novembre-rdv-reseau-modeles-socioeconomiques-de-nos-associations\/\" title=\"Read17 NOVEMBRE &#8211; RDV RESEAU &amp; MODELES SOCIOECONOMIQUES DE NOS ASSOCIATIONS\">En savoir plus &raquo;<\/a><\/p>\n","protected":false},"author":1,"featured_media":2255,"comment_status":"open","ping_status":"closed","template":"","tags":[],"mec_category":[],"class_list":["post-2254","mec-events","type-mec-events","status-publish","has-post-thumbnail","hentry"],"yoast_head":"<!-- This site is optimized with the Yoast SEO plugin v27.5 - https:\/\/yoast.com\/product\/yoast-seo-wordpress\/ -->\n<title>17 NOVEMBRE - RDV RESEAU &amp; MODELES SOCIOECONOMIQUES DE NOS ASSOCIATIONS - Aliso Initiatives<\/title>\n<meta name=\"robots\" content=\"index, follow, max-snippet:-1, max-image-preview:large, max-video-preview:-1\" \/>\n<link rel=\"canonical\" href=\"https:\/\/aliso.fr\/initiatives\/evenements\/17-novembre-rdv-reseau-modeles-socioeconomiques-de-nos-associations\/\" \/>\n<meta property=\"og:locale\" content=\"fr_FR\" \/>\n<meta property=\"og:type\" content=\"article\" \/>\n<meta property=\"og:title\" content=\"17 NOVEMBRE - RDV RESEAU &amp; MODELES SOCIOECONOMIQUES DE NOS ASSOCIATIONS - Aliso Initiatives\" \/>\n<meta property=\"og:description\" content=\"Pr\u00e9sentation et discussion avec des \u00e9tudiantes et Jean-Louis LAVILLE, chercheur, \u00e9conomiste et sociologue, enseignant au CNAM, \u00e0 partir d&rsquo;une enqu\u00eate concernant ALISO r\u00e9alis\u00e9e au printemps 2022. Au programme : Histoire, Territoire, Analyse institutionnelle et Echanges autour es mod\u00e8les socio\u00e9conomiques de nos associations. Moment suivi d&rsquo;un repas, Exclusivement r\u00e9serv\u00e9 au r\u00e9seau. Lieu : Quincaillerie Num\u00e9rique \u00e0... En savoir plus &raquo;\" \/>\n<meta property=\"og:url\" content=\"https:\/\/aliso.fr\/initiatives\/evenements\/17-novembre-rdv-reseau-modeles-socioeconomiques-de-nos-associations\/\" \/>\n<meta property=\"og:site_name\" content=\"Aliso Initiatives\" \/>\n<meta property=\"og:image\" content=\"https:\/\/aliso.fr\/initiatives\/wp-content\/uploads\/sites\/2\/\/2022\/10\/Copie-de-20.10.2022.png\" \/>\n\t<meta property=\"og:image:width\" content=\"1\" \/>\n\t<meta property=\"og:image:height\" content=\"1\" \/>\n\t<meta property=\"og:image:type\" content=\"image\/png\" \/>\n<meta name=\"twitter:card\" content=\"summary_large_image\" \/>\n<script type=\"application\/ld+json\" class=\"yoast-schema-graph\">{\"@context\":\"https:\\\/\\\/schema.org\",\"@graph\":[{\"@type\":\"WebPage\",\"@id\":\"https:\\\/\\\/aliso.fr\\\/initiatives\\\/evenements\\\/17-novembre-rdv-reseau-modeles-socioeconomiques-de-nos-associations\\\/\",\"url\":\"https:\\\/\\\/aliso.fr\\\/initiatives\\\/evenements\\\/17-novembre-rdv-reseau-modeles-socioeconomiques-de-nos-associations\\\/\",\"name\":\"17 NOVEMBRE - RDV RESEAU &amp; MODELES SOCIOECONOMIQUES DE NOS ASSOCIATIONS - Aliso Initiatives\",\"isPartOf\":{\"@id\":\"https:\\\/\\\/aliso.fr\\\/initiatives\\\/#website\"},\"primaryImageOfPage\":{\"@id\":\"https:\\\/\\\/aliso.fr\\\/initiatives\\\/evenements\\\/17-novembre-rdv-reseau-modeles-socioeconomiques-de-nos-associations\\\/#primaryimage\"},\"image\":{\"@id\":\"https:\\\/\\\/aliso.fr\\\/initiatives\\\/evenements\\\/17-novembre-rdv-reseau-modeles-socioeconomiques-de-nos-associations\\\/#primaryimage\"},\"thumbnailUrl\":\"https:\\\/\\\/aliso.fr\\\/initiatives\\\/wp-content\\\/uploads\\\/sites\\\/2\\\/\\\/2022\\\/10\\\/Copie-de-20.10.2022.png\",\"datePublished\":\"2022-10-28T09:02:15+00:00\",\"breadcrumb\":{\"@id\":\"https:\\\/\\\/aliso.fr\\\/initiatives\\\/evenements\\\/17-novembre-rdv-reseau-modeles-socioeconomiques-de-nos-associations\\\/#breadcrumb\"},\"inLanguage\":\"fr-FR\",\"potentialAction\":[{\"@type\":\"ReadAction\",\"target\":[\"https:\\\/\\\/aliso.fr\\\/initiatives\\\/evenements\\\/17-novembre-rdv-reseau-modeles-socioeconomiques-de-nos-associations\\\/\"]}]},{\"@type\":\"ImageObject\",\"inLanguage\":\"fr-FR\",\"@id\":\"https:\\\/\\\/aliso.fr\\\/initiatives\\\/evenements\\\/17-novembre-rdv-reseau-modeles-socioeconomiques-de-nos-associations\\\/#primaryimage\",\"url\":\"https:\\\/\\\/aliso.fr\\\/initiatives\\\/wp-content\\\/uploads\\\/sites\\\/2\\\/\\\/2022\\\/10\\\/Copie-de-20.10.2022.png\",\"contentUrl\":\"https:\\\/\\\/aliso.fr\\\/initiatives\\\/wp-content\\\/uploads\\\/sites\\\/2\\\/\\\/2022\\\/10\\\/Copie-de-20.10.2022.png\"},{\"@type\":\"BreadcrumbList\",\"@id\":\"https:\\\/\\\/aliso.fr\\\/initiatives\\\/evenements\\\/17-novembre-rdv-reseau-modeles-socioeconomiques-de-nos-associations\\\/#breadcrumb\",\"itemListElement\":[{\"@type\":\"ListItem\",\"position\":1,\"name\":\"Accueil\",\"item\":\"https:\\\/\\\/aliso.fr\\\/initiatives\\\/\"},{\"@type\":\"ListItem\",\"position\":2,\"name\":\"\u00c9venements\",\"item\":\"https:\\\/\\\/aliso.fr\\\/initiatives\\\/evenements\\\/\"},{\"@type\":\"ListItem\",\"position\":3,\"name\":\"17 NOVEMBRE &#8211; RDV RESEAU &amp; MODELES SOCIOECONOMIQUES DE NOS ASSOCIATIONS\"}]},{\"@type\":\"WebSite\",\"@id\":\"https:\\\/\\\/aliso.fr\\\/initiatives\\\/#website\",\"url\":\"https:\\\/\\\/aliso.fr\\\/initiatives\\\/\",\"name\":\"Aliso Initiatives\",\"description\":\"R\u00e9seau Creusois des acteurs du lien social\",\"publisher\":{\"@id\":\"https:\\\/\\\/aliso.fr\\\/initiatives\\\/#organization\"},\"potentialAction\":[{\"@type\":\"SearchAction\",\"target\":{\"@type\":\"EntryPoint\",\"urlTemplate\":\"https:\\\/\\\/aliso.fr\\\/initiatives\\\/?s={search_term_string}\"},\"query-input\":{\"@type\":\"PropertyValueSpecification\",\"valueRequired\":true,\"valueName\":\"search_term_string\"}}],\"inLanguage\":\"fr-FR\"},{\"@type\":\"Organization\",\"@id\":\"https:\\\/\\\/aliso.fr\\\/initiatives\\\/#organization\",\"name\":\"Aliso Initiatives\",\"url\":\"https:\\\/\\\/aliso.fr\\\/initiatives\\\/\",\"logo\":{\"@type\":\"ImageObject\",\"inLanguage\":\"fr-FR\",\"@id\":\"https:\\\/\\\/aliso.fr\\\/initiatives\\\/#\\\/schema\\\/logo\\\/image\\\/\",\"url\":\"https:\\\/\\\/aliso.fr\\\/initiatives\\\/wp-content\\\/uploads\\\/sites\\\/2\\\/2022\\\/01\\\/Logo-ALISO-Initiatives-2.png\",\"contentUrl\":\"https:\\\/\\\/aliso.fr\\\/initiatives\\\/wp-content\\\/uploads\\\/sites\\\/2\\\/2022\\\/01\\\/Logo-ALISO-Initiatives-2.png\",\"width\":900,\"height\":657,\"caption\":\"Aliso Initiatives\"},\"image\":{\"@id\":\"https:\\\/\\\/aliso.fr\\\/initiatives\\\/#\\\/schema\\\/logo\\\/image\\\/\"}}]}<\/script>\n<!-- \/ Yoast SEO plugin. -->","yoast_head_json":{"title":"17 NOVEMBRE - RDV RESEAU &amp; MODELES SOCIOECONOMIQUES DE NOS ASSOCIATIONS - Aliso Initiatives","robots":{"index":"index","follow":"follow","max-snippet":"max-snippet:-1","max-image-preview":"max-image-preview:large","max-video-preview":"max-video-preview:-1"},"canonical":"https:\/\/aliso.fr\/initiatives\/evenements\/17-novembre-rdv-reseau-modeles-socioeconomiques-de-nos-associations\/","og_locale":"fr_FR","og_type":"article","og_title":"17 NOVEMBRE - RDV RESEAU &amp; MODELES SOCIOECONOMIQUES DE NOS ASSOCIATIONS - Aliso Initiatives","og_description":"Pr\u00e9sentation et discussion avec des \u00e9tudiantes et Jean-Louis LAVILLE, chercheur, \u00e9conomiste et sociologue, enseignant au CNAM, \u00e0 partir d&rsquo;une enqu\u00eate concernant ALISO r\u00e9alis\u00e9e au printemps 2022. Au programme : Histoire, Territoire, Analyse institutionnelle et Echanges autour es mod\u00e8les socio\u00e9conomiques de nos associations. Moment suivi d&rsquo;un repas, Exclusivement r\u00e9serv\u00e9 au r\u00e9seau. Lieu : Quincaillerie Num\u00e9rique \u00e0... En savoir plus &raquo;","og_url":"https:\/\/aliso.fr\/initiatives\/evenements\/17-novembre-rdv-reseau-modeles-socioeconomiques-de-nos-associations\/","og_site_name":"Aliso Initiatives","og_image":[{"url":"https:\/\/aliso.fr\/initiatives\/wp-content\/uploads\/sites\/2\/\/2022\/10\/Copie-de-20.10.2022.png","width":1,"height":1,"type":"image\/png"}],"twitter_card":"summary_large_image","schema":{"@context":"https:\/\/schema.org","@graph":[{"@type":"WebPage","@id":"https:\/\/aliso.fr\/initiatives\/evenements\/17-novembre-rdv-reseau-modeles-socioeconomiques-de-nos-associations\/","url":"https:\/\/aliso.fr\/initiatives\/evenements\/17-novembre-rdv-reseau-modeles-socioeconomiques-de-nos-associations\/","name":"17 NOVEMBRE - RDV RESEAU &amp; MODELES SOCIOECONOMIQUES DE NOS ASSOCIATIONS - Aliso Initiatives","isPartOf":{"@id":"https:\/\/aliso.fr\/initiatives\/#website"},"primaryImageOfPage":{"@id":"https:\/\/aliso.fr\/initiatives\/evenements\/17-novembre-rdv-reseau-modeles-socioeconomiques-de-nos-associations\/#primaryimage"},"image":{"@id":"https:\/\/aliso.fr\/initiatives\/evenements\/17-novembre-rdv-reseau-modeles-socioeconomiques-de-nos-associations\/#primaryimage"},"thumbnailUrl":"https:\/\/aliso.fr\/initiatives\/wp-content\/uploads\/sites\/2\/\/2022\/10\/Copie-de-20.10.2022.png","datePublished":"2022-10-28T09:02:15+00:00","breadcrumb":{"@id":"https:\/\/aliso.fr\/initiatives\/evenements\/17-novembre-rdv-reseau-modeles-socioeconomiques-de-nos-associations\/#breadcrumb"},"inLanguage":"fr-FR","potentialAction":[{"@type":"ReadAction","target":["https:\/\/aliso.fr\/initiatives\/evenements\/17-novembre-rdv-reseau-modeles-socioeconomiques-de-nos-associations\/"]}]},{"@type":"ImageObject","inLanguage":"fr-FR","@id":"https:\/\/aliso.fr\/initiatives\/evenements\/17-novembre-rdv-reseau-modeles-socioeconomiques-de-nos-associations\/#primaryimage","url":"https:\/\/aliso.fr\/initiatives\/wp-content\/uploads\/sites\/2\/\/2022\/10\/Copie-de-20.10.2022.png","contentUrl":"https:\/\/aliso.fr\/initiatives\/wp-content\/uploads\/sites\/2\/\/2022\/10\/Copie-de-20.10.2022.png"},{"@type":"BreadcrumbList","@id":"https:\/\/aliso.fr\/initiatives\/evenements\/17-novembre-rdv-reseau-modeles-socioeconomiques-de-nos-associations\/#breadcrumb","itemListElement":[{"@type":"ListItem","position":1,"name":"Accueil","item":"https:\/\/aliso.fr\/initiatives\/"},{"@type":"ListItem","position":2,"name":"\u00c9venements","item":"https:\/\/aliso.fr\/initiatives\/evenements\/"},{"@type":"ListItem","position":3,"name":"17 NOVEMBRE &#8211; RDV RESEAU &amp; MODELES SOCIOECONOMIQUES DE NOS ASSOCIATIONS"}]},{"@type":"WebSite","@id":"https:\/\/aliso.fr\/initiatives\/#website","url":"https:\/\/aliso.fr\/initiatives\/","name":"Aliso Initiatives","description":"R\u00e9seau Creusois des acteurs du lien social","publisher":{"@id":"https:\/\/aliso.fr\/initiatives\/#organization"},"potentialAction":[{"@type":"SearchAction","target":{"@type":"EntryPoint","urlTemplate":"https:\/\/aliso.fr\/initiatives\/?s={search_term_string}"},"query-input":{"@type":"PropertyValueSpecification","valueRequired":true,"valueName":"search_term_string"}}],"inLanguage":"fr-FR"},{"@type":"Organization","@id":"https:\/\/aliso.fr\/initiatives\/#organization","name":"Aliso Initiatives","url":"https:\/\/aliso.fr\/initiatives\/","logo":{"@type":"ImageObject","inLanguage":"fr-FR","@id":"https:\/\/aliso.fr\/initiatives\/#\/schema\/logo\/image\/","url":"https:\/\/aliso.fr\/initiatives\/wp-content\/uploads\/sites\/2\/2022\/01\/Logo-ALISO-Initiatives-2.png","contentUrl":"https:\/\/aliso.fr\/initiatives\/wp-content\/uploads\/sites\/2\/2022\/01\/Logo-ALISO-Initiatives-2.png","width":900,"height":657,"caption":"Aliso Initiatives"},"image":{"@id":"https:\/\/aliso.fr\/initiatives\/#\/schema\/logo\/image\/"}}]}},"_links":{"self":[{"href":"https:\/\/aliso.fr\/initiatives\/wp-json\/wp\/v2\/mec-events\/2254","targetHints":{"allow":["GET"]}}],"collection":[{"href":"https:\/\/aliso.fr\/initiatives\/wp-json\/wp\/v2\/mec-events"}],"about":[{"href":"https:\/\/aliso.fr\/initiatives\/wp-json\/wp\/v2\/types\/mec-events"}],"author":[{"embeddable":true,"href":"https:\/\/aliso.fr\/initiatives\/wp-json\/wp\/v2\/users\/1"}],"replies":[{"embeddable":true,"href":"https:\/\/aliso.fr\/initiatives\/wp-json\/wp\/v2\/comments?post=2254"}],"wp:featuredmedia":[{"embeddable":true,"href":"https:\/\/aliso.fr\/initiatives\/wp-json\/wp\/v2\/media\/2255"}],"wp:attachment":[{"href":"https:\/\/aliso.fr\/initiatives\/wp-json\/wp\/v2\/media?parent=2254"}],"wp:term":[{"taxonomy":"post_tag","embeddable":true,"href":"https:\/\/aliso.fr\/initiatives\/wp-json\/wp\/v2\/tags?post=2254"},{"taxonomy":"mec_category","embeddable":true,"href":"https:\/\/aliso.fr\/initiatives\/wp-json\/wp\/v2\/mec_category?post=2254"}],"curies":[{"name":"wp","href":"https:\/\/api.w.org\/{rel}","templated":true}]}}