{"id":2438,"date":"2023-01-26T14:04:28","date_gmt":"2023-01-26T13:04:28","guid":{"rendered":"https:\/\/aliso.fr\/initiatives\/evenements\/diagnostic-partage-des-dynamiques-ess-en-creuse\/"},"modified":"2023-01-26T14:05:25","modified_gmt":"2023-01-26T13:05:25","slug":"diagnostic-partage-des-dynamiques-ess-en-creuse","status":"publish","type":"mec-events","link":"https:\/\/aliso.fr\/initiatives\/evenements\/diagnostic-partage-des-dynamiques-ess-en-creuse\/","title":{"rendered":"Diagnostic partag\u00e9 des dynamiques ESS en Creuse"},"content":{"rendered":"<p><img loading=\"lazy\" decoding=\"async\" class=\"alignnone size-medium wp-image-720\" src=\"https:\/\/aliso.fr\/wp-content\/uploads\/2023\/01\/visuels-DLA-212x300.png\" alt=\"\" width=\"212\" height=\"300\" \/><\/p>\n<p>Nous prendrons pour point de d\u00e9part les apports de l\u2019observatoire de la CRESS, combin\u00e9s aux observations des dynamiques que nous avons pu accompagn\u00e9es depuis trois ans dans le cadre du DLA Creuse.<\/p>\n<p>Quelques tendances en ressortent, qui nous paraissent significatives, et l\u2019objet de la journ\u00e9e est de partager cette lecture, de la confronter avec la lecture que chacun peut faire des enjeux locaux, des tendances r\u00e9gionales voire nationales.<\/p>\n<p>Comment les acteurs de l\u2019ESS, structures employeuses repr\u00e9sentant pr\u00e8s d\u2019un quart des emploi salari\u00e9s du priv\u00e9 en Creuse, appr\u00e9hendent la question de l\u2019attractivit\u00e9 des m\u00e9tiers, de la transition num\u00e9rique, de la participation des habitants et citoyens dans les transitions \u00e9cologiques et solidaires ?<\/p>\n<p>Ce temps de rencontre a pour but d\u2019\u00e9tablir une lecture commune des dynamiques ESS pr\u00e9sentes dans le but de consolider les accompagnements et favoriser les partenariats.<\/p>\n<p>L\u2019occasion de se r\u00e9unir pour penser l\u2019avenir de l\u2019\u00c9conomie Sociale et Solidaire, du monde associatif et l\u2019accompagnement des structures !<\/p>\n<p>Rendez-vous le jeudi 2 mars 2023 de 10h \u00e0 17h<\/p>\n<p>Inscription gratuite aupr\u00e8s de Pauline Michon : p&#97;&#x75;&#x6c;i&#110;&#101;&#x6d;&#x69;c&#104;&#111;&#x6e;&#x40;a&#108;&#x69;&#x73;&#x6f;&#46;&#102;&#x72; ; 06 40 81 95 61.<\/p>\n","protected":false},"excerpt":{"rendered":"<p>Nous prendrons pour point de d\u00e9part les apports de l\u2019observatoire de la CRESS, combin\u00e9s aux observations des dynamiques que nous avons pu accompagn\u00e9es depuis trois ans dans le cadre du DLA Creuse. Quelques tendances en ressortent, qui nous paraissent significatives, et l\u2019objet de la journ\u00e9e est de partager cette lecture, de la confronter avec la&#8230; <a class=\"excerpt-read-more button\" href=\"https:\/\/aliso.fr\/initiatives\/evenements\/diagnostic-partage-des-dynamiques-ess-en-creuse\/\" title=\"ReadDiagnostic partag\u00e9 des dynamiques ESS en Creuse\">En savoir plus &raquo;<\/a><\/p>\n","protected":false},"author":7,"featured_media":2439,"comment_status":"closed","ping_status":"closed","template":"","tags":[],"mec_category":[],"class_list":["post-2438","mec-events","type-mec-events","status-publish","has-post-thumbnail","hentry"],"yoast_head":"<!-- This site is optimized with the Yoast SEO plugin v27.4 - https:\/\/yoast.com\/product\/yoast-seo-wordpress\/ -->\n<title>Diagnostic partag\u00e9 des dynamiques ESS en Creuse - Aliso Initiatives<\/title>\n<meta name=\"robots\" content=\"index, follow, max-snippet:-1, max-image-preview:large, max-video-preview:-1\" \/>\n<link rel=\"canonical\" href=\"https:\/\/aliso.fr\/initiatives\/evenements\/diagnostic-partage-des-dynamiques-ess-en-creuse\/\" \/>\n<meta property=\"og:locale\" content=\"fr_FR\" \/>\n<meta property=\"og:type\" content=\"article\" \/>\n<meta property=\"og:title\" content=\"Diagnostic partag\u00e9 des dynamiques ESS en Creuse - Aliso Initiatives\" \/>\n<meta property=\"og:description\" content=\"Nous prendrons pour point de d\u00e9part les apports de l\u2019observatoire de la CRESS, combin\u00e9s aux observations des dynamiques que nous avons pu accompagn\u00e9es depuis trois ans dans le cadre du DLA Creuse. Quelques tendances en ressortent, qui nous paraissent significatives, et l\u2019objet de la journ\u00e9e est de partager cette lecture, de la confronter avec la... En savoir plus &raquo;\" \/>\n<meta property=\"og:url\" content=\"https:\/\/aliso.fr\/initiatives\/evenements\/diagnostic-partage-des-dynamiques-ess-en-creuse\/\" \/>\n<meta property=\"og:site_name\" content=\"Aliso Initiatives\" \/>\n<meta property=\"article:modified_time\" content=\"2023-01-26T13:05:25+00:00\" \/>\n<meta property=\"og:image\" content=\"https:\/\/aliso.fr\/initiatives\/wp-content\/uploads\/sites\/2\/\/2023\/01\/visuels-DLA.png\" \/>\n\t<meta property=\"og:image:width\" content=\"1\" \/>\n\t<meta property=\"og:image:height\" content=\"1\" \/>\n\t<meta property=\"og:image:type\" content=\"image\/png\" \/>\n<meta name=\"twitter:card\" content=\"summary_large_image\" \/>\n<script type=\"application\/ld+json\" class=\"yoast-schema-graph\">{\"@context\":\"https:\\\/\\\/schema.org\",\"@graph\":[{\"@type\":\"WebPage\",\"@id\":\"https:\\\/\\\/aliso.fr\\\/initiatives\\\/evenements\\\/diagnostic-partage-des-dynamiques-ess-en-creuse\\\/\",\"url\":\"https:\\\/\\\/aliso.fr\\\/initiatives\\\/evenements\\\/diagnostic-partage-des-dynamiques-ess-en-creuse\\\/\",\"name\":\"Diagnostic partag\u00e9 des dynamiques ESS en Creuse - Aliso Initiatives\",\"isPartOf\":{\"@id\":\"https:\\\/\\\/aliso.fr\\\/initiatives\\\/#website\"},\"primaryImageOfPage\":{\"@id\":\"https:\\\/\\\/aliso.fr\\\/initiatives\\\/evenements\\\/diagnostic-partage-des-dynamiques-ess-en-creuse\\\/#primaryimage\"},\"image\":{\"@id\":\"https:\\\/\\\/aliso.fr\\\/initiatives\\\/evenements\\\/diagnostic-partage-des-dynamiques-ess-en-creuse\\\/#primaryimage\"},\"thumbnailUrl\":\"https:\\\/\\\/aliso.fr\\\/initiatives\\\/wp-content\\\/uploads\\\/sites\\\/2\\\/\\\/2023\\\/01\\\/visuels-DLA.png\",\"datePublished\":\"2023-01-26T13:04:28+00:00\",\"dateModified\":\"2023-01-26T13:05:25+00:00\",\"breadcrumb\":{\"@id\":\"https:\\\/\\\/aliso.fr\\\/initiatives\\\/evenements\\\/diagnostic-partage-des-dynamiques-ess-en-creuse\\\/#breadcrumb\"},\"inLanguage\":\"fr-FR\",\"potentialAction\":[{\"@type\":\"ReadAction\",\"target\":[\"https:\\\/\\\/aliso.fr\\\/initiatives\\\/evenements\\\/diagnostic-partage-des-dynamiques-ess-en-creuse\\\/\"]}]},{\"@type\":\"ImageObject\",\"inLanguage\":\"fr-FR\",\"@id\":\"https:\\\/\\\/aliso.fr\\\/initiatives\\\/evenements\\\/diagnostic-partage-des-dynamiques-ess-en-creuse\\\/#primaryimage\",\"url\":\"https:\\\/\\\/aliso.fr\\\/initiatives\\\/wp-content\\\/uploads\\\/sites\\\/2\\\/\\\/2023\\\/01\\\/visuels-DLA.png\",\"contentUrl\":\"https:\\\/\\\/aliso.fr\\\/initiatives\\\/wp-content\\\/uploads\\\/sites\\\/2\\\/\\\/2023\\\/01\\\/visuels-DLA.png\"},{\"@type\":\"BreadcrumbList\",\"@id\":\"https:\\\/\\\/aliso.fr\\\/initiatives\\\/evenements\\\/diagnostic-partage-des-dynamiques-ess-en-creuse\\\/#breadcrumb\",\"itemListElement\":[{\"@type\":\"ListItem\",\"position\":1,\"name\":\"Accueil\",\"item\":\"https:\\\/\\\/aliso.fr\\\/initiatives\\\/\"},{\"@type\":\"ListItem\",\"position\":2,\"name\":\"\u00c9venements\",\"item\":\"https:\\\/\\\/aliso.fr\\\/initiatives\\\/evenements\\\/\"},{\"@type\":\"ListItem\",\"position\":3,\"name\":\"Diagnostic partag\u00e9 des dynamiques ESS en Creuse\"}]},{\"@type\":\"WebSite\",\"@id\":\"https:\\\/\\\/aliso.fr\\\/initiatives\\\/#website\",\"url\":\"https:\\\/\\\/aliso.fr\\\/initiatives\\\/\",\"name\":\"Aliso Initiatives\",\"description\":\"R\u00e9seau Creusois des acteurs du lien social\",\"publisher\":{\"@id\":\"https:\\\/\\\/aliso.fr\\\/initiatives\\\/#organization\"},\"potentialAction\":[{\"@type\":\"SearchAction\",\"target\":{\"@type\":\"EntryPoint\",\"urlTemplate\":\"https:\\\/\\\/aliso.fr\\\/initiatives\\\/?s={search_term_string}\"},\"query-input\":{\"@type\":\"PropertyValueSpecification\",\"valueRequired\":true,\"valueName\":\"search_term_string\"}}],\"inLanguage\":\"fr-FR\"},{\"@type\":\"Organization\",\"@id\":\"https:\\\/\\\/aliso.fr\\\/initiatives\\\/#organization\",\"name\":\"Aliso Initiatives\",\"url\":\"https:\\\/\\\/aliso.fr\\\/initiatives\\\/\",\"logo\":{\"@type\":\"ImageObject\",\"inLanguage\":\"fr-FR\",\"@id\":\"https:\\\/\\\/aliso.fr\\\/initiatives\\\/#\\\/schema\\\/logo\\\/image\\\/\",\"url\":\"https:\\\/\\\/aliso.fr\\\/initiatives\\\/wp-content\\\/uploads\\\/sites\\\/2\\\/2022\\\/01\\\/Logo-ALISO-Initiatives-2.png\",\"contentUrl\":\"https:\\\/\\\/aliso.fr\\\/initiatives\\\/wp-content\\\/uploads\\\/sites\\\/2\\\/2022\\\/01\\\/Logo-ALISO-Initiatives-2.png\",\"width\":900,\"height\":657,\"caption\":\"Aliso Initiatives\"},\"image\":{\"@id\":\"https:\\\/\\\/aliso.fr\\\/initiatives\\\/#\\\/schema\\\/logo\\\/image\\\/\"}}]}<\/script>\n<!-- \/ Yoast SEO plugin. -->","yoast_head_json":{"title":"Diagnostic partag\u00e9 des dynamiques ESS en Creuse - Aliso Initiatives","robots":{"index":"index","follow":"follow","max-snippet":"max-snippet:-1","max-image-preview":"max-image-preview:large","max-video-preview":"max-video-preview:-1"},"canonical":"https:\/\/aliso.fr\/initiatives\/evenements\/diagnostic-partage-des-dynamiques-ess-en-creuse\/","og_locale":"fr_FR","og_type":"article","og_title":"Diagnostic partag\u00e9 des dynamiques ESS en Creuse - Aliso Initiatives","og_description":"Nous prendrons pour point de d\u00e9part les apports de l\u2019observatoire de la CRESS, combin\u00e9s aux observations des dynamiques que nous avons pu accompagn\u00e9es depuis trois ans dans le cadre du DLA Creuse. Quelques tendances en ressortent, qui nous paraissent significatives, et l\u2019objet de la journ\u00e9e est de partager cette lecture, de la confronter avec la... En savoir plus &raquo;","og_url":"https:\/\/aliso.fr\/initiatives\/evenements\/diagnostic-partage-des-dynamiques-ess-en-creuse\/","og_site_name":"Aliso Initiatives","article_modified_time":"2023-01-26T13:05:25+00:00","og_image":[{"url":"https:\/\/aliso.fr\/initiatives\/wp-content\/uploads\/sites\/2\/\/2023\/01\/visuels-DLA.png","width":1,"height":1,"type":"image\/png"}],"twitter_card":"summary_large_image","schema":{"@context":"https:\/\/schema.org","@graph":[{"@type":"WebPage","@id":"https:\/\/aliso.fr\/initiatives\/evenements\/diagnostic-partage-des-dynamiques-ess-en-creuse\/","url":"https:\/\/aliso.fr\/initiatives\/evenements\/diagnostic-partage-des-dynamiques-ess-en-creuse\/","name":"Diagnostic partag\u00e9 des dynamiques ESS en Creuse - Aliso Initiatives","isPartOf":{"@id":"https:\/\/aliso.fr\/initiatives\/#website"},"primaryImageOfPage":{"@id":"https:\/\/aliso.fr\/initiatives\/evenements\/diagnostic-partage-des-dynamiques-ess-en-creuse\/#primaryimage"},"image":{"@id":"https:\/\/aliso.fr\/initiatives\/evenements\/diagnostic-partage-des-dynamiques-ess-en-creuse\/#primaryimage"},"thumbnailUrl":"https:\/\/aliso.fr\/initiatives\/wp-content\/uploads\/sites\/2\/\/2023\/01\/visuels-DLA.png","datePublished":"2023-01-26T13:04:28+00:00","dateModified":"2023-01-26T13:05:25+00:00","breadcrumb":{"@id":"https:\/\/aliso.fr\/initiatives\/evenements\/diagnostic-partage-des-dynamiques-ess-en-creuse\/#breadcrumb"},"inLanguage":"fr-FR","potentialAction":[{"@type":"ReadAction","target":["https:\/\/aliso.fr\/initiatives\/evenements\/diagnostic-partage-des-dynamiques-ess-en-creuse\/"]}]},{"@type":"ImageObject","inLanguage":"fr-FR","@id":"https:\/\/aliso.fr\/initiatives\/evenements\/diagnostic-partage-des-dynamiques-ess-en-creuse\/#primaryimage","url":"https:\/\/aliso.fr\/initiatives\/wp-content\/uploads\/sites\/2\/\/2023\/01\/visuels-DLA.png","contentUrl":"https:\/\/aliso.fr\/initiatives\/wp-content\/uploads\/sites\/2\/\/2023\/01\/visuels-DLA.png"},{"@type":"BreadcrumbList","@id":"https:\/\/aliso.fr\/initiatives\/evenements\/diagnostic-partage-des-dynamiques-ess-en-creuse\/#breadcrumb","itemListElement":[{"@type":"ListItem","position":1,"name":"Accueil","item":"https:\/\/aliso.fr\/initiatives\/"},{"@type":"ListItem","position":2,"name":"\u00c9venements","item":"https:\/\/aliso.fr\/initiatives\/evenements\/"},{"@type":"ListItem","position":3,"name":"Diagnostic partag\u00e9 des dynamiques ESS en Creuse"}]},{"@type":"WebSite","@id":"https:\/\/aliso.fr\/initiatives\/#website","url":"https:\/\/aliso.fr\/initiatives\/","name":"Aliso Initiatives","description":"R\u00e9seau Creusois des acteurs du lien social","publisher":{"@id":"https:\/\/aliso.fr\/initiatives\/#organization"},"potentialAction":[{"@type":"SearchAction","target":{"@type":"EntryPoint","urlTemplate":"https:\/\/aliso.fr\/initiatives\/?s={search_term_string}"},"query-input":{"@type":"PropertyValueSpecification","valueRequired":true,"valueName":"search_term_string"}}],"inLanguage":"fr-FR"},{"@type":"Organization","@id":"https:\/\/aliso.fr\/initiatives\/#organization","name":"Aliso Initiatives","url":"https:\/\/aliso.fr\/initiatives\/","logo":{"@type":"ImageObject","inLanguage":"fr-FR","@id":"https:\/\/aliso.fr\/initiatives\/#\/schema\/logo\/image\/","url":"https:\/\/aliso.fr\/initiatives\/wp-content\/uploads\/sites\/2\/2022\/01\/Logo-ALISO-Initiatives-2.png","contentUrl":"https:\/\/aliso.fr\/initiatives\/wp-content\/uploads\/sites\/2\/2022\/01\/Logo-ALISO-Initiatives-2.png","width":900,"height":657,"caption":"Aliso Initiatives"},"image":{"@id":"https:\/\/aliso.fr\/initiatives\/#\/schema\/logo\/image\/"}}]}},"_links":{"self":[{"href":"https:\/\/aliso.fr\/initiatives\/wp-json\/wp\/v2\/mec-events\/2438","targetHints":{"allow":["GET"]}}],"collection":[{"href":"https:\/\/aliso.fr\/initiatives\/wp-json\/wp\/v2\/mec-events"}],"about":[{"href":"https:\/\/aliso.fr\/initiatives\/wp-json\/wp\/v2\/types\/mec-events"}],"author":[{"embeddable":true,"href":"https:\/\/aliso.fr\/initiatives\/wp-json\/wp\/v2\/users\/7"}],"replies":[{"embeddable":true,"href":"https:\/\/aliso.fr\/initiatives\/wp-json\/wp\/v2\/comments?post=2438"}],"wp:featuredmedia":[{"embeddable":true,"href":"https:\/\/aliso.fr\/initiatives\/wp-json\/wp\/v2\/media\/2439"}],"wp:attachment":[{"href":"https:\/\/aliso.fr\/initiatives\/wp-json\/wp\/v2\/media?parent=2438"}],"wp:term":[{"taxonomy":"post_tag","embeddable":true,"href":"https:\/\/aliso.fr\/initiatives\/wp-json\/wp\/v2\/tags?post=2438"},{"taxonomy":"mec_category","embeddable":true,"href":"https:\/\/aliso.fr\/initiatives\/wp-json\/wp\/v2\/mec_category?post=2438"}],"curies":[{"name":"wp","href":"https:\/\/api.w.org\/{rel}","templated":true}]}}