{"id":9,"date":"2021-10-11T17:16:59","date_gmt":"2021-10-11T15:16:59","guid":{"rendered":"https:\/\/aliso.fr\/initiatives\/?page_id=9"},"modified":"2023-02-06T14:51:38","modified_gmt":"2023-02-06T13:51:38","slug":"creer-une-activite-un-projet-le-decapsuleur","status":"publish","type":"page","link":"https:\/\/aliso.fr\/initiatives\/creer-une-activite-un-projet-le-decapsuleur\/","title":{"rendered":"Cr\u00e9er une activit\u00e9, un projet \/ Le D\u00e9capsuleur"},"content":{"rendered":"\n<div class=\"wp-block-media-text alignwide is-stacked-on-mobile is-vertically-aligned-center\" style=\"grid-template-columns:31% auto\" id=\"https:\/\/le-decapsuleur-ess.org\/projet-2\/\"><figure class=\"wp-block-media-text__media\"><a href=\"https:\/\/le-decapsuleur-ess.org\/projet-2\/\" target=\"_blank\" rel=\"noopener\"><img loading=\"lazy\" decoding=\"async\" width=\"2048\" height=\"1536\" src=\"https:\/\/aliso.fr\/initiatives\/wp-content\/uploads\/sites\/2\/2022\/03\/travaux-communs.jpg\" alt=\"Chantier collectif - Asso des communs, Gu\u00e9ret\" class=\"wp-image-1757 size-full\" srcset=\"https:\/\/aliso.fr\/initiatives\/wp-content\/uploads\/sites\/2\/2022\/03\/travaux-communs.jpg 2048w, https:\/\/aliso.fr\/initiatives\/wp-content\/uploads\/sites\/2\/2022\/03\/travaux-communs-300x225.jpg 300w, https:\/\/aliso.fr\/initiatives\/wp-content\/uploads\/sites\/2\/2022\/03\/travaux-communs-1024x768.jpg 1024w, https:\/\/aliso.fr\/initiatives\/wp-content\/uploads\/sites\/2\/2022\/03\/travaux-communs-768x576.jpg 768w, https:\/\/aliso.fr\/initiatives\/wp-content\/uploads\/sites\/2\/2022\/03\/travaux-communs-1536x1152.jpg 1536w\" sizes=\"auto, (max-width: 2048px) 100vw, 2048px\" \/><\/a><\/figure><div class=\"wp-block-media-text__content\">\n<div class=\"wp-block-group\"><div class=\"wp-block-group__inner-container is-layout-flow wp-block-group-is-layout-flow\">\n<div class=\"wp-block-group\"><div class=\"wp-block-group__inner-container is-layout-flow wp-block-group-is-layout-flow\">\n<figure class=\"wp-block-pullquote\"><blockquote><p>Vous habitez la Creuse, vous souhaitez vous lancer, seul ou \u00e0 plusieurs, dans un projet d&rsquo;\u00e9conomie sociale et solidaire ?<\/p><\/blockquote><\/figure>\n\n\n\n<p class=\"has-medium-font-size\">Vous recherchez un conseil, des orientations, un accompagnement ? <strong>Contactez <a href=\"https:\/\/le-decapsuleur-ess.org\/\" target=\"_blank\" rel=\"noreferrer noopener\">Le D\u00e9capsuleur<\/a>,<\/strong> pour un accompagnement global et par \u00e9tapes de votre projet, jalonn\u00e9 de temps d&rsquo;\u00e9changes de pratiques, de visites d&rsquo;exp\u00e9riences et d&rsquo;apports. Voir aussi l&rsquo;<a href=\"https:\/\/aliso.fr\/reseau\/le-decapsuleur-quest-ce-donc-interview-de-nicolas-forgeron\/\" target=\"_blank\" rel=\"noreferrer noopener\">interview de Nicolas Forgeron<\/a>, coordinateur du D\u00e9capsuleur.<\/p>\n<\/div><\/div>\n<\/div><\/div>\n<\/div><\/div>\n\n\n\n<div style=\"height:50px\" aria-hidden=\"true\" class=\"wp-block-spacer\"><\/div>\n\n\n\n<div class=\"wp-block-media-text alignwide has-media-on-the-right is-stacked-on-mobile is-vertically-aligned-center\" id=\"https:\/\/le-decapsuleur-ess.org\/accompagnement-ess-creuse\/\"><div class=\"wp-block-media-text__content\">\n<figure class=\"wp-block-pullquote\"><blockquote><p>Le D\u00e9capsuleur a \u00e9t\u00e9 mis en place en 2020, fruit de la collaboration entre deux r\u00e9seaux creusois, ALISO et TELA, avec l&rsquo;appui de la R\u00e9gion Nouvelle Aquitaine, de l&rsquo;Etat, de la Banque des Territoires.<\/p><\/blockquote><\/figure>\n<\/div><figure class=\"wp-block-media-text__media\"><a href=\"https:\/\/le-decapsuleur-ess.org\/accompagnement-ess-creuse\/\" target=\"_blank\" rel=\"noopener\"><img loading=\"lazy\" decoding=\"async\" width=\"1024\" height=\"439\" src=\"https:\/\/aliso.fr\/initiatives\/wp-content\/uploads\/sites\/2\/2022\/03\/logo-1024x439.png\" alt=\"\" class=\"wp-image-1758 size-full\" srcset=\"https:\/\/aliso.fr\/initiatives\/wp-content\/uploads\/sites\/2\/2022\/03\/logo-1024x439.png 1024w, https:\/\/aliso.fr\/initiatives\/wp-content\/uploads\/sites\/2\/2022\/03\/logo-300x129.png 300w, https:\/\/aliso.fr\/initiatives\/wp-content\/uploads\/sites\/2\/2022\/03\/logo-768x329.png 768w, https:\/\/aliso.fr\/initiatives\/wp-content\/uploads\/sites\/2\/2022\/03\/logo-1536x659.png 1536w, https:\/\/aliso.fr\/initiatives\/wp-content\/uploads\/sites\/2\/2022\/03\/logo.png 2048w\" sizes=\"auto, (max-width: 1024px) 100vw, 1024px\" \/><\/a><\/figure><\/div>\n","protected":false},"excerpt":{"rendered":"<p>Le D\u00e9capsuleur a \u00e9t\u00e9 mis en place en 2020, fruit de la collaboration entre deux r\u00e9seaux creusois, ALISO et TELA, avec l&rsquo;appui de la R\u00e9gion Nouvelle Aquitaine, de l&rsquo;Etat, de la Banque des Territoires.<\/p>\n","protected":false},"author":1,"featured_media":0,"parent":0,"menu_order":0,"comment_status":"closed","ping_status":"closed","template":"","meta":{"footnotes":""},"class_list":["post-9","page","type-page","status-publish","hentry"],"yoast_head":"<!-- This site is optimized with the Yoast SEO plugin v27.4 - https:\/\/yoast.com\/product\/yoast-seo-wordpress\/ -->\n<title>Cr\u00e9er une activit\u00e9, un projet \/ Le D\u00e9capsuleur - Aliso Initiatives<\/title>\n<meta name=\"description\" content=\"Le d\u00e9capsuleur vous accompagne pour vos projets d&#039;\u00e9conomie sociale et solidaire, seul ou en groupe, en Creuse.\" \/>\n<meta name=\"robots\" content=\"index, follow, max-snippet:-1, max-image-preview:large, max-video-preview:-1\" \/>\n<link rel=\"canonical\" href=\"https:\/\/aliso.fr\/initiatives\/creer-une-activite-un-projet-le-decapsuleur\/\" \/>\n<meta property=\"og:locale\" content=\"fr_FR\" \/>\n<meta property=\"og:type\" content=\"article\" \/>\n<meta property=\"og:title\" content=\"Cr\u00e9er une activit\u00e9, un projet \/ Le D\u00e9capsuleur - Aliso Initiatives\" \/>\n<meta property=\"og:description\" content=\"Le d\u00e9capsuleur vous accompagne pour vos projets d&#039;\u00e9conomie sociale et solidaire, seul ou en groupe, en Creuse.\" \/>\n<meta property=\"og:url\" content=\"https:\/\/aliso.fr\/initiatives\/creer-une-activite-un-projet-le-decapsuleur\/\" \/>\n<meta property=\"og:site_name\" content=\"Aliso Initiatives\" \/>\n<meta property=\"article:modified_time\" content=\"2023-02-06T13:51:38+00:00\" \/>\n<meta property=\"og:image\" content=\"https:\/\/aliso.fr\/initiatives\/wp-content\/uploads\/sites\/2\/2022\/03\/travaux-communs.jpg\" \/>\n<meta name=\"twitter:card\" content=\"summary_large_image\" \/>\n<script type=\"application\/ld+json\" class=\"yoast-schema-graph\">{\"@context\":\"https:\\\/\\\/schema.org\",\"@graph\":[{\"@type\":\"WebPage\",\"@id\":\"https:\\\/\\\/aliso.fr\\\/initiatives\\\/creer-une-activite-un-projet-le-decapsuleur\\\/\",\"url\":\"https:\\\/\\\/aliso.fr\\\/initiatives\\\/creer-une-activite-un-projet-le-decapsuleur\\\/\",\"name\":\"Cr\u00e9er une activit\u00e9, un projet \\\/ Le D\u00e9capsuleur - Aliso Initiatives\",\"isPartOf\":{\"@id\":\"https:\\\/\\\/aliso.fr\\\/initiatives\\\/#website\"},\"primaryImageOfPage\":{\"@id\":\"https:\\\/\\\/aliso.fr\\\/initiatives\\\/creer-une-activite-un-projet-le-decapsuleur\\\/#primaryimage\"},\"image\":{\"@id\":\"https:\\\/\\\/aliso.fr\\\/initiatives\\\/creer-une-activite-un-projet-le-decapsuleur\\\/#primaryimage\"},\"thumbnailUrl\":\"https:\\\/\\\/aliso.fr\\\/initiatives\\\/wp-content\\\/uploads\\\/sites\\\/2\\\/2022\\\/03\\\/travaux-communs.jpg\",\"datePublished\":\"2021-10-11T15:16:59+00:00\",\"dateModified\":\"2023-02-06T13:51:38+00:00\",\"description\":\"Le d\u00e9capsuleur vous accompagne pour vos projets d'\u00e9conomie sociale et solidaire, seul ou en groupe, en Creuse.\",\"breadcrumb\":{\"@id\":\"https:\\\/\\\/aliso.fr\\\/initiatives\\\/creer-une-activite-un-projet-le-decapsuleur\\\/#breadcrumb\"},\"inLanguage\":\"fr-FR\",\"potentialAction\":[{\"@type\":\"ReadAction\",\"target\":[\"https:\\\/\\\/aliso.fr\\\/initiatives\\\/creer-une-activite-un-projet-le-decapsuleur\\\/\"]}]},{\"@type\":\"ImageObject\",\"inLanguage\":\"fr-FR\",\"@id\":\"https:\\\/\\\/aliso.fr\\\/initiatives\\\/creer-une-activite-un-projet-le-decapsuleur\\\/#primaryimage\",\"url\":\"https:\\\/\\\/aliso.fr\\\/initiatives\\\/wp-content\\\/uploads\\\/sites\\\/2\\\/2022\\\/03\\\/travaux-communs.jpg\",\"contentUrl\":\"https:\\\/\\\/aliso.fr\\\/initiatives\\\/wp-content\\\/uploads\\\/sites\\\/2\\\/2022\\\/03\\\/travaux-communs.jpg\",\"width\":2048,\"height\":1536},{\"@type\":\"BreadcrumbList\",\"@id\":\"https:\\\/\\\/aliso.fr\\\/initiatives\\\/creer-une-activite-un-projet-le-decapsuleur\\\/#breadcrumb\",\"itemListElement\":[{\"@type\":\"ListItem\",\"position\":1,\"name\":\"Accueil\",\"item\":\"https:\\\/\\\/aliso.fr\\\/initiatives\\\/\"},{\"@type\":\"ListItem\",\"position\":2,\"name\":\"Cr\u00e9er une activit\u00e9, un projet \\\/ Le D\u00e9capsuleur\"}]},{\"@type\":\"WebSite\",\"@id\":\"https:\\\/\\\/aliso.fr\\\/initiatives\\\/#website\",\"url\":\"https:\\\/\\\/aliso.fr\\\/initiatives\\\/\",\"name\":\"Aliso Initiatives\",\"description\":\"R\u00e9seau Creusois des acteurs du lien social\",\"publisher\":{\"@id\":\"https:\\\/\\\/aliso.fr\\\/initiatives\\\/#organization\"},\"potentialAction\":[{\"@type\":\"SearchAction\",\"target\":{\"@type\":\"EntryPoint\",\"urlTemplate\":\"https:\\\/\\\/aliso.fr\\\/initiatives\\\/?s={search_term_string}\"},\"query-input\":{\"@type\":\"PropertyValueSpecification\",\"valueRequired\":true,\"valueName\":\"search_term_string\"}}],\"inLanguage\":\"fr-FR\"},{\"@type\":\"Organization\",\"@id\":\"https:\\\/\\\/aliso.fr\\\/initiatives\\\/#organization\",\"name\":\"Aliso Initiatives\",\"url\":\"https:\\\/\\\/aliso.fr\\\/initiatives\\\/\",\"logo\":{\"@type\":\"ImageObject\",\"inLanguage\":\"fr-FR\",\"@id\":\"https:\\\/\\\/aliso.fr\\\/initiatives\\\/#\\\/schema\\\/logo\\\/image\\\/\",\"url\":\"https:\\\/\\\/aliso.fr\\\/initiatives\\\/wp-content\\\/uploads\\\/sites\\\/2\\\/2022\\\/01\\\/Logo-ALISO-Initiatives-2.png\",\"contentUrl\":\"https:\\\/\\\/aliso.fr\\\/initiatives\\\/wp-content\\\/uploads\\\/sites\\\/2\\\/2022\\\/01\\\/Logo-ALISO-Initiatives-2.png\",\"width\":900,\"height\":657,\"caption\":\"Aliso Initiatives\"},\"image\":{\"@id\":\"https:\\\/\\\/aliso.fr\\\/initiatives\\\/#\\\/schema\\\/logo\\\/image\\\/\"}}]}<\/script>\n<!-- \/ Yoast SEO plugin. -->","yoast_head_json":{"title":"Cr\u00e9er une activit\u00e9, un projet \/ Le D\u00e9capsuleur - Aliso Initiatives","description":"Le d\u00e9capsuleur vous accompagne pour vos projets d'\u00e9conomie sociale et solidaire, seul ou en groupe, en Creuse.","robots":{"index":"index","follow":"follow","max-snippet":"max-snippet:-1","max-image-preview":"max-image-preview:large","max-video-preview":"max-video-preview:-1"},"canonical":"https:\/\/aliso.fr\/initiatives\/creer-une-activite-un-projet-le-decapsuleur\/","og_locale":"fr_FR","og_type":"article","og_title":"Cr\u00e9er une activit\u00e9, un projet \/ Le D\u00e9capsuleur - Aliso Initiatives","og_description":"Le d\u00e9capsuleur vous accompagne pour vos projets d'\u00e9conomie sociale et solidaire, seul ou en groupe, en Creuse.","og_url":"https:\/\/aliso.fr\/initiatives\/creer-une-activite-un-projet-le-decapsuleur\/","og_site_name":"Aliso Initiatives","article_modified_time":"2023-02-06T13:51:38+00:00","og_image":[{"url":"https:\/\/aliso.fr\/initiatives\/wp-content\/uploads\/sites\/2\/2022\/03\/travaux-communs.jpg","type":"","width":"","height":""}],"twitter_card":"summary_large_image","schema":{"@context":"https:\/\/schema.org","@graph":[{"@type":"WebPage","@id":"https:\/\/aliso.fr\/initiatives\/creer-une-activite-un-projet-le-decapsuleur\/","url":"https:\/\/aliso.fr\/initiatives\/creer-une-activite-un-projet-le-decapsuleur\/","name":"Cr\u00e9er une activit\u00e9, un projet \/ Le D\u00e9capsuleur - Aliso Initiatives","isPartOf":{"@id":"https:\/\/aliso.fr\/initiatives\/#website"},"primaryImageOfPage":{"@id":"https:\/\/aliso.fr\/initiatives\/creer-une-activite-un-projet-le-decapsuleur\/#primaryimage"},"image":{"@id":"https:\/\/aliso.fr\/initiatives\/creer-une-activite-un-projet-le-decapsuleur\/#primaryimage"},"thumbnailUrl":"https:\/\/aliso.fr\/initiatives\/wp-content\/uploads\/sites\/2\/2022\/03\/travaux-communs.jpg","datePublished":"2021-10-11T15:16:59+00:00","dateModified":"2023-02-06T13:51:38+00:00","description":"Le d\u00e9capsuleur vous accompagne pour vos projets d'\u00e9conomie sociale et solidaire, seul ou en groupe, en Creuse.","breadcrumb":{"@id":"https:\/\/aliso.fr\/initiatives\/creer-une-activite-un-projet-le-decapsuleur\/#breadcrumb"},"inLanguage":"fr-FR","potentialAction":[{"@type":"ReadAction","target":["https:\/\/aliso.fr\/initiatives\/creer-une-activite-un-projet-le-decapsuleur\/"]}]},{"@type":"ImageObject","inLanguage":"fr-FR","@id":"https:\/\/aliso.fr\/initiatives\/creer-une-activite-un-projet-le-decapsuleur\/#primaryimage","url":"https:\/\/aliso.fr\/initiatives\/wp-content\/uploads\/sites\/2\/2022\/03\/travaux-communs.jpg","contentUrl":"https:\/\/aliso.fr\/initiatives\/wp-content\/uploads\/sites\/2\/2022\/03\/travaux-communs.jpg","width":2048,"height":1536},{"@type":"BreadcrumbList","@id":"https:\/\/aliso.fr\/initiatives\/creer-une-activite-un-projet-le-decapsuleur\/#breadcrumb","itemListElement":[{"@type":"ListItem","position":1,"name":"Accueil","item":"https:\/\/aliso.fr\/initiatives\/"},{"@type":"ListItem","position":2,"name":"Cr\u00e9er une activit\u00e9, un projet \/ Le D\u00e9capsuleur"}]},{"@type":"WebSite","@id":"https:\/\/aliso.fr\/initiatives\/#website","url":"https:\/\/aliso.fr\/initiatives\/","name":"Aliso Initiatives","description":"R\u00e9seau Creusois des acteurs du lien social","publisher":{"@id":"https:\/\/aliso.fr\/initiatives\/#organization"},"potentialAction":[{"@type":"SearchAction","target":{"@type":"EntryPoint","urlTemplate":"https:\/\/aliso.fr\/initiatives\/?s={search_term_string}"},"query-input":{"@type":"PropertyValueSpecification","valueRequired":true,"valueName":"search_term_string"}}],"inLanguage":"fr-FR"},{"@type":"Organization","@id":"https:\/\/aliso.fr\/initiatives\/#organization","name":"Aliso Initiatives","url":"https:\/\/aliso.fr\/initiatives\/","logo":{"@type":"ImageObject","inLanguage":"fr-FR","@id":"https:\/\/aliso.fr\/initiatives\/#\/schema\/logo\/image\/","url":"https:\/\/aliso.fr\/initiatives\/wp-content\/uploads\/sites\/2\/2022\/01\/Logo-ALISO-Initiatives-2.png","contentUrl":"https:\/\/aliso.fr\/initiatives\/wp-content\/uploads\/sites\/2\/2022\/01\/Logo-ALISO-Initiatives-2.png","width":900,"height":657,"caption":"Aliso Initiatives"},"image":{"@id":"https:\/\/aliso.fr\/initiatives\/#\/schema\/logo\/image\/"}}]}},"_links":{"self":[{"href":"https:\/\/aliso.fr\/initiatives\/wp-json\/wp\/v2\/pages\/9","targetHints":{"allow":["GET"]}}],"collection":[{"href":"https:\/\/aliso.fr\/initiatives\/wp-json\/wp\/v2\/pages"}],"about":[{"href":"https:\/\/aliso.fr\/initiatives\/wp-json\/wp\/v2\/types\/page"}],"author":[{"embeddable":true,"href":"https:\/\/aliso.fr\/initiatives\/wp-json\/wp\/v2\/users\/1"}],"replies":[{"embeddable":true,"href":"https:\/\/aliso.fr\/initiatives\/wp-json\/wp\/v2\/comments?post=9"}],"version-history":[{"count":5,"href":"https:\/\/aliso.fr\/initiatives\/wp-json\/wp\/v2\/pages\/9\/revisions"}],"predecessor-version":[{"id":2469,"href":"https:\/\/aliso.fr\/initiatives\/wp-json\/wp\/v2\/pages\/9\/revisions\/2469"}],"wp:attachment":[{"href":"https:\/\/aliso.fr\/initiatives\/wp-json\/wp\/v2\/media?parent=9"}],"curies":[{"name":"wp","href":"https:\/\/api.w.org\/{rel}","templated":true}]}}