{"id":2150,"date":"2022-03-21T14:57:02","date_gmt":"2022-03-21T13:57:02","guid":{"rendered":"https:\/\/aliso.fr\/integration\/jeunes\/?post_type=mec-events&#038;p=2150"},"modified":"2022-03-21T14:57:02","modified_gmt":"2022-03-21T13:57:02","slug":"des-idees-pour-ton-ete-2022","status":"publish","type":"mec-events","link":"https:\/\/aliso.fr\/jeunes\/evenements\/des-idees-pour-ton-ete-2022\/","title":{"rendered":"Des Id\u00e9es pour ton Et\u00e9 2022"},"content":{"rendered":"<p>Viens d\u00e9couvrir des informations sur le BAFA, les chantiers de jeunes b\u00e9n\u00e9voles, des offres d&#8217;emploi&#8230;..<\/p>\n<p>&nbsp;<\/p>\n","protected":false},"excerpt":{"rendered":"<p>Viens d\u00e9couvrir des informations sur le BAFA, les chantiers de jeunes b\u00e9n\u00e9voles, des offres d&#8217;emploi&#8230;.. &nbsp;<\/p>\n","protected":false},"author":6,"featured_media":2151,"comment_status":"closed","ping_status":"closed","template":"","tags":[],"mec_category":[],"class_list":["post-2150","mec-events","type-mec-events","status-publish","has-post-thumbnail","hentry"],"yoast_head":"<!-- This site is optimized with the Yoast SEO plugin v27.5 - https:\/\/yoast.com\/product\/yoast-seo-wordpress\/ -->\n<title>Des Id\u00e9es pour ton Et\u00e9 2022 - Aliso Jeunes<\/title>\n<meta name=\"description\" content=\"Mercredi 30 Mars 2022 Trouves des id\u00e9es pour ton \u00e9t\u00e9 2022, des informations sur le BAFA, les chantiers de jeunes b\u00e9n\u00e9voles et des offres d&#039;emplois.\" \/>\n<meta name=\"robots\" content=\"index, follow, max-snippet:-1, max-image-preview:large, max-video-preview:-1\" \/>\n<link rel=\"canonical\" href=\"https:\/\/aliso.fr\/integration\/jeunes\/evenements\/des-idees-pour-ton-ete-2022\/\" \/>\n<meta property=\"og:locale\" content=\"fr_FR\" \/>\n<meta property=\"og:type\" content=\"article\" \/>\n<meta property=\"og:title\" content=\"Des Id\u00e9es pour ton Et\u00e9 2022 - Aliso Jeunes\" \/>\n<meta property=\"og:description\" content=\"Mercredi 30 Mars 2022 Trouves des id\u00e9es pour ton \u00e9t\u00e9 2022, des informations sur le BAFA, les chantiers de jeunes b\u00e9n\u00e9voles et des offres d&#039;emplois.\" \/>\n<meta property=\"og:url\" content=\"https:\/\/aliso.fr\/integration\/jeunes\/evenements\/des-idees-pour-ton-ete-2022\/\" \/>\n<meta property=\"og:site_name\" content=\"Aliso Jeunes\" \/>\n<meta property=\"og:image\" content=\"https:\/\/aliso.fr\/jeunes\/wp-content\/uploads\/sites\/3\/2022\/03\/idee-ete-2022okok.png\" \/>\n\t<meta property=\"og:image:width\" content=\"1305\" \/>\n\t<meta property=\"og:image:height\" content=\"1657\" \/>\n\t<meta property=\"og:image:type\" content=\"image\/png\" \/>\n<meta name=\"twitter:card\" content=\"summary_large_image\" \/>\n<script type=\"application\/ld+json\" class=\"yoast-schema-graph\">{\"@context\":\"https:\\\/\\\/schema.org\",\"@graph\":[{\"@type\":\"WebPage\",\"@id\":\"https:\\\/\\\/aliso.fr\\\/integration\\\/jeunes\\\/evenements\\\/des-idees-pour-ton-ete-2022\\\/\",\"url\":\"https:\\\/\\\/aliso.fr\\\/integration\\\/jeunes\\\/evenements\\\/des-idees-pour-ton-ete-2022\\\/\",\"name\":\"Des Id\u00e9es pour ton Et\u00e9 2022 - Aliso Jeunes\",\"isPartOf\":{\"@id\":\"https:\\\/\\\/aliso.fr\\\/jeunes\\\/#website\"},\"primaryImageOfPage\":{\"@id\":\"https:\\\/\\\/aliso.fr\\\/integration\\\/jeunes\\\/evenements\\\/des-idees-pour-ton-ete-2022\\\/#primaryimage\"},\"image\":{\"@id\":\"https:\\\/\\\/aliso.fr\\\/integration\\\/jeunes\\\/evenements\\\/des-idees-pour-ton-ete-2022\\\/#primaryimage\"},\"thumbnailUrl\":\"https:\\\/\\\/aliso.fr\\\/jeunes\\\/wp-content\\\/uploads\\\/sites\\\/3\\\/2022\\\/03\\\/idee-ete-2022okok.png\",\"datePublished\":\"2022-03-21T13:57:02+00:00\",\"description\":\"Mercredi 30 Mars 2022 Trouves des id\u00e9es pour ton \u00e9t\u00e9 2022, des informations sur le BAFA, les chantiers de jeunes b\u00e9n\u00e9voles et des offres d'emplois.\",\"breadcrumb\":{\"@id\":\"https:\\\/\\\/aliso.fr\\\/integration\\\/jeunes\\\/evenements\\\/des-idees-pour-ton-ete-2022\\\/#breadcrumb\"},\"inLanguage\":\"fr-FR\",\"potentialAction\":[{\"@type\":\"ReadAction\",\"target\":[\"https:\\\/\\\/aliso.fr\\\/integration\\\/jeunes\\\/evenements\\\/des-idees-pour-ton-ete-2022\\\/\"]}]},{\"@type\":\"ImageObject\",\"inLanguage\":\"fr-FR\",\"@id\":\"https:\\\/\\\/aliso.fr\\\/integration\\\/jeunes\\\/evenements\\\/des-idees-pour-ton-ete-2022\\\/#primaryimage\",\"url\":\"https:\\\/\\\/aliso.fr\\\/jeunes\\\/wp-content\\\/uploads\\\/sites\\\/3\\\/2022\\\/03\\\/idee-ete-2022okok.png\",\"contentUrl\":\"https:\\\/\\\/aliso.fr\\\/jeunes\\\/wp-content\\\/uploads\\\/sites\\\/3\\\/2022\\\/03\\\/idee-ete-2022okok.png\",\"width\":1305,\"height\":1657},{\"@type\":\"BreadcrumbList\",\"@id\":\"https:\\\/\\\/aliso.fr\\\/integration\\\/jeunes\\\/evenements\\\/des-idees-pour-ton-ete-2022\\\/#breadcrumb\",\"itemListElement\":[{\"@type\":\"ListItem\",\"position\":1,\"name\":\"Accueil\",\"item\":\"https:\\\/\\\/aliso.fr\\\/jeunes\\\/\"},{\"@type\":\"ListItem\",\"position\":2,\"name\":\"\u00c9venements\",\"item\":\"https:\\\/\\\/aliso.fr\\\/jeunes\\\/evenements\\\/\"},{\"@type\":\"ListItem\",\"position\":3,\"name\":\"Des Id\u00e9es pour ton Et\u00e9 2022\"}]},{\"@type\":\"WebSite\",\"@id\":\"https:\\\/\\\/aliso.fr\\\/jeunes\\\/#website\",\"url\":\"https:\\\/\\\/aliso.fr\\\/jeunes\\\/\",\"name\":\"Aliso Jeunes\",\"description\":\"R\u00e9seau Creusois des acteurs du lien social\",\"publisher\":{\"@id\":\"https:\\\/\\\/aliso.fr\\\/jeunes\\\/#organization\"},\"potentialAction\":[{\"@type\":\"SearchAction\",\"target\":{\"@type\":\"EntryPoint\",\"urlTemplate\":\"https:\\\/\\\/aliso.fr\\\/jeunes\\\/?s={search_term_string}\"},\"query-input\":{\"@type\":\"PropertyValueSpecification\",\"valueRequired\":true,\"valueName\":\"search_term_string\"}}],\"inLanguage\":\"fr-FR\"},{\"@type\":\"Organization\",\"@id\":\"https:\\\/\\\/aliso.fr\\\/jeunes\\\/#organization\",\"name\":\"Aliso Jeunes\",\"url\":\"https:\\\/\\\/aliso.fr\\\/jeunes\\\/\",\"logo\":{\"@type\":\"ImageObject\",\"inLanguage\":\"fr-FR\",\"@id\":\"https:\\\/\\\/aliso.fr\\\/jeunes\\\/#\\\/schema\\\/logo\\\/image\\\/\",\"url\":\"https:\\\/\\\/aliso.fr\\\/jeunes\\\/wp-content\\\/uploads\\\/sites\\\/3\\\/2022\\\/01\\\/Logo-ALISO-jeunes-couleur.png\",\"contentUrl\":\"https:\\\/\\\/aliso.fr\\\/jeunes\\\/wp-content\\\/uploads\\\/sites\\\/3\\\/2022\\\/01\\\/Logo-ALISO-jeunes-couleur.png\",\"width\":341,\"height\":392,\"caption\":\"Aliso Jeunes\"},\"image\":{\"@id\":\"https:\\\/\\\/aliso.fr\\\/jeunes\\\/#\\\/schema\\\/logo\\\/image\\\/\"}}]}<\/script>\n<!-- \/ Yoast SEO plugin. -->","yoast_head_json":{"title":"Des Id\u00e9es pour ton Et\u00e9 2022 - Aliso Jeunes","description":"Mercredi 30 Mars 2022 Trouves des id\u00e9es pour ton \u00e9t\u00e9 2022, des informations sur le BAFA, les chantiers de jeunes b\u00e9n\u00e9voles et des offres d'emplois.","robots":{"index":"index","follow":"follow","max-snippet":"max-snippet:-1","max-image-preview":"max-image-preview:large","max-video-preview":"max-video-preview:-1"},"canonical":"https:\/\/aliso.fr\/integration\/jeunes\/evenements\/des-idees-pour-ton-ete-2022\/","og_locale":"fr_FR","og_type":"article","og_title":"Des Id\u00e9es pour ton Et\u00e9 2022 - Aliso Jeunes","og_description":"Mercredi 30 Mars 2022 Trouves des id\u00e9es pour ton \u00e9t\u00e9 2022, des informations sur le BAFA, les chantiers de jeunes b\u00e9n\u00e9voles et des offres d'emplois.","og_url":"https:\/\/aliso.fr\/integration\/jeunes\/evenements\/des-idees-pour-ton-ete-2022\/","og_site_name":"Aliso Jeunes","og_image":[{"width":1305,"height":1657,"url":"https:\/\/aliso.fr\/jeunes\/wp-content\/uploads\/sites\/3\/2022\/03\/idee-ete-2022okok.png","type":"image\/png"}],"twitter_card":"summary_large_image","schema":{"@context":"https:\/\/schema.org","@graph":[{"@type":"WebPage","@id":"https:\/\/aliso.fr\/integration\/jeunes\/evenements\/des-idees-pour-ton-ete-2022\/","url":"https:\/\/aliso.fr\/integration\/jeunes\/evenements\/des-idees-pour-ton-ete-2022\/","name":"Des Id\u00e9es pour ton Et\u00e9 2022 - Aliso Jeunes","isPartOf":{"@id":"https:\/\/aliso.fr\/jeunes\/#website"},"primaryImageOfPage":{"@id":"https:\/\/aliso.fr\/integration\/jeunes\/evenements\/des-idees-pour-ton-ete-2022\/#primaryimage"},"image":{"@id":"https:\/\/aliso.fr\/integration\/jeunes\/evenements\/des-idees-pour-ton-ete-2022\/#primaryimage"},"thumbnailUrl":"https:\/\/aliso.fr\/jeunes\/wp-content\/uploads\/sites\/3\/2022\/03\/idee-ete-2022okok.png","datePublished":"2022-03-21T13:57:02+00:00","description":"Mercredi 30 Mars 2022 Trouves des id\u00e9es pour ton \u00e9t\u00e9 2022, des informations sur le BAFA, les chantiers de jeunes b\u00e9n\u00e9voles et des offres d'emplois.","breadcrumb":{"@id":"https:\/\/aliso.fr\/integration\/jeunes\/evenements\/des-idees-pour-ton-ete-2022\/#breadcrumb"},"inLanguage":"fr-FR","potentialAction":[{"@type":"ReadAction","target":["https:\/\/aliso.fr\/integration\/jeunes\/evenements\/des-idees-pour-ton-ete-2022\/"]}]},{"@type":"ImageObject","inLanguage":"fr-FR","@id":"https:\/\/aliso.fr\/integration\/jeunes\/evenements\/des-idees-pour-ton-ete-2022\/#primaryimage","url":"https:\/\/aliso.fr\/jeunes\/wp-content\/uploads\/sites\/3\/2022\/03\/idee-ete-2022okok.png","contentUrl":"https:\/\/aliso.fr\/jeunes\/wp-content\/uploads\/sites\/3\/2022\/03\/idee-ete-2022okok.png","width":1305,"height":1657},{"@type":"BreadcrumbList","@id":"https:\/\/aliso.fr\/integration\/jeunes\/evenements\/des-idees-pour-ton-ete-2022\/#breadcrumb","itemListElement":[{"@type":"ListItem","position":1,"name":"Accueil","item":"https:\/\/aliso.fr\/jeunes\/"},{"@type":"ListItem","position":2,"name":"\u00c9venements","item":"https:\/\/aliso.fr\/jeunes\/evenements\/"},{"@type":"ListItem","position":3,"name":"Des Id\u00e9es pour ton Et\u00e9 2022"}]},{"@type":"WebSite","@id":"https:\/\/aliso.fr\/jeunes\/#website","url":"https:\/\/aliso.fr\/jeunes\/","name":"Aliso Jeunes","description":"R\u00e9seau Creusois des acteurs du lien social","publisher":{"@id":"https:\/\/aliso.fr\/jeunes\/#organization"},"potentialAction":[{"@type":"SearchAction","target":{"@type":"EntryPoint","urlTemplate":"https:\/\/aliso.fr\/jeunes\/?s={search_term_string}"},"query-input":{"@type":"PropertyValueSpecification","valueRequired":true,"valueName":"search_term_string"}}],"inLanguage":"fr-FR"},{"@type":"Organization","@id":"https:\/\/aliso.fr\/jeunes\/#organization","name":"Aliso Jeunes","url":"https:\/\/aliso.fr\/jeunes\/","logo":{"@type":"ImageObject","inLanguage":"fr-FR","@id":"https:\/\/aliso.fr\/jeunes\/#\/schema\/logo\/image\/","url":"https:\/\/aliso.fr\/jeunes\/wp-content\/uploads\/sites\/3\/2022\/01\/Logo-ALISO-jeunes-couleur.png","contentUrl":"https:\/\/aliso.fr\/jeunes\/wp-content\/uploads\/sites\/3\/2022\/01\/Logo-ALISO-jeunes-couleur.png","width":341,"height":392,"caption":"Aliso Jeunes"},"image":{"@id":"https:\/\/aliso.fr\/jeunes\/#\/schema\/logo\/image\/"}}]}},"_links":{"self":[{"href":"https:\/\/aliso.fr\/jeunes\/wp-json\/wp\/v2\/mec-events\/2150","targetHints":{"allow":["GET"]}}],"collection":[{"href":"https:\/\/aliso.fr\/jeunes\/wp-json\/wp\/v2\/mec-events"}],"about":[{"href":"https:\/\/aliso.fr\/jeunes\/wp-json\/wp\/v2\/types\/mec-events"}],"author":[{"embeddable":true,"href":"https:\/\/aliso.fr\/jeunes\/wp-json\/wp\/v2\/users\/6"}],"replies":[{"embeddable":true,"href":"https:\/\/aliso.fr\/jeunes\/wp-json\/wp\/v2\/comments?post=2150"}],"wp:featuredmedia":[{"embeddable":true,"href":"https:\/\/aliso.fr\/jeunes\/wp-json\/wp\/v2\/media\/2151"}],"wp:attachment":[{"href":"https:\/\/aliso.fr\/jeunes\/wp-json\/wp\/v2\/media?parent=2150"}],"wp:term":[{"taxonomy":"post_tag","embeddable":true,"href":"https:\/\/aliso.fr\/jeunes\/wp-json\/wp\/v2\/tags?post=2150"},{"taxonomy":"mec_category","embeddable":true,"href":"https:\/\/aliso.fr\/jeunes\/wp-json\/wp\/v2\/mec_category?post=2150"}],"curies":[{"name":"wp","href":"https:\/\/api.w.org\/{rel}","templated":true}]}}