{"id":2547,"date":"2022-12-20T13:04:56","date_gmt":"2022-12-20T12:04:56","guid":{"rendered":"https:\/\/aliso.fr\/jeunes\/evenements\/gt-modalites-de-gouvernance-daliso\/"},"modified":"2022-12-20T13:05:18","modified_gmt":"2022-12-20T12:05:18","slug":"gt-modalites-de-gouvernance-daliso","status":"publish","type":"mec-events","link":"https:\/\/aliso.fr\/jeunes\/evenements\/gt-modalites-de-gouvernance-daliso\/","title":{"rendered":"GT Modalit\u00e9s de Gouvernance d&rsquo;ALISO"},"content":{"rendered":"<p><img loading=\"lazy\" decoding=\"async\" class=\"alignnone size-medium wp-image-687\" src=\"https:\/\/aliso.fr\/wp-content\/uploads\/2022\/12\/GT-Gouvernance-31-janvier-20231-212x300.jpg\" alt=\"\" width=\"212\" height=\"300\" \/><\/p>\n<p>Venez prendre connaissance et voter pour contribuer \u00e0 la formalisation des prochains statuts d&rsquo;ALISO qui seront pr\u00e9sent\u00e9s lors de la prochaine AG.<br \/>\nUn groupe travaille depuis plusieurs mois \u00e0 rendre plus visible et en accord avec la r\u00e9alit\u00e9 le fonctionnement d&rsquo;ALISO, notamment sur les prises de d\u00e9cisions. Cela concerne tout le r\u00e9seau, tous les adh\u00e9rents. Vous \u00eates donc invit\u00e9s \u00e0 vous connecter pour participer.<\/p>\n<p>Pour plus d&rsquo;infos ou pour vous inscrire : <a href=\"m&#97;&#x69;&#x6c;t&#111;&#x3a;&#x6c;a&#117;&#x72;&#x65;m&#97;&#x73;&#x73;o&#110;&#x40;&#x61;l&#105;&#115;&#x6f;&#x2e;f&#114;\">&#108;&#x61;&#117;&#x72;&#101;&#x6d;&#97;&#x73;&#115;&#x6f;&#110;&#x40;&#97;&#x6c;&#105;&#x73;&#111;&#x2e;&#102;&#x72;<\/a><\/p>\n<p>&nbsp;<\/p>\n<p>&nbsp;<\/p>\n","protected":false},"excerpt":{"rendered":"<p>Venez prendre connaissance et voter pour contribuer \u00e0 la formalisation des prochains statuts d&rsquo;ALISO qui seront pr\u00e9sent\u00e9s lors de la prochaine AG. Un groupe travaille depuis plusieurs mois \u00e0 rendre plus visible et en accord avec la r\u00e9alit\u00e9 le fonctionnement d&rsquo;ALISO, notamment sur les prises de d\u00e9cisions. Cela concerne tout le r\u00e9seau, tous les adh\u00e9rents&#8230;. <a class=\"excerpt-read-more button\" href=\"https:\/\/aliso.fr\/jeunes\/evenements\/gt-modalites-de-gouvernance-daliso\/\" title=\"ReadGT Modalit\u00e9s de Gouvernance d&rsquo;ALISO\">En savoir plus &raquo;<\/a><\/p>\n","protected":false},"author":3,"featured_media":2549,"comment_status":"closed","ping_status":"closed","template":"","tags":[],"mec_category":[],"class_list":["post-2547","mec-events","type-mec-events","status-publish","has-post-thumbnail","hentry"],"yoast_head":"<!-- This site is optimized with the Yoast SEO plugin v27.4 - https:\/\/yoast.com\/product\/yoast-seo-wordpress\/ -->\n<title>GT Modalit\u00e9s de Gouvernance d&#039;ALISO - Aliso Jeunes<\/title>\n<meta name=\"robots\" content=\"index, follow, max-snippet:-1, max-image-preview:large, max-video-preview:-1\" \/>\n<link rel=\"canonical\" href=\"https:\/\/aliso.fr\/jeunes\/evenements\/gt-modalites-de-gouvernance-daliso\/\" \/>\n<meta property=\"og:locale\" content=\"fr_FR\" \/>\n<meta property=\"og:type\" content=\"article\" \/>\n<meta property=\"og:title\" content=\"GT Modalit\u00e9s de Gouvernance d&#039;ALISO - Aliso Jeunes\" \/>\n<meta property=\"og:description\" content=\"Venez prendre connaissance et voter pour contribuer \u00e0 la formalisation des prochains statuts d&rsquo;ALISO qui seront pr\u00e9sent\u00e9s lors de la prochaine AG. Un groupe travaille depuis plusieurs mois \u00e0 rendre plus visible et en accord avec la r\u00e9alit\u00e9 le fonctionnement d&rsquo;ALISO, notamment sur les prises de d\u00e9cisions. Cela concerne tout le r\u00e9seau, tous les adh\u00e9rents.... En savoir plus &raquo;\" \/>\n<meta property=\"og:url\" content=\"https:\/\/aliso.fr\/jeunes\/evenements\/gt-modalites-de-gouvernance-daliso\/\" \/>\n<meta property=\"og:site_name\" content=\"Aliso Jeunes\" \/>\n<meta property=\"article:modified_time\" content=\"2022-12-20T12:05:18+00:00\" \/>\n<meta property=\"og:image\" content=\"https:\/\/aliso.fr\/jeunes\/wp-content\/uploads\/sites\/3\/\/2022\/12\/GT-Gouvernance-31-janvier-20231.jpg\" \/>\n\t<meta property=\"og:image:width\" content=\"1\" \/>\n\t<meta property=\"og:image:height\" content=\"1\" \/>\n\t<meta property=\"og:image:type\" content=\"image\/jpeg\" \/>\n<meta name=\"twitter:card\" content=\"summary_large_image\" \/>\n<script type=\"application\/ld+json\" class=\"yoast-schema-graph\">{\"@context\":\"https:\\\/\\\/schema.org\",\"@graph\":[{\"@type\":\"WebPage\",\"@id\":\"https:\\\/\\\/aliso.fr\\\/jeunes\\\/evenements\\\/gt-modalites-de-gouvernance-daliso\\\/\",\"url\":\"https:\\\/\\\/aliso.fr\\\/jeunes\\\/evenements\\\/gt-modalites-de-gouvernance-daliso\\\/\",\"name\":\"GT Modalit\u00e9s de Gouvernance d'ALISO - Aliso Jeunes\",\"isPartOf\":{\"@id\":\"https:\\\/\\\/aliso.fr\\\/jeunes\\\/#website\"},\"primaryImageOfPage\":{\"@id\":\"https:\\\/\\\/aliso.fr\\\/jeunes\\\/evenements\\\/gt-modalites-de-gouvernance-daliso\\\/#primaryimage\"},\"image\":{\"@id\":\"https:\\\/\\\/aliso.fr\\\/jeunes\\\/evenements\\\/gt-modalites-de-gouvernance-daliso\\\/#primaryimage\"},\"thumbnailUrl\":\"https:\\\/\\\/aliso.fr\\\/jeunes\\\/wp-content\\\/uploads\\\/sites\\\/3\\\/\\\/2022\\\/12\\\/GT-Gouvernance-31-janvier-20231.jpg\",\"datePublished\":\"2022-12-20T12:04:56+00:00\",\"dateModified\":\"2022-12-20T12:05:18+00:00\",\"breadcrumb\":{\"@id\":\"https:\\\/\\\/aliso.fr\\\/jeunes\\\/evenements\\\/gt-modalites-de-gouvernance-daliso\\\/#breadcrumb\"},\"inLanguage\":\"fr-FR\",\"potentialAction\":[{\"@type\":\"ReadAction\",\"target\":[\"https:\\\/\\\/aliso.fr\\\/jeunes\\\/evenements\\\/gt-modalites-de-gouvernance-daliso\\\/\"]}]},{\"@type\":\"ImageObject\",\"inLanguage\":\"fr-FR\",\"@id\":\"https:\\\/\\\/aliso.fr\\\/jeunes\\\/evenements\\\/gt-modalites-de-gouvernance-daliso\\\/#primaryimage\",\"url\":\"https:\\\/\\\/aliso.fr\\\/jeunes\\\/wp-content\\\/uploads\\\/sites\\\/3\\\/\\\/2022\\\/12\\\/GT-Gouvernance-31-janvier-20231.jpg\",\"contentUrl\":\"https:\\\/\\\/aliso.fr\\\/jeunes\\\/wp-content\\\/uploads\\\/sites\\\/3\\\/\\\/2022\\\/12\\\/GT-Gouvernance-31-janvier-20231.jpg\"},{\"@type\":\"BreadcrumbList\",\"@id\":\"https:\\\/\\\/aliso.fr\\\/jeunes\\\/evenements\\\/gt-modalites-de-gouvernance-daliso\\\/#breadcrumb\",\"itemListElement\":[{\"@type\":\"ListItem\",\"position\":1,\"name\":\"Accueil\",\"item\":\"https:\\\/\\\/aliso.fr\\\/jeunes\\\/\"},{\"@type\":\"ListItem\",\"position\":2,\"name\":\"\u00c9venements\",\"item\":\"https:\\\/\\\/aliso.fr\\\/jeunes\\\/evenements\\\/\"},{\"@type\":\"ListItem\",\"position\":3,\"name\":\"GT Modalit\u00e9s de Gouvernance d&#8217;ALISO\"}]},{\"@type\":\"WebSite\",\"@id\":\"https:\\\/\\\/aliso.fr\\\/jeunes\\\/#website\",\"url\":\"https:\\\/\\\/aliso.fr\\\/jeunes\\\/\",\"name\":\"Aliso Jeunes\",\"description\":\"R\u00e9seau Creusois des acteurs du lien social\",\"publisher\":{\"@id\":\"https:\\\/\\\/aliso.fr\\\/jeunes\\\/#organization\"},\"potentialAction\":[{\"@type\":\"SearchAction\",\"target\":{\"@type\":\"EntryPoint\",\"urlTemplate\":\"https:\\\/\\\/aliso.fr\\\/jeunes\\\/?s={search_term_string}\"},\"query-input\":{\"@type\":\"PropertyValueSpecification\",\"valueRequired\":true,\"valueName\":\"search_term_string\"}}],\"inLanguage\":\"fr-FR\"},{\"@type\":\"Organization\",\"@id\":\"https:\\\/\\\/aliso.fr\\\/jeunes\\\/#organization\",\"name\":\"Aliso Jeunes\",\"url\":\"https:\\\/\\\/aliso.fr\\\/jeunes\\\/\",\"logo\":{\"@type\":\"ImageObject\",\"inLanguage\":\"fr-FR\",\"@id\":\"https:\\\/\\\/aliso.fr\\\/jeunes\\\/#\\\/schema\\\/logo\\\/image\\\/\",\"url\":\"https:\\\/\\\/aliso.fr\\\/jeunes\\\/wp-content\\\/uploads\\\/sites\\\/3\\\/2022\\\/01\\\/Logo-ALISO-jeunes-couleur.png\",\"contentUrl\":\"https:\\\/\\\/aliso.fr\\\/jeunes\\\/wp-content\\\/uploads\\\/sites\\\/3\\\/2022\\\/01\\\/Logo-ALISO-jeunes-couleur.png\",\"width\":341,\"height\":392,\"caption\":\"Aliso Jeunes\"},\"image\":{\"@id\":\"https:\\\/\\\/aliso.fr\\\/jeunes\\\/#\\\/schema\\\/logo\\\/image\\\/\"}}]}<\/script>\n<!-- \/ Yoast SEO plugin. -->","yoast_head_json":{"title":"GT Modalit\u00e9s de Gouvernance d'ALISO - Aliso Jeunes","robots":{"index":"index","follow":"follow","max-snippet":"max-snippet:-1","max-image-preview":"max-image-preview:large","max-video-preview":"max-video-preview:-1"},"canonical":"https:\/\/aliso.fr\/jeunes\/evenements\/gt-modalites-de-gouvernance-daliso\/","og_locale":"fr_FR","og_type":"article","og_title":"GT Modalit\u00e9s de Gouvernance d'ALISO - Aliso Jeunes","og_description":"Venez prendre connaissance et voter pour contribuer \u00e0 la formalisation des prochains statuts d&rsquo;ALISO qui seront pr\u00e9sent\u00e9s lors de la prochaine AG. Un groupe travaille depuis plusieurs mois \u00e0 rendre plus visible et en accord avec la r\u00e9alit\u00e9 le fonctionnement d&rsquo;ALISO, notamment sur les prises de d\u00e9cisions. Cela concerne tout le r\u00e9seau, tous les adh\u00e9rents.... En savoir plus &raquo;","og_url":"https:\/\/aliso.fr\/jeunes\/evenements\/gt-modalites-de-gouvernance-daliso\/","og_site_name":"Aliso Jeunes","article_modified_time":"2022-12-20T12:05:18+00:00","og_image":[{"url":"https:\/\/aliso.fr\/jeunes\/wp-content\/uploads\/sites\/3\/\/2022\/12\/GT-Gouvernance-31-janvier-20231.jpg","width":1,"height":1,"type":"image\/jpeg"}],"twitter_card":"summary_large_image","schema":{"@context":"https:\/\/schema.org","@graph":[{"@type":"WebPage","@id":"https:\/\/aliso.fr\/jeunes\/evenements\/gt-modalites-de-gouvernance-daliso\/","url":"https:\/\/aliso.fr\/jeunes\/evenements\/gt-modalites-de-gouvernance-daliso\/","name":"GT Modalit\u00e9s de Gouvernance d'ALISO - Aliso Jeunes","isPartOf":{"@id":"https:\/\/aliso.fr\/jeunes\/#website"},"primaryImageOfPage":{"@id":"https:\/\/aliso.fr\/jeunes\/evenements\/gt-modalites-de-gouvernance-daliso\/#primaryimage"},"image":{"@id":"https:\/\/aliso.fr\/jeunes\/evenements\/gt-modalites-de-gouvernance-daliso\/#primaryimage"},"thumbnailUrl":"https:\/\/aliso.fr\/jeunes\/wp-content\/uploads\/sites\/3\/\/2022\/12\/GT-Gouvernance-31-janvier-20231.jpg","datePublished":"2022-12-20T12:04:56+00:00","dateModified":"2022-12-20T12:05:18+00:00","breadcrumb":{"@id":"https:\/\/aliso.fr\/jeunes\/evenements\/gt-modalites-de-gouvernance-daliso\/#breadcrumb"},"inLanguage":"fr-FR","potentialAction":[{"@type":"ReadAction","target":["https:\/\/aliso.fr\/jeunes\/evenements\/gt-modalites-de-gouvernance-daliso\/"]}]},{"@type":"ImageObject","inLanguage":"fr-FR","@id":"https:\/\/aliso.fr\/jeunes\/evenements\/gt-modalites-de-gouvernance-daliso\/#primaryimage","url":"https:\/\/aliso.fr\/jeunes\/wp-content\/uploads\/sites\/3\/\/2022\/12\/GT-Gouvernance-31-janvier-20231.jpg","contentUrl":"https:\/\/aliso.fr\/jeunes\/wp-content\/uploads\/sites\/3\/\/2022\/12\/GT-Gouvernance-31-janvier-20231.jpg"},{"@type":"BreadcrumbList","@id":"https:\/\/aliso.fr\/jeunes\/evenements\/gt-modalites-de-gouvernance-daliso\/#breadcrumb","itemListElement":[{"@type":"ListItem","position":1,"name":"Accueil","item":"https:\/\/aliso.fr\/jeunes\/"},{"@type":"ListItem","position":2,"name":"\u00c9venements","item":"https:\/\/aliso.fr\/jeunes\/evenements\/"},{"@type":"ListItem","position":3,"name":"GT Modalit\u00e9s de Gouvernance d&#8217;ALISO"}]},{"@type":"WebSite","@id":"https:\/\/aliso.fr\/jeunes\/#website","url":"https:\/\/aliso.fr\/jeunes\/","name":"Aliso Jeunes","description":"R\u00e9seau Creusois des acteurs du lien social","publisher":{"@id":"https:\/\/aliso.fr\/jeunes\/#organization"},"potentialAction":[{"@type":"SearchAction","target":{"@type":"EntryPoint","urlTemplate":"https:\/\/aliso.fr\/jeunes\/?s={search_term_string}"},"query-input":{"@type":"PropertyValueSpecification","valueRequired":true,"valueName":"search_term_string"}}],"inLanguage":"fr-FR"},{"@type":"Organization","@id":"https:\/\/aliso.fr\/jeunes\/#organization","name":"Aliso Jeunes","url":"https:\/\/aliso.fr\/jeunes\/","logo":{"@type":"ImageObject","inLanguage":"fr-FR","@id":"https:\/\/aliso.fr\/jeunes\/#\/schema\/logo\/image\/","url":"https:\/\/aliso.fr\/jeunes\/wp-content\/uploads\/sites\/3\/2022\/01\/Logo-ALISO-jeunes-couleur.png","contentUrl":"https:\/\/aliso.fr\/jeunes\/wp-content\/uploads\/sites\/3\/2022\/01\/Logo-ALISO-jeunes-couleur.png","width":341,"height":392,"caption":"Aliso Jeunes"},"image":{"@id":"https:\/\/aliso.fr\/jeunes\/#\/schema\/logo\/image\/"}}]}},"_links":{"self":[{"href":"https:\/\/aliso.fr\/jeunes\/wp-json\/wp\/v2\/mec-events\/2547","targetHints":{"allow":["GET"]}}],"collection":[{"href":"https:\/\/aliso.fr\/jeunes\/wp-json\/wp\/v2\/mec-events"}],"about":[{"href":"https:\/\/aliso.fr\/jeunes\/wp-json\/wp\/v2\/types\/mec-events"}],"author":[{"embeddable":true,"href":"https:\/\/aliso.fr\/jeunes\/wp-json\/wp\/v2\/users\/3"}],"replies":[{"embeddable":true,"href":"https:\/\/aliso.fr\/jeunes\/wp-json\/wp\/v2\/comments?post=2547"}],"wp:featuredmedia":[{"embeddable":true,"href":"https:\/\/aliso.fr\/jeunes\/wp-json\/wp\/v2\/media\/2549"}],"wp:attachment":[{"href":"https:\/\/aliso.fr\/jeunes\/wp-json\/wp\/v2\/media?parent=2547"}],"wp:term":[{"taxonomy":"post_tag","embeddable":true,"href":"https:\/\/aliso.fr\/jeunes\/wp-json\/wp\/v2\/tags?post=2547"},{"taxonomy":"mec_category","embeddable":true,"href":"https:\/\/aliso.fr\/jeunes\/wp-json\/wp\/v2\/mec_category?post=2547"}],"curies":[{"name":"wp","href":"https:\/\/api.w.org\/{rel}","templated":true}]}}