{"id":2644,"date":"2023-06-09T15:06:06","date_gmt":"2023-06-09T13:06:06","guid":{"rendered":"https:\/\/aliso.fr\/jeunes\/evenements\/groupe-de-travail-echange-et-reflexion\/"},"modified":"2023-06-26T11:10:51","modified_gmt":"2023-06-26T09:10:51","slug":"groupe-de-travail-echange-et-reflexion","status":"publish","type":"mec-events","link":"https:\/\/aliso.fr\/jeunes\/evenements\/groupe-de-travail-echange-et-reflexion\/","title":{"rendered":"Cantine solidaire &#8211; Groupe de travail : \u00e9change et r\u00e9flexion"},"content":{"rendered":"<p><span class=\"WdYUQQ text-decoration-none text-strikethrough-none\"><img loading=\"lazy\" decoding=\"async\" class=\"alignnone size-medium wp-image-778\" src=\"https:\/\/aliso.fr\/wp-content\/uploads\/2023\/06\/invitation-300x300.jpg\" alt=\"\" width=\"300\" height=\"300\" \/><\/span><\/p>\n<p><span class=\"WdYUQQ text-decoration-none text-strikethrough-none\">ALISO, vous invite sur un temps de r\u00e9flexion et d&rsquo;\u00e9change autour de <\/span><span class=\"WdYUQQ text-decoration-none text-strikethrough-none\">la \u00ab\u00a0pr\u00e9figuration <\/span><span class=\"WdYUQQ text-decoration-none text-strikethrough-none\">d&rsquo;une cantine solidaire\u00a0\u00bb.\u00a0<\/span><\/p>\n<p>Nous vous proposons plusieurs cr\u00e9neaux horaires, dont deux en pr\u00e9sentiel autour d\u2019un repas et deux autres temps en visio\u00a0:<\/p>\n<ul>\n<li>Le mardi 27 juin 2023 de 12h \u00e0 14h en pr\u00e9sentiel.<\/li>\n<li>Le jeudi 11 juillet de 10h \u00e0 11h30 et de 14h \u00e0 15h30.<\/li>\n<\/ul>\n<p>Les liens visio vous seront transmis apr\u00e8s les inscriptions.<\/p>\n<p>Je vous invite \u00e0 vous inscrire via ce lien avant le 23 juin\u00a0:<\/p>\n<p><a href=\"https:\/\/docs.google.com\/forms\/d\/12Ls5qe7KOMRmNz9mzE6FGM-jY83WB4T2vMe-_12fMM8\/prefill\">https:\/\/docs.google.com\/forms\/d\/12Ls5qe7KOMRmNz9mzE6FGM-jY83WB4T2vMe-_12fMM8\/prefill<\/a><\/p>\n","protected":false},"excerpt":{"rendered":"<p>ALISO, vous invite sur un temps de r\u00e9flexion et d&rsquo;\u00e9change autour de la \u00ab\u00a0pr\u00e9figuration d&rsquo;une cantine solidaire\u00a0\u00bb.\u00a0 Nous vous proposons plusieurs cr\u00e9neaux horaires, dont deux en pr\u00e9sentiel autour d\u2019un repas et deux autres temps en visio\u00a0: Le mardi 27 juin 2023 de 12h \u00e0 14h en pr\u00e9sentiel. Le jeudi 11 juillet de 10h \u00e0 11h30&#8230; <a class=\"excerpt-read-more button\" href=\"https:\/\/aliso.fr\/jeunes\/evenements\/groupe-de-travail-echange-et-reflexion\/\" title=\"ReadCantine solidaire &#8211; Groupe de travail : \u00e9change et r\u00e9flexion\">En savoir plus &raquo;<\/a><\/p>\n","protected":false},"author":6,"featured_media":2668,"comment_status":"closed","ping_status":"closed","template":"","tags":[],"mec_category":[],"class_list":["post-2644","mec-events","type-mec-events","status-publish","has-post-thumbnail","hentry"],"yoast_head":"<!-- This site is optimized with the Yoast SEO plugin v27.5 - https:\/\/yoast.com\/product\/yoast-seo-wordpress\/ -->\n<title>Cantine solidaire - Groupe de travail : \u00e9change et r\u00e9flexion - Aliso Jeunes<\/title>\n<meta name=\"robots\" content=\"index, follow, max-snippet:-1, max-image-preview:large, max-video-preview:-1\" \/>\n<link rel=\"canonical\" href=\"https:\/\/aliso.fr\/jeunes\/evenements\/groupe-de-travail-echange-et-reflexion\/\" \/>\n<meta property=\"og:locale\" content=\"fr_FR\" \/>\n<meta property=\"og:type\" content=\"article\" \/>\n<meta property=\"og:title\" content=\"Cantine solidaire - Groupe de travail : \u00e9change et r\u00e9flexion - Aliso Jeunes\" \/>\n<meta property=\"og:description\" content=\"ALISO, vous invite sur un temps de r\u00e9flexion et d&rsquo;\u00e9change autour de la \u00ab\u00a0pr\u00e9figuration d&rsquo;une cantine solidaire\u00a0\u00bb.\u00a0 Nous vous proposons plusieurs cr\u00e9neaux horaires, dont deux en pr\u00e9sentiel autour d\u2019un repas et deux autres temps en visio\u00a0: Le mardi 27 juin 2023 de 12h \u00e0 14h en pr\u00e9sentiel. Le jeudi 11 juillet de 10h \u00e0 11h30... En savoir plus &raquo;\" \/>\n<meta property=\"og:url\" content=\"https:\/\/aliso.fr\/jeunes\/evenements\/groupe-de-travail-echange-et-reflexion\/\" \/>\n<meta property=\"og:site_name\" content=\"Aliso Jeunes\" \/>\n<meta property=\"article:modified_time\" content=\"2023-06-26T09:10:51+00:00\" \/>\n<meta property=\"og:image\" content=\"https:\/\/aliso.fr\/jeunes\/wp-content\/uploads\/sites\/3\/\/2023\/06\/invitation-1.jpg\" \/>\n\t<meta property=\"og:image:width\" content=\"1\" \/>\n\t<meta property=\"og:image:height\" content=\"1\" \/>\n\t<meta property=\"og:image:type\" content=\"image\/jpeg\" \/>\n<meta name=\"twitter:card\" content=\"summary_large_image\" \/>\n<script type=\"application\/ld+json\" class=\"yoast-schema-graph\">{\"@context\":\"https:\\\/\\\/schema.org\",\"@graph\":[{\"@type\":\"WebPage\",\"@id\":\"https:\\\/\\\/aliso.fr\\\/jeunes\\\/evenements\\\/groupe-de-travail-echange-et-reflexion\\\/\",\"url\":\"https:\\\/\\\/aliso.fr\\\/jeunes\\\/evenements\\\/groupe-de-travail-echange-et-reflexion\\\/\",\"name\":\"Cantine solidaire - Groupe de travail : \u00e9change et r\u00e9flexion - Aliso Jeunes\",\"isPartOf\":{\"@id\":\"https:\\\/\\\/aliso.fr\\\/jeunes\\\/#website\"},\"primaryImageOfPage\":{\"@id\":\"https:\\\/\\\/aliso.fr\\\/jeunes\\\/evenements\\\/groupe-de-travail-echange-et-reflexion\\\/#primaryimage\"},\"image\":{\"@id\":\"https:\\\/\\\/aliso.fr\\\/jeunes\\\/evenements\\\/groupe-de-travail-echange-et-reflexion\\\/#primaryimage\"},\"thumbnailUrl\":\"https:\\\/\\\/aliso.fr\\\/jeunes\\\/wp-content\\\/uploads\\\/sites\\\/3\\\/\\\/2023\\\/06\\\/invitation-1.jpg\",\"datePublished\":\"2023-06-09T13:06:06+00:00\",\"dateModified\":\"2023-06-26T09:10:51+00:00\",\"breadcrumb\":{\"@id\":\"https:\\\/\\\/aliso.fr\\\/jeunes\\\/evenements\\\/groupe-de-travail-echange-et-reflexion\\\/#breadcrumb\"},\"inLanguage\":\"fr-FR\",\"potentialAction\":[{\"@type\":\"ReadAction\",\"target\":[\"https:\\\/\\\/aliso.fr\\\/jeunes\\\/evenements\\\/groupe-de-travail-echange-et-reflexion\\\/\"]}]},{\"@type\":\"ImageObject\",\"inLanguage\":\"fr-FR\",\"@id\":\"https:\\\/\\\/aliso.fr\\\/jeunes\\\/evenements\\\/groupe-de-travail-echange-et-reflexion\\\/#primaryimage\",\"url\":\"https:\\\/\\\/aliso.fr\\\/jeunes\\\/wp-content\\\/uploads\\\/sites\\\/3\\\/\\\/2023\\\/06\\\/invitation-1.jpg\",\"contentUrl\":\"https:\\\/\\\/aliso.fr\\\/jeunes\\\/wp-content\\\/uploads\\\/sites\\\/3\\\/\\\/2023\\\/06\\\/invitation-1.jpg\"},{\"@type\":\"BreadcrumbList\",\"@id\":\"https:\\\/\\\/aliso.fr\\\/jeunes\\\/evenements\\\/groupe-de-travail-echange-et-reflexion\\\/#breadcrumb\",\"itemListElement\":[{\"@type\":\"ListItem\",\"position\":1,\"name\":\"Accueil\",\"item\":\"https:\\\/\\\/aliso.fr\\\/jeunes\\\/\"},{\"@type\":\"ListItem\",\"position\":2,\"name\":\"\u00c9venements\",\"item\":\"https:\\\/\\\/aliso.fr\\\/jeunes\\\/evenements\\\/\"},{\"@type\":\"ListItem\",\"position\":3,\"name\":\"Cantine solidaire &#8211; Groupe de travail : \u00e9change et r\u00e9flexion\"}]},{\"@type\":\"WebSite\",\"@id\":\"https:\\\/\\\/aliso.fr\\\/jeunes\\\/#website\",\"url\":\"https:\\\/\\\/aliso.fr\\\/jeunes\\\/\",\"name\":\"Aliso Jeunes\",\"description\":\"R\u00e9seau Creusois des acteurs du lien social\",\"publisher\":{\"@id\":\"https:\\\/\\\/aliso.fr\\\/jeunes\\\/#organization\"},\"potentialAction\":[{\"@type\":\"SearchAction\",\"target\":{\"@type\":\"EntryPoint\",\"urlTemplate\":\"https:\\\/\\\/aliso.fr\\\/jeunes\\\/?s={search_term_string}\"},\"query-input\":{\"@type\":\"PropertyValueSpecification\",\"valueRequired\":true,\"valueName\":\"search_term_string\"}}],\"inLanguage\":\"fr-FR\"},{\"@type\":\"Organization\",\"@id\":\"https:\\\/\\\/aliso.fr\\\/jeunes\\\/#organization\",\"name\":\"Aliso Jeunes\",\"url\":\"https:\\\/\\\/aliso.fr\\\/jeunes\\\/\",\"logo\":{\"@type\":\"ImageObject\",\"inLanguage\":\"fr-FR\",\"@id\":\"https:\\\/\\\/aliso.fr\\\/jeunes\\\/#\\\/schema\\\/logo\\\/image\\\/\",\"url\":\"https:\\\/\\\/aliso.fr\\\/jeunes\\\/wp-content\\\/uploads\\\/sites\\\/3\\\/2022\\\/01\\\/Logo-ALISO-jeunes-couleur.png\",\"contentUrl\":\"https:\\\/\\\/aliso.fr\\\/jeunes\\\/wp-content\\\/uploads\\\/sites\\\/3\\\/2022\\\/01\\\/Logo-ALISO-jeunes-couleur.png\",\"width\":341,\"height\":392,\"caption\":\"Aliso Jeunes\"},\"image\":{\"@id\":\"https:\\\/\\\/aliso.fr\\\/jeunes\\\/#\\\/schema\\\/logo\\\/image\\\/\"}}]}<\/script>\n<!-- \/ Yoast SEO plugin. -->","yoast_head_json":{"title":"Cantine solidaire - Groupe de travail : \u00e9change et r\u00e9flexion - Aliso Jeunes","robots":{"index":"index","follow":"follow","max-snippet":"max-snippet:-1","max-image-preview":"max-image-preview:large","max-video-preview":"max-video-preview:-1"},"canonical":"https:\/\/aliso.fr\/jeunes\/evenements\/groupe-de-travail-echange-et-reflexion\/","og_locale":"fr_FR","og_type":"article","og_title":"Cantine solidaire - Groupe de travail : \u00e9change et r\u00e9flexion - Aliso Jeunes","og_description":"ALISO, vous invite sur un temps de r\u00e9flexion et d&rsquo;\u00e9change autour de la \u00ab\u00a0pr\u00e9figuration d&rsquo;une cantine solidaire\u00a0\u00bb.\u00a0 Nous vous proposons plusieurs cr\u00e9neaux horaires, dont deux en pr\u00e9sentiel autour d\u2019un repas et deux autres temps en visio\u00a0: Le mardi 27 juin 2023 de 12h \u00e0 14h en pr\u00e9sentiel. Le jeudi 11 juillet de 10h \u00e0 11h30... En savoir plus &raquo;","og_url":"https:\/\/aliso.fr\/jeunes\/evenements\/groupe-de-travail-echange-et-reflexion\/","og_site_name":"Aliso Jeunes","article_modified_time":"2023-06-26T09:10:51+00:00","og_image":[{"url":"https:\/\/aliso.fr\/jeunes\/wp-content\/uploads\/sites\/3\/\/2023\/06\/invitation-1.jpg","width":1,"height":1,"type":"image\/jpeg"}],"twitter_card":"summary_large_image","schema":{"@context":"https:\/\/schema.org","@graph":[{"@type":"WebPage","@id":"https:\/\/aliso.fr\/jeunes\/evenements\/groupe-de-travail-echange-et-reflexion\/","url":"https:\/\/aliso.fr\/jeunes\/evenements\/groupe-de-travail-echange-et-reflexion\/","name":"Cantine solidaire - Groupe de travail : \u00e9change et r\u00e9flexion - Aliso Jeunes","isPartOf":{"@id":"https:\/\/aliso.fr\/jeunes\/#website"},"primaryImageOfPage":{"@id":"https:\/\/aliso.fr\/jeunes\/evenements\/groupe-de-travail-echange-et-reflexion\/#primaryimage"},"image":{"@id":"https:\/\/aliso.fr\/jeunes\/evenements\/groupe-de-travail-echange-et-reflexion\/#primaryimage"},"thumbnailUrl":"https:\/\/aliso.fr\/jeunes\/wp-content\/uploads\/sites\/3\/\/2023\/06\/invitation-1.jpg","datePublished":"2023-06-09T13:06:06+00:00","dateModified":"2023-06-26T09:10:51+00:00","breadcrumb":{"@id":"https:\/\/aliso.fr\/jeunes\/evenements\/groupe-de-travail-echange-et-reflexion\/#breadcrumb"},"inLanguage":"fr-FR","potentialAction":[{"@type":"ReadAction","target":["https:\/\/aliso.fr\/jeunes\/evenements\/groupe-de-travail-echange-et-reflexion\/"]}]},{"@type":"ImageObject","inLanguage":"fr-FR","@id":"https:\/\/aliso.fr\/jeunes\/evenements\/groupe-de-travail-echange-et-reflexion\/#primaryimage","url":"https:\/\/aliso.fr\/jeunes\/wp-content\/uploads\/sites\/3\/\/2023\/06\/invitation-1.jpg","contentUrl":"https:\/\/aliso.fr\/jeunes\/wp-content\/uploads\/sites\/3\/\/2023\/06\/invitation-1.jpg"},{"@type":"BreadcrumbList","@id":"https:\/\/aliso.fr\/jeunes\/evenements\/groupe-de-travail-echange-et-reflexion\/#breadcrumb","itemListElement":[{"@type":"ListItem","position":1,"name":"Accueil","item":"https:\/\/aliso.fr\/jeunes\/"},{"@type":"ListItem","position":2,"name":"\u00c9venements","item":"https:\/\/aliso.fr\/jeunes\/evenements\/"},{"@type":"ListItem","position":3,"name":"Cantine solidaire &#8211; Groupe de travail : \u00e9change et r\u00e9flexion"}]},{"@type":"WebSite","@id":"https:\/\/aliso.fr\/jeunes\/#website","url":"https:\/\/aliso.fr\/jeunes\/","name":"Aliso Jeunes","description":"R\u00e9seau Creusois des acteurs du lien social","publisher":{"@id":"https:\/\/aliso.fr\/jeunes\/#organization"},"potentialAction":[{"@type":"SearchAction","target":{"@type":"EntryPoint","urlTemplate":"https:\/\/aliso.fr\/jeunes\/?s={search_term_string}"},"query-input":{"@type":"PropertyValueSpecification","valueRequired":true,"valueName":"search_term_string"}}],"inLanguage":"fr-FR"},{"@type":"Organization","@id":"https:\/\/aliso.fr\/jeunes\/#organization","name":"Aliso Jeunes","url":"https:\/\/aliso.fr\/jeunes\/","logo":{"@type":"ImageObject","inLanguage":"fr-FR","@id":"https:\/\/aliso.fr\/jeunes\/#\/schema\/logo\/image\/","url":"https:\/\/aliso.fr\/jeunes\/wp-content\/uploads\/sites\/3\/2022\/01\/Logo-ALISO-jeunes-couleur.png","contentUrl":"https:\/\/aliso.fr\/jeunes\/wp-content\/uploads\/sites\/3\/2022\/01\/Logo-ALISO-jeunes-couleur.png","width":341,"height":392,"caption":"Aliso Jeunes"},"image":{"@id":"https:\/\/aliso.fr\/jeunes\/#\/schema\/logo\/image\/"}}]}},"_links":{"self":[{"href":"https:\/\/aliso.fr\/jeunes\/wp-json\/wp\/v2\/mec-events\/2644","targetHints":{"allow":["GET"]}}],"collection":[{"href":"https:\/\/aliso.fr\/jeunes\/wp-json\/wp\/v2\/mec-events"}],"about":[{"href":"https:\/\/aliso.fr\/jeunes\/wp-json\/wp\/v2\/types\/mec-events"}],"author":[{"embeddable":true,"href":"https:\/\/aliso.fr\/jeunes\/wp-json\/wp\/v2\/users\/6"}],"replies":[{"embeddable":true,"href":"https:\/\/aliso.fr\/jeunes\/wp-json\/wp\/v2\/comments?post=2644"}],"wp:featuredmedia":[{"embeddable":true,"href":"https:\/\/aliso.fr\/jeunes\/wp-json\/wp\/v2\/media\/2668"}],"wp:attachment":[{"href":"https:\/\/aliso.fr\/jeunes\/wp-json\/wp\/v2\/media?parent=2644"}],"wp:term":[{"taxonomy":"post_tag","embeddable":true,"href":"https:\/\/aliso.fr\/jeunes\/wp-json\/wp\/v2\/tags?post=2644"},{"taxonomy":"mec_category","embeddable":true,"href":"https:\/\/aliso.fr\/jeunes\/wp-json\/wp\/v2\/mec_category?post=2644"}],"curies":[{"name":"wp","href":"https:\/\/api.w.org\/{rel}","templated":true}]}}