{"id":2671,"date":"2023-08-03T16:47:06","date_gmt":"2023-08-03T14:47:06","guid":{"rendered":"https:\/\/aliso.fr\/jeunes\/evenements\/accompagnement-collectif-cultiver-le-bien-etre-pour-prevenir-dune-souffrance-au-travail\/"},"modified":"2023-08-03T16:47:06","modified_gmt":"2023-08-03T14:47:06","slug":"accompagnement-collectif-cultiver-le-bien-etre-pour-prevenir-dune-souffrance-au-travail","status":"publish","type":"mec-events","link":"https:\/\/aliso.fr\/jeunes\/evenements\/accompagnement-collectif-cultiver-le-bien-etre-pour-prevenir-dune-souffrance-au-travail\/","title":{"rendered":"Accompagnement collectif \u00ab\u00a0cultiver le bien-\u00eatre pour pr\u00e9venir d&rsquo;une souffrance au travail\u00a0\u00bb"},"content":{"rendered":"<p><img loading=\"lazy\" decoding=\"async\" class=\"alignnone size-medium wp-image-792\" src=\"https:\/\/aliso.fr\/wp-content\/uploads\/2023\/08\/souffrance-au-travail1-212x300.png\" alt=\"\" width=\"212\" height=\"300\" \/><\/p>\n<p class=\"has-text-align-center\"><strong>1 journ\u00e9e de sensibilisation dans le cadre d\u2019un accompagnement DLA collectif autour du bien-\u00eatre au travail dans le but de cultiver le plaisir et non la souffrance au sein du monde professionnel. <\/strong><\/p>\n<p class=\"has-text-align-center\"><strong>Lundi 16 octobre 2023 \u00e0 Gu\u00e9ret. Inscription gratuite aupr\u00e8s de &#x70;&#x61;&#x73;&#x63;&#x61;&#x6c;&#x62;&#x6f;&#117;&#115;&#115;&#111;&#64;&#97;&#108;iso&#46;&#x66;&#x72; ou 06 75 93 70 77.<\/strong><\/p>\n<p>Dans le cadre du cycle \u201cRichesses humaines\u201d, cet accompagnement collectif propos\u00e9 par le DLA 23 permet sur une journ\u00e9e d\u2019aborder une lecture sensible du rapport au travail, comprendre pourquoi le travail impacte le souci de l\u2019identit\u00e9 et de la sant\u00e9. Cette approche psycho-dynamique du travail met en perspective la subjectivit\u00e9 au travail : comprendre ce qui ne se voit pas mais ce qui se ressent pour une personne salari\u00e9e dans le but d\u2019\u00e9viter un rapport de souffrance au travail.<\/p>\n<p>&nbsp;<\/p>\n","protected":false},"excerpt":{"rendered":"<p>1 journ\u00e9e de sensibilisation dans le cadre d\u2019un accompagnement DLA collectif autour du bien-\u00eatre au travail dans le but de cultiver le plaisir et non la souffrance au sein du monde professionnel. Lundi 16 octobre 2023 \u00e0 Gu\u00e9ret. Inscription gratuite aupr\u00e8s de &#x70;a&#x73;&#99;a&#x6c;&#98;&#x6f;&#x75;s&#x73;&#111;&#64;&#x61;&#108;&#x69;&#115;o&#x2e;&#102;r ou 06 75 93 70 77. Dans le cadre du cycle \u201cRichesses&#8230; <a class=\"excerpt-read-more button\" href=\"https:\/\/aliso.fr\/jeunes\/evenements\/accompagnement-collectif-cultiver-le-bien-etre-pour-prevenir-dune-souffrance-au-travail\/\" title=\"ReadAccompagnement collectif \u00ab\u00a0cultiver le bien-\u00eatre pour pr\u00e9venir d&rsquo;une souffrance au travail\u00a0\u00bb\">En savoir plus &raquo;<\/a><\/p>\n","protected":false},"author":1,"featured_media":2672,"comment_status":"open","ping_status":"closed","template":"","tags":[],"mec_category":[],"class_list":["post-2671","mec-events","type-mec-events","status-publish","has-post-thumbnail","hentry"],"yoast_head":"<!-- This site is optimized with the Yoast SEO plugin v27.5 - https:\/\/yoast.com\/product\/yoast-seo-wordpress\/ -->\n<title>Accompagnement collectif &quot;cultiver le bien-\u00eatre pour pr\u00e9venir d&#039;une souffrance au travail&quot; - Aliso Jeunes<\/title>\n<meta name=\"robots\" content=\"index, follow, max-snippet:-1, max-image-preview:large, max-video-preview:-1\" \/>\n<link rel=\"canonical\" href=\"https:\/\/aliso.fr\/jeunes\/evenements\/accompagnement-collectif-cultiver-le-bien-etre-pour-prevenir-dune-souffrance-au-travail\/\" \/>\n<meta property=\"og:locale\" content=\"fr_FR\" \/>\n<meta property=\"og:type\" content=\"article\" \/>\n<meta property=\"og:title\" content=\"Accompagnement collectif &quot;cultiver le bien-\u00eatre pour pr\u00e9venir d&#039;une souffrance au travail&quot; - Aliso Jeunes\" \/>\n<meta property=\"og:description\" content=\"1 journ\u00e9e de sensibilisation dans le cadre d\u2019un accompagnement DLA collectif autour du bien-\u00eatre au travail dans le but de cultiver le plaisir et non la souffrance au sein du monde professionnel. Lundi 16 octobre 2023 \u00e0 Gu\u00e9ret. Inscription gratuite aupr\u00e8s de &#x70;&#097;s&#x63;&#x61;&#108;b&#x6f;&#x75;&#115;s&#x6f;&#x40;&#097;l&#x69;&#x73;&#111;&#046;&#x66;&#114; ou 06 75 93 70 77. Dans le cadre du cycle \u201cRichesses... En savoir plus &raquo;\" \/>\n<meta property=\"og:url\" content=\"https:\/\/aliso.fr\/jeunes\/evenements\/accompagnement-collectif-cultiver-le-bien-etre-pour-prevenir-dune-souffrance-au-travail\/\" \/>\n<meta property=\"og:site_name\" content=\"Aliso Jeunes\" \/>\n<meta property=\"og:image\" content=\"https:\/\/aliso.fr\/jeunes\/wp-content\/uploads\/sites\/3\/\/2023\/08\/souffrance-au-travail1.png\" \/>\n\t<meta property=\"og:image:width\" content=\"1\" \/>\n\t<meta property=\"og:image:height\" content=\"1\" \/>\n\t<meta property=\"og:image:type\" content=\"image\/png\" \/>\n<meta name=\"twitter:card\" content=\"summary_large_image\" \/>\n<script type=\"application\/ld+json\" class=\"yoast-schema-graph\">{\"@context\":\"https:\\\/\\\/schema.org\",\"@graph\":[{\"@type\":\"WebPage\",\"@id\":\"https:\\\/\\\/aliso.fr\\\/jeunes\\\/evenements\\\/accompagnement-collectif-cultiver-le-bien-etre-pour-prevenir-dune-souffrance-au-travail\\\/\",\"url\":\"https:\\\/\\\/aliso.fr\\\/jeunes\\\/evenements\\\/accompagnement-collectif-cultiver-le-bien-etre-pour-prevenir-dune-souffrance-au-travail\\\/\",\"name\":\"Accompagnement collectif \\\"cultiver le bien-\u00eatre pour pr\u00e9venir d'une souffrance au travail\\\" - Aliso Jeunes\",\"isPartOf\":{\"@id\":\"https:\\\/\\\/aliso.fr\\\/jeunes\\\/#website\"},\"primaryImageOfPage\":{\"@id\":\"https:\\\/\\\/aliso.fr\\\/jeunes\\\/evenements\\\/accompagnement-collectif-cultiver-le-bien-etre-pour-prevenir-dune-souffrance-au-travail\\\/#primaryimage\"},\"image\":{\"@id\":\"https:\\\/\\\/aliso.fr\\\/jeunes\\\/evenements\\\/accompagnement-collectif-cultiver-le-bien-etre-pour-prevenir-dune-souffrance-au-travail\\\/#primaryimage\"},\"thumbnailUrl\":\"https:\\\/\\\/aliso.fr\\\/jeunes\\\/wp-content\\\/uploads\\\/sites\\\/3\\\/\\\/2023\\\/08\\\/souffrance-au-travail1.png\",\"datePublished\":\"2023-08-03T14:47:06+00:00\",\"breadcrumb\":{\"@id\":\"https:\\\/\\\/aliso.fr\\\/jeunes\\\/evenements\\\/accompagnement-collectif-cultiver-le-bien-etre-pour-prevenir-dune-souffrance-au-travail\\\/#breadcrumb\"},\"inLanguage\":\"fr-FR\",\"potentialAction\":[{\"@type\":\"ReadAction\",\"target\":[\"https:\\\/\\\/aliso.fr\\\/jeunes\\\/evenements\\\/accompagnement-collectif-cultiver-le-bien-etre-pour-prevenir-dune-souffrance-au-travail\\\/\"]}]},{\"@type\":\"ImageObject\",\"inLanguage\":\"fr-FR\",\"@id\":\"https:\\\/\\\/aliso.fr\\\/jeunes\\\/evenements\\\/accompagnement-collectif-cultiver-le-bien-etre-pour-prevenir-dune-souffrance-au-travail\\\/#primaryimage\",\"url\":\"https:\\\/\\\/aliso.fr\\\/jeunes\\\/wp-content\\\/uploads\\\/sites\\\/3\\\/\\\/2023\\\/08\\\/souffrance-au-travail1.png\",\"contentUrl\":\"https:\\\/\\\/aliso.fr\\\/jeunes\\\/wp-content\\\/uploads\\\/sites\\\/3\\\/\\\/2023\\\/08\\\/souffrance-au-travail1.png\"},{\"@type\":\"BreadcrumbList\",\"@id\":\"https:\\\/\\\/aliso.fr\\\/jeunes\\\/evenements\\\/accompagnement-collectif-cultiver-le-bien-etre-pour-prevenir-dune-souffrance-au-travail\\\/#breadcrumb\",\"itemListElement\":[{\"@type\":\"ListItem\",\"position\":1,\"name\":\"Accueil\",\"item\":\"https:\\\/\\\/aliso.fr\\\/jeunes\\\/\"},{\"@type\":\"ListItem\",\"position\":2,\"name\":\"\u00c9venements\",\"item\":\"https:\\\/\\\/aliso.fr\\\/jeunes\\\/evenements\\\/\"},{\"@type\":\"ListItem\",\"position\":3,\"name\":\"Accompagnement collectif &#8220;cultiver le bien-\u00eatre pour pr\u00e9venir d&#8217;une souffrance au travail&#8221;\"}]},{\"@type\":\"WebSite\",\"@id\":\"https:\\\/\\\/aliso.fr\\\/jeunes\\\/#website\",\"url\":\"https:\\\/\\\/aliso.fr\\\/jeunes\\\/\",\"name\":\"Aliso Jeunes\",\"description\":\"R\u00e9seau Creusois des acteurs du lien social\",\"publisher\":{\"@id\":\"https:\\\/\\\/aliso.fr\\\/jeunes\\\/#organization\"},\"potentialAction\":[{\"@type\":\"SearchAction\",\"target\":{\"@type\":\"EntryPoint\",\"urlTemplate\":\"https:\\\/\\\/aliso.fr\\\/jeunes\\\/?s={search_term_string}\"},\"query-input\":{\"@type\":\"PropertyValueSpecification\",\"valueRequired\":true,\"valueName\":\"search_term_string\"}}],\"inLanguage\":\"fr-FR\"},{\"@type\":\"Organization\",\"@id\":\"https:\\\/\\\/aliso.fr\\\/jeunes\\\/#organization\",\"name\":\"Aliso Jeunes\",\"url\":\"https:\\\/\\\/aliso.fr\\\/jeunes\\\/\",\"logo\":{\"@type\":\"ImageObject\",\"inLanguage\":\"fr-FR\",\"@id\":\"https:\\\/\\\/aliso.fr\\\/jeunes\\\/#\\\/schema\\\/logo\\\/image\\\/\",\"url\":\"https:\\\/\\\/aliso.fr\\\/jeunes\\\/wp-content\\\/uploads\\\/sites\\\/3\\\/2022\\\/01\\\/Logo-ALISO-jeunes-couleur.png\",\"contentUrl\":\"https:\\\/\\\/aliso.fr\\\/jeunes\\\/wp-content\\\/uploads\\\/sites\\\/3\\\/2022\\\/01\\\/Logo-ALISO-jeunes-couleur.png\",\"width\":341,\"height\":392,\"caption\":\"Aliso Jeunes\"},\"image\":{\"@id\":\"https:\\\/\\\/aliso.fr\\\/jeunes\\\/#\\\/schema\\\/logo\\\/image\\\/\"}}]}<\/script>\n<!-- \/ Yoast SEO plugin. -->","yoast_head_json":{"title":"Accompagnement collectif \"cultiver le bien-\u00eatre pour pr\u00e9venir d'une souffrance au travail\" - Aliso Jeunes","robots":{"index":"index","follow":"follow","max-snippet":"max-snippet:-1","max-image-preview":"max-image-preview:large","max-video-preview":"max-video-preview:-1"},"canonical":"https:\/\/aliso.fr\/jeunes\/evenements\/accompagnement-collectif-cultiver-le-bien-etre-pour-prevenir-dune-souffrance-au-travail\/","og_locale":"fr_FR","og_type":"article","og_title":"Accompagnement collectif \"cultiver le bien-\u00eatre pour pr\u00e9venir d'une souffrance au travail\" - Aliso Jeunes","og_description":"1 journ\u00e9e de sensibilisation dans le cadre d\u2019un accompagnement DLA collectif autour du bien-\u00eatre au travail dans le but de cultiver le plaisir et non la souffrance au sein du monde professionnel. Lundi 16 octobre 2023 \u00e0 Gu\u00e9ret. Inscription gratuite aupr\u00e8s de &#x70;&#97;s&#x63;&#x61;&#108;b&#x6f;&#x75;&#115;s&#x6f;&#x40;&#97;l&#x69;&#x73;&#111;&#46;&#x66;&#114; ou 06 75 93 70 77. Dans le cadre du cycle \u201cRichesses... En savoir plus &raquo;","og_url":"https:\/\/aliso.fr\/jeunes\/evenements\/accompagnement-collectif-cultiver-le-bien-etre-pour-prevenir-dune-souffrance-au-travail\/","og_site_name":"Aliso Jeunes","og_image":[{"url":"https:\/\/aliso.fr\/jeunes\/wp-content\/uploads\/sites\/3\/\/2023\/08\/souffrance-au-travail1.png","width":1,"height":1,"type":"image\/png"}],"twitter_card":"summary_large_image","schema":{"@context":"https:\/\/schema.org","@graph":[{"@type":"WebPage","@id":"https:\/\/aliso.fr\/jeunes\/evenements\/accompagnement-collectif-cultiver-le-bien-etre-pour-prevenir-dune-souffrance-au-travail\/","url":"https:\/\/aliso.fr\/jeunes\/evenements\/accompagnement-collectif-cultiver-le-bien-etre-pour-prevenir-dune-souffrance-au-travail\/","name":"Accompagnement collectif \"cultiver le bien-\u00eatre pour pr\u00e9venir d'une souffrance au travail\" - Aliso Jeunes","isPartOf":{"@id":"https:\/\/aliso.fr\/jeunes\/#website"},"primaryImageOfPage":{"@id":"https:\/\/aliso.fr\/jeunes\/evenements\/accompagnement-collectif-cultiver-le-bien-etre-pour-prevenir-dune-souffrance-au-travail\/#primaryimage"},"image":{"@id":"https:\/\/aliso.fr\/jeunes\/evenements\/accompagnement-collectif-cultiver-le-bien-etre-pour-prevenir-dune-souffrance-au-travail\/#primaryimage"},"thumbnailUrl":"https:\/\/aliso.fr\/jeunes\/wp-content\/uploads\/sites\/3\/\/2023\/08\/souffrance-au-travail1.png","datePublished":"2023-08-03T14:47:06+00:00","breadcrumb":{"@id":"https:\/\/aliso.fr\/jeunes\/evenements\/accompagnement-collectif-cultiver-le-bien-etre-pour-prevenir-dune-souffrance-au-travail\/#breadcrumb"},"inLanguage":"fr-FR","potentialAction":[{"@type":"ReadAction","target":["https:\/\/aliso.fr\/jeunes\/evenements\/accompagnement-collectif-cultiver-le-bien-etre-pour-prevenir-dune-souffrance-au-travail\/"]}]},{"@type":"ImageObject","inLanguage":"fr-FR","@id":"https:\/\/aliso.fr\/jeunes\/evenements\/accompagnement-collectif-cultiver-le-bien-etre-pour-prevenir-dune-souffrance-au-travail\/#primaryimage","url":"https:\/\/aliso.fr\/jeunes\/wp-content\/uploads\/sites\/3\/\/2023\/08\/souffrance-au-travail1.png","contentUrl":"https:\/\/aliso.fr\/jeunes\/wp-content\/uploads\/sites\/3\/\/2023\/08\/souffrance-au-travail1.png"},{"@type":"BreadcrumbList","@id":"https:\/\/aliso.fr\/jeunes\/evenements\/accompagnement-collectif-cultiver-le-bien-etre-pour-prevenir-dune-souffrance-au-travail\/#breadcrumb","itemListElement":[{"@type":"ListItem","position":1,"name":"Accueil","item":"https:\/\/aliso.fr\/jeunes\/"},{"@type":"ListItem","position":2,"name":"\u00c9venements","item":"https:\/\/aliso.fr\/jeunes\/evenements\/"},{"@type":"ListItem","position":3,"name":"Accompagnement collectif &#8220;cultiver le bien-\u00eatre pour pr\u00e9venir d&#8217;une souffrance au travail&#8221;"}]},{"@type":"WebSite","@id":"https:\/\/aliso.fr\/jeunes\/#website","url":"https:\/\/aliso.fr\/jeunes\/","name":"Aliso Jeunes","description":"R\u00e9seau Creusois des acteurs du lien social","publisher":{"@id":"https:\/\/aliso.fr\/jeunes\/#organization"},"potentialAction":[{"@type":"SearchAction","target":{"@type":"EntryPoint","urlTemplate":"https:\/\/aliso.fr\/jeunes\/?s={search_term_string}"},"query-input":{"@type":"PropertyValueSpecification","valueRequired":true,"valueName":"search_term_string"}}],"inLanguage":"fr-FR"},{"@type":"Organization","@id":"https:\/\/aliso.fr\/jeunes\/#organization","name":"Aliso Jeunes","url":"https:\/\/aliso.fr\/jeunes\/","logo":{"@type":"ImageObject","inLanguage":"fr-FR","@id":"https:\/\/aliso.fr\/jeunes\/#\/schema\/logo\/image\/","url":"https:\/\/aliso.fr\/jeunes\/wp-content\/uploads\/sites\/3\/2022\/01\/Logo-ALISO-jeunes-couleur.png","contentUrl":"https:\/\/aliso.fr\/jeunes\/wp-content\/uploads\/sites\/3\/2022\/01\/Logo-ALISO-jeunes-couleur.png","width":341,"height":392,"caption":"Aliso Jeunes"},"image":{"@id":"https:\/\/aliso.fr\/jeunes\/#\/schema\/logo\/image\/"}}]}},"_links":{"self":[{"href":"https:\/\/aliso.fr\/jeunes\/wp-json\/wp\/v2\/mec-events\/2671","targetHints":{"allow":["GET"]}}],"collection":[{"href":"https:\/\/aliso.fr\/jeunes\/wp-json\/wp\/v2\/mec-events"}],"about":[{"href":"https:\/\/aliso.fr\/jeunes\/wp-json\/wp\/v2\/types\/mec-events"}],"author":[{"embeddable":true,"href":"https:\/\/aliso.fr\/jeunes\/wp-json\/wp\/v2\/users\/1"}],"replies":[{"embeddable":true,"href":"https:\/\/aliso.fr\/jeunes\/wp-json\/wp\/v2\/comments?post=2671"}],"wp:featuredmedia":[{"embeddable":true,"href":"https:\/\/aliso.fr\/jeunes\/wp-json\/wp\/v2\/media\/2672"}],"wp:attachment":[{"href":"https:\/\/aliso.fr\/jeunes\/wp-json\/wp\/v2\/media?parent=2671"}],"wp:term":[{"taxonomy":"post_tag","embeddable":true,"href":"https:\/\/aliso.fr\/jeunes\/wp-json\/wp\/v2\/tags?post=2671"},{"taxonomy":"mec_category","embeddable":true,"href":"https:\/\/aliso.fr\/jeunes\/wp-json\/wp\/v2\/mec_category?post=2671"}],"curies":[{"name":"wp","href":"https:\/\/api.w.org\/{rel}","templated":true}]}}