{"id":2673,"date":"2023-08-03T16:59:14","date_gmt":"2023-08-03T14:59:14","guid":{"rendered":"https:\/\/aliso.fr\/jeunes\/evenements\/accompagnement-collectif-gestion-sociale-et-administrative-du-dossier-salarie\/"},"modified":"2023-08-04T09:37:15","modified_gmt":"2023-08-04T07:37:15","slug":"accompagnement-collectif-gestion-sociale-et-administrative-du-dossier-salarie","status":"publish","type":"mec-events","link":"https:\/\/aliso.fr\/jeunes\/evenements\/accompagnement-collectif-gestion-sociale-et-administrative-du-dossier-salarie\/","title":{"rendered":"Accompagnement collectif \u00ab\u00a0gestion sociale et administrative du dossier salari\u00e9\u00a0\u00bb"},"content":{"rendered":"<p><img loading=\"lazy\" decoding=\"async\" class=\"alignnone size-medium wp-image-794\" src=\"https:\/\/aliso.fr\/wp-content\/uploads\/2023\/08\/gestion-administrative-et-sociale-du-salarie-212x300.png\" alt=\"\" width=\"212\" height=\"300\" \/><\/p>\r\n<p>Accompagnement collectif men\u00e9 par ZM Conseil dans le cadre du DLA 23.<\/p>\r\n\r\n<p>Dans le cadre du cycle \u00ab\u00a0Richesses humaines\u00a0\u00bb, cet accompagnement collectif propos\u00e9 par le DLA 23 permettra sur deux journ\u00e9es d&rsquo;acqu\u00e9rir une m\u00e9thodologie pour la gestion des contrats de travail annualis\u00e9s et modul\u00e9s selon les conventions collectives (ECLAT, CCN, FJT, ALISFA), le calcul des cong\u00e9s pay\u00e9s et\/ou arr\u00eats maladies, des indemnit\u00e9s de d\u00e9part en retraite mais aussi pour les proc\u00e9dures et affichages obligatoires dans ce cadre.<\/p>\r\n\r\n\r\n\r\n<p><strong>Inscription gratuite aupr\u00e8s de &#112;&#x61;u&#x6c;&#x69;&#110;&#x65;m&#x69;&#x63;&#104;&#x6f;n&#x40;&#x61;&#108;&#x69;s&#x6f;&#x2e;&#102;&#x72; (jusqu&rsquo;au 15\/09\/2023) ou &#99;&#x68;r&#105;&#x73;t&#101;&#x6c;l&#x65;&#x61;&#117;&#x66;a&#117;&#x72;e&#64;&#x61;l&#x69;&#x73;&#111;&#x2e;&#x66;&#114; <\/strong><\/p>\r\n","protected":false},"excerpt":{"rendered":"<p>Accompagnement collectif men\u00e9 par ZM Conseil dans le cadre du DLA 23. Dans le cadre du cycle \u00ab\u00a0Richesses humaines\u00a0\u00bb, cet accompagnement collectif propos\u00e9 par le DLA 23 permettra sur deux journ\u00e9es d&rsquo;acqu\u00e9rir une m\u00e9thodologie pour la gestion des contrats de travail annualis\u00e9s et modul\u00e9s selon les conventions collectives (ECLAT, CCN, FJT, ALISFA), le calcul des&#8230; <a class=\"excerpt-read-more button\" href=\"https:\/\/aliso.fr\/jeunes\/evenements\/accompagnement-collectif-gestion-sociale-et-administrative-du-dossier-salarie\/\" title=\"ReadAccompagnement collectif \u00ab\u00a0gestion sociale et administrative du dossier salari\u00e9\u00a0\u00bb\">En savoir plus &raquo;<\/a><\/p>\n","protected":false},"author":7,"featured_media":2676,"comment_status":"closed","ping_status":"closed","template":"","tags":[],"mec_category":[],"class_list":["post-2673","mec-events","type-mec-events","status-publish","has-post-thumbnail","hentry"],"yoast_head":"<!-- This site is optimized with the Yoast SEO plugin v27.5 - https:\/\/yoast.com\/product\/yoast-seo-wordpress\/ -->\n<title>Accompagnement collectif &quot;gestion sociale et administrative du dossier salari\u00e9&quot; - Aliso Jeunes<\/title>\n<meta name=\"robots\" content=\"index, follow, max-snippet:-1, max-image-preview:large, max-video-preview:-1\" \/>\n<link rel=\"canonical\" href=\"https:\/\/aliso.fr\/jeunes\/evenements\/accompagnement-collectif-gestion-sociale-et-administrative-du-dossier-salarie\/\" \/>\n<meta property=\"og:locale\" content=\"fr_FR\" \/>\n<meta property=\"og:type\" content=\"article\" \/>\n<meta property=\"og:title\" content=\"Accompagnement collectif &quot;gestion sociale et administrative du dossier salari\u00e9&quot; - Aliso Jeunes\" \/>\n<meta property=\"og:description\" content=\"Accompagnement collectif men\u00e9 par ZM Conseil dans le cadre du DLA 23. Dans le cadre du cycle \u00ab\u00a0Richesses humaines\u00a0\u00bb, cet accompagnement collectif propos\u00e9 par le DLA 23 permettra sur deux journ\u00e9es d&rsquo;acqu\u00e9rir une m\u00e9thodologie pour la gestion des contrats de travail annualis\u00e9s et modul\u00e9s selon les conventions collectives (ECLAT, CCN, FJT, ALISFA), le calcul des... En savoir plus &raquo;\" \/>\n<meta property=\"og:url\" content=\"https:\/\/aliso.fr\/jeunes\/evenements\/accompagnement-collectif-gestion-sociale-et-administrative-du-dossier-salarie\/\" \/>\n<meta property=\"og:site_name\" content=\"Aliso Jeunes\" \/>\n<meta property=\"article:modified_time\" content=\"2023-08-04T07:37:15+00:00\" \/>\n<meta property=\"og:image\" content=\"https:\/\/aliso.fr\/jeunes\/wp-content\/uploads\/sites\/3\/\/2023\/08\/gestion-administrative-et-sociale-du-salarie.png\" \/>\n\t<meta property=\"og:image:width\" content=\"1\" \/>\n\t<meta property=\"og:image:height\" content=\"1\" \/>\n\t<meta property=\"og:image:type\" content=\"image\/png\" \/>\n<meta name=\"twitter:card\" content=\"summary_large_image\" \/>\n<script type=\"application\/ld+json\" class=\"yoast-schema-graph\">{\"@context\":\"https:\\\/\\\/schema.org\",\"@graph\":[{\"@type\":\"WebPage\",\"@id\":\"https:\\\/\\\/aliso.fr\\\/jeunes\\\/evenements\\\/accompagnement-collectif-gestion-sociale-et-administrative-du-dossier-salarie\\\/\",\"url\":\"https:\\\/\\\/aliso.fr\\\/jeunes\\\/evenements\\\/accompagnement-collectif-gestion-sociale-et-administrative-du-dossier-salarie\\\/\",\"name\":\"Accompagnement collectif \\\"gestion sociale et administrative du dossier salari\u00e9\\\" - Aliso Jeunes\",\"isPartOf\":{\"@id\":\"https:\\\/\\\/aliso.fr\\\/jeunes\\\/#website\"},\"primaryImageOfPage\":{\"@id\":\"https:\\\/\\\/aliso.fr\\\/jeunes\\\/evenements\\\/accompagnement-collectif-gestion-sociale-et-administrative-du-dossier-salarie\\\/#primaryimage\"},\"image\":{\"@id\":\"https:\\\/\\\/aliso.fr\\\/jeunes\\\/evenements\\\/accompagnement-collectif-gestion-sociale-et-administrative-du-dossier-salarie\\\/#primaryimage\"},\"thumbnailUrl\":\"https:\\\/\\\/aliso.fr\\\/jeunes\\\/wp-content\\\/uploads\\\/sites\\\/3\\\/\\\/2023\\\/08\\\/gestion-administrative-et-sociale-du-salarie.png\",\"datePublished\":\"2023-08-03T14:59:14+00:00\",\"dateModified\":\"2023-08-04T07:37:15+00:00\",\"breadcrumb\":{\"@id\":\"https:\\\/\\\/aliso.fr\\\/jeunes\\\/evenements\\\/accompagnement-collectif-gestion-sociale-et-administrative-du-dossier-salarie\\\/#breadcrumb\"},\"inLanguage\":\"fr-FR\",\"potentialAction\":[{\"@type\":\"ReadAction\",\"target\":[\"https:\\\/\\\/aliso.fr\\\/jeunes\\\/evenements\\\/accompagnement-collectif-gestion-sociale-et-administrative-du-dossier-salarie\\\/\"]}]},{\"@type\":\"ImageObject\",\"inLanguage\":\"fr-FR\",\"@id\":\"https:\\\/\\\/aliso.fr\\\/jeunes\\\/evenements\\\/accompagnement-collectif-gestion-sociale-et-administrative-du-dossier-salarie\\\/#primaryimage\",\"url\":\"https:\\\/\\\/aliso.fr\\\/jeunes\\\/wp-content\\\/uploads\\\/sites\\\/3\\\/\\\/2023\\\/08\\\/gestion-administrative-et-sociale-du-salarie.png\",\"contentUrl\":\"https:\\\/\\\/aliso.fr\\\/jeunes\\\/wp-content\\\/uploads\\\/sites\\\/3\\\/\\\/2023\\\/08\\\/gestion-administrative-et-sociale-du-salarie.png\"},{\"@type\":\"BreadcrumbList\",\"@id\":\"https:\\\/\\\/aliso.fr\\\/jeunes\\\/evenements\\\/accompagnement-collectif-gestion-sociale-et-administrative-du-dossier-salarie\\\/#breadcrumb\",\"itemListElement\":[{\"@type\":\"ListItem\",\"position\":1,\"name\":\"Accueil\",\"item\":\"https:\\\/\\\/aliso.fr\\\/jeunes\\\/\"},{\"@type\":\"ListItem\",\"position\":2,\"name\":\"\u00c9venements\",\"item\":\"https:\\\/\\\/aliso.fr\\\/jeunes\\\/evenements\\\/\"},{\"@type\":\"ListItem\",\"position\":3,\"name\":\"Accompagnement collectif &#8220;gestion sociale et administrative du dossier salari\u00e9&#8221;\"}]},{\"@type\":\"WebSite\",\"@id\":\"https:\\\/\\\/aliso.fr\\\/jeunes\\\/#website\",\"url\":\"https:\\\/\\\/aliso.fr\\\/jeunes\\\/\",\"name\":\"Aliso Jeunes\",\"description\":\"R\u00e9seau Creusois des acteurs du lien social\",\"publisher\":{\"@id\":\"https:\\\/\\\/aliso.fr\\\/jeunes\\\/#organization\"},\"potentialAction\":[{\"@type\":\"SearchAction\",\"target\":{\"@type\":\"EntryPoint\",\"urlTemplate\":\"https:\\\/\\\/aliso.fr\\\/jeunes\\\/?s={search_term_string}\"},\"query-input\":{\"@type\":\"PropertyValueSpecification\",\"valueRequired\":true,\"valueName\":\"search_term_string\"}}],\"inLanguage\":\"fr-FR\"},{\"@type\":\"Organization\",\"@id\":\"https:\\\/\\\/aliso.fr\\\/jeunes\\\/#organization\",\"name\":\"Aliso Jeunes\",\"url\":\"https:\\\/\\\/aliso.fr\\\/jeunes\\\/\",\"logo\":{\"@type\":\"ImageObject\",\"inLanguage\":\"fr-FR\",\"@id\":\"https:\\\/\\\/aliso.fr\\\/jeunes\\\/#\\\/schema\\\/logo\\\/image\\\/\",\"url\":\"https:\\\/\\\/aliso.fr\\\/jeunes\\\/wp-content\\\/uploads\\\/sites\\\/3\\\/2022\\\/01\\\/Logo-ALISO-jeunes-couleur.png\",\"contentUrl\":\"https:\\\/\\\/aliso.fr\\\/jeunes\\\/wp-content\\\/uploads\\\/sites\\\/3\\\/2022\\\/01\\\/Logo-ALISO-jeunes-couleur.png\",\"width\":341,\"height\":392,\"caption\":\"Aliso Jeunes\"},\"image\":{\"@id\":\"https:\\\/\\\/aliso.fr\\\/jeunes\\\/#\\\/schema\\\/logo\\\/image\\\/\"}}]}<\/script>\n<!-- \/ Yoast SEO plugin. -->","yoast_head_json":{"title":"Accompagnement collectif \"gestion sociale et administrative du dossier salari\u00e9\" - Aliso Jeunes","robots":{"index":"index","follow":"follow","max-snippet":"max-snippet:-1","max-image-preview":"max-image-preview:large","max-video-preview":"max-video-preview:-1"},"canonical":"https:\/\/aliso.fr\/jeunes\/evenements\/accompagnement-collectif-gestion-sociale-et-administrative-du-dossier-salarie\/","og_locale":"fr_FR","og_type":"article","og_title":"Accompagnement collectif \"gestion sociale et administrative du dossier salari\u00e9\" - Aliso Jeunes","og_description":"Accompagnement collectif men\u00e9 par ZM Conseil dans le cadre du DLA 23. Dans le cadre du cycle \u00ab\u00a0Richesses humaines\u00a0\u00bb, cet accompagnement collectif propos\u00e9 par le DLA 23 permettra sur deux journ\u00e9es d&rsquo;acqu\u00e9rir une m\u00e9thodologie pour la gestion des contrats de travail annualis\u00e9s et modul\u00e9s selon les conventions collectives (ECLAT, CCN, FJT, ALISFA), le calcul des... En savoir plus &raquo;","og_url":"https:\/\/aliso.fr\/jeunes\/evenements\/accompagnement-collectif-gestion-sociale-et-administrative-du-dossier-salarie\/","og_site_name":"Aliso Jeunes","article_modified_time":"2023-08-04T07:37:15+00:00","og_image":[{"url":"https:\/\/aliso.fr\/jeunes\/wp-content\/uploads\/sites\/3\/\/2023\/08\/gestion-administrative-et-sociale-du-salarie.png","width":1,"height":1,"type":"image\/png"}],"twitter_card":"summary_large_image","schema":{"@context":"https:\/\/schema.org","@graph":[{"@type":"WebPage","@id":"https:\/\/aliso.fr\/jeunes\/evenements\/accompagnement-collectif-gestion-sociale-et-administrative-du-dossier-salarie\/","url":"https:\/\/aliso.fr\/jeunes\/evenements\/accompagnement-collectif-gestion-sociale-et-administrative-du-dossier-salarie\/","name":"Accompagnement collectif \"gestion sociale et administrative du dossier salari\u00e9\" - Aliso Jeunes","isPartOf":{"@id":"https:\/\/aliso.fr\/jeunes\/#website"},"primaryImageOfPage":{"@id":"https:\/\/aliso.fr\/jeunes\/evenements\/accompagnement-collectif-gestion-sociale-et-administrative-du-dossier-salarie\/#primaryimage"},"image":{"@id":"https:\/\/aliso.fr\/jeunes\/evenements\/accompagnement-collectif-gestion-sociale-et-administrative-du-dossier-salarie\/#primaryimage"},"thumbnailUrl":"https:\/\/aliso.fr\/jeunes\/wp-content\/uploads\/sites\/3\/\/2023\/08\/gestion-administrative-et-sociale-du-salarie.png","datePublished":"2023-08-03T14:59:14+00:00","dateModified":"2023-08-04T07:37:15+00:00","breadcrumb":{"@id":"https:\/\/aliso.fr\/jeunes\/evenements\/accompagnement-collectif-gestion-sociale-et-administrative-du-dossier-salarie\/#breadcrumb"},"inLanguage":"fr-FR","potentialAction":[{"@type":"ReadAction","target":["https:\/\/aliso.fr\/jeunes\/evenements\/accompagnement-collectif-gestion-sociale-et-administrative-du-dossier-salarie\/"]}]},{"@type":"ImageObject","inLanguage":"fr-FR","@id":"https:\/\/aliso.fr\/jeunes\/evenements\/accompagnement-collectif-gestion-sociale-et-administrative-du-dossier-salarie\/#primaryimage","url":"https:\/\/aliso.fr\/jeunes\/wp-content\/uploads\/sites\/3\/\/2023\/08\/gestion-administrative-et-sociale-du-salarie.png","contentUrl":"https:\/\/aliso.fr\/jeunes\/wp-content\/uploads\/sites\/3\/\/2023\/08\/gestion-administrative-et-sociale-du-salarie.png"},{"@type":"BreadcrumbList","@id":"https:\/\/aliso.fr\/jeunes\/evenements\/accompagnement-collectif-gestion-sociale-et-administrative-du-dossier-salarie\/#breadcrumb","itemListElement":[{"@type":"ListItem","position":1,"name":"Accueil","item":"https:\/\/aliso.fr\/jeunes\/"},{"@type":"ListItem","position":2,"name":"\u00c9venements","item":"https:\/\/aliso.fr\/jeunes\/evenements\/"},{"@type":"ListItem","position":3,"name":"Accompagnement collectif &#8220;gestion sociale et administrative du dossier salari\u00e9&#8221;"}]},{"@type":"WebSite","@id":"https:\/\/aliso.fr\/jeunes\/#website","url":"https:\/\/aliso.fr\/jeunes\/","name":"Aliso Jeunes","description":"R\u00e9seau Creusois des acteurs du lien social","publisher":{"@id":"https:\/\/aliso.fr\/jeunes\/#organization"},"potentialAction":[{"@type":"SearchAction","target":{"@type":"EntryPoint","urlTemplate":"https:\/\/aliso.fr\/jeunes\/?s={search_term_string}"},"query-input":{"@type":"PropertyValueSpecification","valueRequired":true,"valueName":"search_term_string"}}],"inLanguage":"fr-FR"},{"@type":"Organization","@id":"https:\/\/aliso.fr\/jeunes\/#organization","name":"Aliso Jeunes","url":"https:\/\/aliso.fr\/jeunes\/","logo":{"@type":"ImageObject","inLanguage":"fr-FR","@id":"https:\/\/aliso.fr\/jeunes\/#\/schema\/logo\/image\/","url":"https:\/\/aliso.fr\/jeunes\/wp-content\/uploads\/sites\/3\/2022\/01\/Logo-ALISO-jeunes-couleur.png","contentUrl":"https:\/\/aliso.fr\/jeunes\/wp-content\/uploads\/sites\/3\/2022\/01\/Logo-ALISO-jeunes-couleur.png","width":341,"height":392,"caption":"Aliso Jeunes"},"image":{"@id":"https:\/\/aliso.fr\/jeunes\/#\/schema\/logo\/image\/"}}]}},"_links":{"self":[{"href":"https:\/\/aliso.fr\/jeunes\/wp-json\/wp\/v2\/mec-events\/2673","targetHints":{"allow":["GET"]}}],"collection":[{"href":"https:\/\/aliso.fr\/jeunes\/wp-json\/wp\/v2\/mec-events"}],"about":[{"href":"https:\/\/aliso.fr\/jeunes\/wp-json\/wp\/v2\/types\/mec-events"}],"author":[{"embeddable":true,"href":"https:\/\/aliso.fr\/jeunes\/wp-json\/wp\/v2\/users\/7"}],"replies":[{"embeddable":true,"href":"https:\/\/aliso.fr\/jeunes\/wp-json\/wp\/v2\/comments?post=2673"}],"wp:featuredmedia":[{"embeddable":true,"href":"https:\/\/aliso.fr\/jeunes\/wp-json\/wp\/v2\/media\/2676"}],"wp:attachment":[{"href":"https:\/\/aliso.fr\/jeunes\/wp-json\/wp\/v2\/media?parent=2673"}],"wp:term":[{"taxonomy":"post_tag","embeddable":true,"href":"https:\/\/aliso.fr\/jeunes\/wp-json\/wp\/v2\/tags?post=2673"},{"taxonomy":"mec_category","embeddable":true,"href":"https:\/\/aliso.fr\/jeunes\/wp-json\/wp\/v2\/mec_category?post=2673"}],"curies":[{"name":"wp","href":"https:\/\/api.w.org\/{rel}","templated":true}]}}