{"id":2767,"date":"2024-04-17T12:32:19","date_gmt":"2024-04-17T10:32:19","guid":{"rendered":"https:\/\/aliso.fr\/jeunes\/evenements\/soigner-nos-metiers\/"},"modified":"2024-04-17T12:32:19","modified_gmt":"2024-04-17T10:32:19","slug":"soigner-nos-metiers","status":"publish","type":"mec-events","link":"https:\/\/aliso.fr\/jeunes\/evenements\/soigner-nos-metiers\/","title":{"rendered":"SOIGNER NOS METIERS"},"content":{"rendered":"<p><img loading=\"lazy\" decoding=\"async\" class=\"alignnone size-medium wp-image-964\" src=\"https:\/\/aliso.fr\/wp-content\/uploads\/2024\/04\/image-217x300.png\" alt=\"\" width=\"217\" height=\"300\" \/><\/p>\n<header class=\"article-header\">\n<h1 class=\"entry-title single-title\">[28 Juin 2024, Gu\u00e9ret] Nos associations et m\u00e9tiers de l\u2019Animation et du Lien Social sont-ils attractifs ?<\/h1>\n<\/header>\n<section class=\"entry-content\">\n<div class=\"wp-block-columns is-layout-flex wp-container-core-columns-is-layout-1 wp-block-columns-is-layout-flex\">\n<div class=\"wp-block-column is-layout-flow wp-block-column-is-layout-flow\">\n<p>&nbsp;<\/p>\n<p class=\"has-large-font-size\"><strong>Le 28 Juin prochain \u00e0 Gu\u00e9ret<\/strong> (Tremplin Nature), l\u2019organisation professionnelle Nationale <a href=\"https:\/\/www.hexopee.org\/\">Hexop\u00e9e<\/a> et l\u2019Opco <a href=\"https:\/\/www.uniformation.fr\/\">Uniformation<\/a> viennent \u00e0 la rencontre des acteurs associatifs du territoire, \u00e0 l\u2019occasion de rencontres territoriales co-organis\u00e9es avec le <a href=\"https:\/\/aliso.fr\/reseau\/\">R\u00e9seau Creusois des Acteurs du Lien Social \u2013 Aliso<\/a>, la F\u00e9d\u00e9ration des Oeuvres La\u00efques, Musiques en Marche,\u2026<\/p>\n<ul class=\"has-large-font-size\">\n<li><strong>Une journ\u00e9e \u00e0 noter dans votre agenda<\/strong> d\u00e8s aujourd\u2019hui ! Nous vous enverrons prochainement un lien d\u2019inscription.<\/li>\n<\/ul>\n<ul class=\"has-large-font-size\">\n<li><strong>Une journ\u00e9e pour aborder les questions qui traversent nombre d\u2019associations<\/strong> d\u2019\u00e9ducation populaire des secteurs de l\u2019Animation socio-culturelle, de l\u2019animation Loisirs et sportive, du lien social : comment rendre attractif nos m\u00e9tiers et notre territoire ? Comment am\u00e9liorer le bien \u00eatre et les conditions de travail ? Quoi entreprendre au niveau des structures, et qu\u2019est-ce qui est entrepris au niveau r\u00e9gional voire national ? Pour introduire ces questions, nous reviendrons sur l\u2019analyse port\u00e9e sur l\u2019\u00e9volution des <a href=\"https:\/\/www.lecese.fr\/travaux-publies\/les-metiers-de-la-cohesion-sociale\"><strong>M\u00e9tiers de la Coh\u00e9sion Sociale<\/strong><\/a>, \u00e0 partir de l\u2019Avis du Conseil Economique, Social et Environnnemental port\u00e9 par <strong><a href=\"https:\/\/www.lecese.fr\/membre\/evanne-jeanne-rose\">Evann Jeanne Rose<\/a>,<\/strong> Animateur Socio-culturel de m\u00e9tier, Membre du CNAJEP et Vice pr\u00e9sident de l\u2019Unhaj.<\/li>\n<\/ul>\n<ul class=\"has-large-font-size\">\n<li>Cette journ\u00e9e sera aussi l\u2019occasion de mieux saisir <strong>le r\u00f4le d\u2019une organisation professionnelle qui repr\u00e9sente les structures employeuses<\/strong> au niveau national, \u00e0 travers l\u2019intervention du D\u00e9l\u00e9gu\u00e9 G\u00e9n\u00e9ral National d\u2019<a href=\"https:\/\/www.hexopee.org\/\">Hexop\u00e9e, David Cluzeau<\/a>.<\/li>\n<\/ul>\n<\/div>\n<\/div>\n<\/section>\n","protected":false},"excerpt":{"rendered":"<p>[28 Juin 2024, Gu\u00e9ret] Nos associations et m\u00e9tiers de l\u2019Animation et du Lien Social sont-ils attractifs ? &nbsp; Le 28 Juin prochain \u00e0 Gu\u00e9ret (Tremplin Nature), l\u2019organisation professionnelle Nationale Hexop\u00e9e et l\u2019Opco Uniformation viennent \u00e0 la rencontre des acteurs associatifs du territoire, \u00e0 l\u2019occasion de rencontres territoriales co-organis\u00e9es avec le R\u00e9seau Creusois des Acteurs du&#8230; <a class=\"excerpt-read-more button\" href=\"https:\/\/aliso.fr\/jeunes\/evenements\/soigner-nos-metiers\/\" title=\"ReadSOIGNER NOS METIERS\">En savoir plus &raquo;<\/a><\/p>\n","protected":false},"author":1,"featured_media":2768,"comment_status":"open","ping_status":"closed","template":"","tags":[],"mec_category":[],"class_list":["post-2767","mec-events","type-mec-events","status-publish","has-post-thumbnail","hentry"],"yoast_head":"<!-- This site is optimized with the Yoast SEO plugin v27.5 - https:\/\/yoast.com\/product\/yoast-seo-wordpress\/ -->\n<title>SOIGNER NOS METIERS - Aliso Jeunes<\/title>\n<meta name=\"robots\" content=\"index, follow, max-snippet:-1, max-image-preview:large, max-video-preview:-1\" \/>\n<link rel=\"canonical\" href=\"https:\/\/aliso.fr\/jeunes\/evenements\/soigner-nos-metiers\/\" \/>\n<meta property=\"og:locale\" content=\"fr_FR\" \/>\n<meta property=\"og:type\" content=\"article\" \/>\n<meta property=\"og:title\" content=\"SOIGNER NOS METIERS - Aliso Jeunes\" \/>\n<meta property=\"og:description\" content=\"[28 Juin 2024, Gu\u00e9ret] Nos associations et m\u00e9tiers de l\u2019Animation et du Lien Social sont-ils attractifs ? &nbsp; Le 28 Juin prochain \u00e0 Gu\u00e9ret (Tremplin Nature), l\u2019organisation professionnelle Nationale Hexop\u00e9e et l\u2019Opco Uniformation viennent \u00e0 la rencontre des acteurs associatifs du territoire, \u00e0 l\u2019occasion de rencontres territoriales co-organis\u00e9es avec le R\u00e9seau Creusois des Acteurs du... En savoir plus &raquo;\" \/>\n<meta property=\"og:url\" content=\"https:\/\/aliso.fr\/jeunes\/evenements\/soigner-nos-metiers\/\" \/>\n<meta property=\"og:site_name\" content=\"Aliso Jeunes\" \/>\n<meta property=\"og:image\" content=\"https:\/\/aliso.fr\/jeunes\/wp-content\/uploads\/sites\/3\/\/2024\/04\/image.png\" \/>\n\t<meta property=\"og:image:width\" content=\"1\" \/>\n\t<meta property=\"og:image:height\" content=\"1\" \/>\n\t<meta property=\"og:image:type\" content=\"image\/png\" \/>\n<meta name=\"twitter:card\" content=\"summary_large_image\" \/>\n<script type=\"application\/ld+json\" class=\"yoast-schema-graph\">{\"@context\":\"https:\\\/\\\/schema.org\",\"@graph\":[{\"@type\":\"WebPage\",\"@id\":\"https:\\\/\\\/aliso.fr\\\/jeunes\\\/evenements\\\/soigner-nos-metiers\\\/\",\"url\":\"https:\\\/\\\/aliso.fr\\\/jeunes\\\/evenements\\\/soigner-nos-metiers\\\/\",\"name\":\"SOIGNER NOS METIERS - Aliso Jeunes\",\"isPartOf\":{\"@id\":\"https:\\\/\\\/aliso.fr\\\/jeunes\\\/#website\"},\"primaryImageOfPage\":{\"@id\":\"https:\\\/\\\/aliso.fr\\\/jeunes\\\/evenements\\\/soigner-nos-metiers\\\/#primaryimage\"},\"image\":{\"@id\":\"https:\\\/\\\/aliso.fr\\\/jeunes\\\/evenements\\\/soigner-nos-metiers\\\/#primaryimage\"},\"thumbnailUrl\":\"https:\\\/\\\/aliso.fr\\\/jeunes\\\/wp-content\\\/uploads\\\/sites\\\/3\\\/\\\/2024\\\/04\\\/image.png\",\"datePublished\":\"2024-04-17T10:32:19+00:00\",\"breadcrumb\":{\"@id\":\"https:\\\/\\\/aliso.fr\\\/jeunes\\\/evenements\\\/soigner-nos-metiers\\\/#breadcrumb\"},\"inLanguage\":\"fr-FR\",\"potentialAction\":[{\"@type\":\"ReadAction\",\"target\":[\"https:\\\/\\\/aliso.fr\\\/jeunes\\\/evenements\\\/soigner-nos-metiers\\\/\"]}]},{\"@type\":\"ImageObject\",\"inLanguage\":\"fr-FR\",\"@id\":\"https:\\\/\\\/aliso.fr\\\/jeunes\\\/evenements\\\/soigner-nos-metiers\\\/#primaryimage\",\"url\":\"https:\\\/\\\/aliso.fr\\\/jeunes\\\/wp-content\\\/uploads\\\/sites\\\/3\\\/\\\/2024\\\/04\\\/image.png\",\"contentUrl\":\"https:\\\/\\\/aliso.fr\\\/jeunes\\\/wp-content\\\/uploads\\\/sites\\\/3\\\/\\\/2024\\\/04\\\/image.png\"},{\"@type\":\"BreadcrumbList\",\"@id\":\"https:\\\/\\\/aliso.fr\\\/jeunes\\\/evenements\\\/soigner-nos-metiers\\\/#breadcrumb\",\"itemListElement\":[{\"@type\":\"ListItem\",\"position\":1,\"name\":\"Accueil\",\"item\":\"https:\\\/\\\/aliso.fr\\\/jeunes\\\/\"},{\"@type\":\"ListItem\",\"position\":2,\"name\":\"\u00c9venements\",\"item\":\"https:\\\/\\\/aliso.fr\\\/jeunes\\\/evenements\\\/\"},{\"@type\":\"ListItem\",\"position\":3,\"name\":\"SOIGNER NOS METIERS\"}]},{\"@type\":\"WebSite\",\"@id\":\"https:\\\/\\\/aliso.fr\\\/jeunes\\\/#website\",\"url\":\"https:\\\/\\\/aliso.fr\\\/jeunes\\\/\",\"name\":\"Aliso Jeunes\",\"description\":\"R\u00e9seau Creusois des acteurs du lien social\",\"publisher\":{\"@id\":\"https:\\\/\\\/aliso.fr\\\/jeunes\\\/#organization\"},\"potentialAction\":[{\"@type\":\"SearchAction\",\"target\":{\"@type\":\"EntryPoint\",\"urlTemplate\":\"https:\\\/\\\/aliso.fr\\\/jeunes\\\/?s={search_term_string}\"},\"query-input\":{\"@type\":\"PropertyValueSpecification\",\"valueRequired\":true,\"valueName\":\"search_term_string\"}}],\"inLanguage\":\"fr-FR\"},{\"@type\":\"Organization\",\"@id\":\"https:\\\/\\\/aliso.fr\\\/jeunes\\\/#organization\",\"name\":\"Aliso Jeunes\",\"url\":\"https:\\\/\\\/aliso.fr\\\/jeunes\\\/\",\"logo\":{\"@type\":\"ImageObject\",\"inLanguage\":\"fr-FR\",\"@id\":\"https:\\\/\\\/aliso.fr\\\/jeunes\\\/#\\\/schema\\\/logo\\\/image\\\/\",\"url\":\"https:\\\/\\\/aliso.fr\\\/jeunes\\\/wp-content\\\/uploads\\\/sites\\\/3\\\/2022\\\/01\\\/Logo-ALISO-jeunes-couleur.png\",\"contentUrl\":\"https:\\\/\\\/aliso.fr\\\/jeunes\\\/wp-content\\\/uploads\\\/sites\\\/3\\\/2022\\\/01\\\/Logo-ALISO-jeunes-couleur.png\",\"width\":341,\"height\":392,\"caption\":\"Aliso Jeunes\"},\"image\":{\"@id\":\"https:\\\/\\\/aliso.fr\\\/jeunes\\\/#\\\/schema\\\/logo\\\/image\\\/\"}}]}<\/script>\n<!-- \/ Yoast SEO plugin. -->","yoast_head_json":{"title":"SOIGNER NOS METIERS - Aliso Jeunes","robots":{"index":"index","follow":"follow","max-snippet":"max-snippet:-1","max-image-preview":"max-image-preview:large","max-video-preview":"max-video-preview:-1"},"canonical":"https:\/\/aliso.fr\/jeunes\/evenements\/soigner-nos-metiers\/","og_locale":"fr_FR","og_type":"article","og_title":"SOIGNER NOS METIERS - Aliso Jeunes","og_description":"[28 Juin 2024, Gu\u00e9ret] Nos associations et m\u00e9tiers de l\u2019Animation et du Lien Social sont-ils attractifs ? &nbsp; Le 28 Juin prochain \u00e0 Gu\u00e9ret (Tremplin Nature), l\u2019organisation professionnelle Nationale Hexop\u00e9e et l\u2019Opco Uniformation viennent \u00e0 la rencontre des acteurs associatifs du territoire, \u00e0 l\u2019occasion de rencontres territoriales co-organis\u00e9es avec le R\u00e9seau Creusois des Acteurs du... En savoir plus &raquo;","og_url":"https:\/\/aliso.fr\/jeunes\/evenements\/soigner-nos-metiers\/","og_site_name":"Aliso Jeunes","og_image":[{"url":"https:\/\/aliso.fr\/jeunes\/wp-content\/uploads\/sites\/3\/\/2024\/04\/image.png","width":1,"height":1,"type":"image\/png"}],"twitter_card":"summary_large_image","schema":{"@context":"https:\/\/schema.org","@graph":[{"@type":"WebPage","@id":"https:\/\/aliso.fr\/jeunes\/evenements\/soigner-nos-metiers\/","url":"https:\/\/aliso.fr\/jeunes\/evenements\/soigner-nos-metiers\/","name":"SOIGNER NOS METIERS - Aliso Jeunes","isPartOf":{"@id":"https:\/\/aliso.fr\/jeunes\/#website"},"primaryImageOfPage":{"@id":"https:\/\/aliso.fr\/jeunes\/evenements\/soigner-nos-metiers\/#primaryimage"},"image":{"@id":"https:\/\/aliso.fr\/jeunes\/evenements\/soigner-nos-metiers\/#primaryimage"},"thumbnailUrl":"https:\/\/aliso.fr\/jeunes\/wp-content\/uploads\/sites\/3\/\/2024\/04\/image.png","datePublished":"2024-04-17T10:32:19+00:00","breadcrumb":{"@id":"https:\/\/aliso.fr\/jeunes\/evenements\/soigner-nos-metiers\/#breadcrumb"},"inLanguage":"fr-FR","potentialAction":[{"@type":"ReadAction","target":["https:\/\/aliso.fr\/jeunes\/evenements\/soigner-nos-metiers\/"]}]},{"@type":"ImageObject","inLanguage":"fr-FR","@id":"https:\/\/aliso.fr\/jeunes\/evenements\/soigner-nos-metiers\/#primaryimage","url":"https:\/\/aliso.fr\/jeunes\/wp-content\/uploads\/sites\/3\/\/2024\/04\/image.png","contentUrl":"https:\/\/aliso.fr\/jeunes\/wp-content\/uploads\/sites\/3\/\/2024\/04\/image.png"},{"@type":"BreadcrumbList","@id":"https:\/\/aliso.fr\/jeunes\/evenements\/soigner-nos-metiers\/#breadcrumb","itemListElement":[{"@type":"ListItem","position":1,"name":"Accueil","item":"https:\/\/aliso.fr\/jeunes\/"},{"@type":"ListItem","position":2,"name":"\u00c9venements","item":"https:\/\/aliso.fr\/jeunes\/evenements\/"},{"@type":"ListItem","position":3,"name":"SOIGNER NOS METIERS"}]},{"@type":"WebSite","@id":"https:\/\/aliso.fr\/jeunes\/#website","url":"https:\/\/aliso.fr\/jeunes\/","name":"Aliso Jeunes","description":"R\u00e9seau Creusois des acteurs du lien social","publisher":{"@id":"https:\/\/aliso.fr\/jeunes\/#organization"},"potentialAction":[{"@type":"SearchAction","target":{"@type":"EntryPoint","urlTemplate":"https:\/\/aliso.fr\/jeunes\/?s={search_term_string}"},"query-input":{"@type":"PropertyValueSpecification","valueRequired":true,"valueName":"search_term_string"}}],"inLanguage":"fr-FR"},{"@type":"Organization","@id":"https:\/\/aliso.fr\/jeunes\/#organization","name":"Aliso Jeunes","url":"https:\/\/aliso.fr\/jeunes\/","logo":{"@type":"ImageObject","inLanguage":"fr-FR","@id":"https:\/\/aliso.fr\/jeunes\/#\/schema\/logo\/image\/","url":"https:\/\/aliso.fr\/jeunes\/wp-content\/uploads\/sites\/3\/2022\/01\/Logo-ALISO-jeunes-couleur.png","contentUrl":"https:\/\/aliso.fr\/jeunes\/wp-content\/uploads\/sites\/3\/2022\/01\/Logo-ALISO-jeunes-couleur.png","width":341,"height":392,"caption":"Aliso Jeunes"},"image":{"@id":"https:\/\/aliso.fr\/jeunes\/#\/schema\/logo\/image\/"}}]}},"_links":{"self":[{"href":"https:\/\/aliso.fr\/jeunes\/wp-json\/wp\/v2\/mec-events\/2767","targetHints":{"allow":["GET"]}}],"collection":[{"href":"https:\/\/aliso.fr\/jeunes\/wp-json\/wp\/v2\/mec-events"}],"about":[{"href":"https:\/\/aliso.fr\/jeunes\/wp-json\/wp\/v2\/types\/mec-events"}],"author":[{"embeddable":true,"href":"https:\/\/aliso.fr\/jeunes\/wp-json\/wp\/v2\/users\/1"}],"replies":[{"embeddable":true,"href":"https:\/\/aliso.fr\/jeunes\/wp-json\/wp\/v2\/comments?post=2767"}],"wp:featuredmedia":[{"embeddable":true,"href":"https:\/\/aliso.fr\/jeunes\/wp-json\/wp\/v2\/media\/2768"}],"wp:attachment":[{"href":"https:\/\/aliso.fr\/jeunes\/wp-json\/wp\/v2\/media?parent=2767"}],"wp:term":[{"taxonomy":"post_tag","embeddable":true,"href":"https:\/\/aliso.fr\/jeunes\/wp-json\/wp\/v2\/tags?post=2767"},{"taxonomy":"mec_category","embeddable":true,"href":"https:\/\/aliso.fr\/jeunes\/wp-json\/wp\/v2\/mec_category?post=2767"}],"curies":[{"name":"wp","href":"https:\/\/api.w.org\/{rel}","templated":true}]}}