{"version":"1.0","provider_name":"Aliso R\u00e9seau","provider_url":"https:\/\/aliso.fr\/reseau","title":"MOBILIT\u00c9 INTERNATIONALE DES PROS - Aliso R\u00e9seau","type":"rich","width":600,"height":338,"html":"<blockquote class=\"wp-embedded-content\" data-secret=\"g0DwHQujv1\"><a href=\"https:\/\/aliso.fr\/reseau\/mobilite-internationale-des-pros\/\">MOBILIT\u00c9 INTERNATIONALE DES PROS<\/a><\/blockquote><iframe sandbox=\"allow-scripts\" security=\"restricted\" src=\"https:\/\/aliso.fr\/reseau\/mobilite-internationale-des-pros\/embed\/#?secret=g0DwHQujv1\" width=\"600\" height=\"338\" title=\"\u00ab\u00a0MOBILIT\u00c9 INTERNATIONALE DES PROS\u00a0\u00bb &#8212; Aliso R\u00e9seau\" data-secret=\"g0DwHQujv1\" frameborder=\"0\" marginwidth=\"0\" marginheight=\"0\" scrolling=\"no\" class=\"wp-embedded-content\"><\/iframe><script type=\"text\/javascript\">\n\/* <![CDATA[ *\/\n\/*! This file is auto-generated *\/\n!function(d,l){\"use strict\";l.querySelector&&d.addEventListener&&\"undefined\"!=typeof URL&&(d.wp=d.wp||{},d.wp.receiveEmbedMessage||(d.wp.receiveEmbedMessage=function(e){var t=e.data;if((t||t.secret||t.message||t.value)&&!\/[^a-zA-Z0-9]\/.test(t.secret)){for(var s,r,n,a=l.querySelectorAll('iframe[data-secret=\"'+t.secret+'\"]'),o=l.querySelectorAll('blockquote[data-secret=\"'+t.secret+'\"]'),c=new RegExp(\"^https?:$\",\"i\"),i=0;i<o.length;i++)o[i].style.display=\"none\";for(i=0;i<a.length;i++)s=a[i],e.source===s.contentWindow&&(s.removeAttribute(\"style\"),\"height\"===t.message?(1e3<(r=parseInt(t.value,10))?r=1e3:~~r<200&&(r=200),s.height=r):\"link\"===t.message&&(r=new URL(s.getAttribute(\"src\")),n=new URL(t.value),c.test(n.protocol))&&n.host===r.host&&l.activeElement===s&&(d.top.location.href=t.value))}},d.addEventListener(\"message\",d.wp.receiveEmbedMessage,!1),l.addEventListener(\"DOMContentLoaded\",function(){for(var e,t,s=l.querySelectorAll(\"iframe.wp-embedded-content\"),r=0;r<s.length;r++)(t=(e=s[r]).getAttribute(\"data-secret\"))||(t=Math.random().toString(36).substring(2,12),e.src+=\"#?secret=\"+t,e.setAttribute(\"data-secret\",t)),e.contentWindow.postMessage({message:\"ready\",secret:t},\"*\")},!1)))}(window,document);\n\/\/# sourceURL=https:\/\/aliso.fr\/reseau\/wp-includes\/js\/wp-embed.min.js\n\/* ]]> *\/\n<\/script>\n","thumbnail_url":"https:\/\/aliso.fr\/reseau\/wp-content\/uploads\/sites\/4\/2026\/04\/istockphoto-498475491-1024x1024-1.jpg","thumbnail_width":1024,"thumbnail_height":929,"description":"ALISO souhaite travailler \u00e0 la mobilit\u00e9 europ\u00e9enne des jeunes creusois.\u00a0 En partenariat avec les services de\u00a0 jeunesse et sport, nous avons initi\u00e9 un projet de mobilit\u00e9 des animateurs jeunesse afin de d\u00e9mystifier les dossiers, cr\u00e9er des partenariats et vivre une mobilit\u00e9. Prochaine \u00e9tape : un petit groupe doit partir pour Niort sur un s\u00e9minaire \u00ab\u00a0Diversit\u00e9... En savoir plus &raquo;"}