{"id":2258,"date":"2024-02-14T11:54:09","date_gmt":"2024-02-14T10:54:09","guid":{"rendered":"https:\/\/aliso.fr\/reseau\/evenements\/conseil-dadministration-aliso\/"},"modified":"2024-02-14T11:54:44","modified_gmt":"2024-02-14T10:54:44","slug":"conseil-dadministration-aliso","status":"publish","type":"mec-events","link":"https:\/\/aliso.fr\/reseau\/evenements\/conseil-dadministration-aliso\/","title":{"rendered":"Conseil d&rsquo;Administration ALISO"},"content":{"rendered":"<div align=\"center\"><b><span style=\"font-size: x-large\"><span style=\"color: #8000ff\">Le Conseil d&rsquo;Administration<\/span> <\/span><br \/>\nse r\u00e9unira en amont le Mardi 12 Mars 2024 \u00e0 14h au BAKAO, 4 rue Salvador Allende \u00e0 Gu\u00e9ret\u00a0<\/b><\/div>\n<div align=\"center\"><b>\u00a0<\/b><\/div>\n<div align=\"center\"><b>&#8230;ou en visio :<\/b><\/div>\n<div align=\"center\"><img loading=\"lazy\" decoding=\"async\" class=\"alignnone size-medium wp-image-903\" src=\"https:\/\/aliso.fr\/wp-content\/uploads\/2024\/02\/CA-12-mars-2024-300x300.png\" alt=\"\" width=\"300\" height=\"300\" \/><a class=\"moz-txt-link-freetext\" href=\"https:\/\/us06web.zoom.us\/j\/83013609473\"><br \/>\nhttps:\/\/us06web.zoom.us\/j\/83013609473<\/a>\u00a0\u00a0 &#8211; ID de r\u00e9union: 830 1360 9473<\/div>\n<div align=\"center\"><span style=\"color: #8000ff\">\u00a0<\/span><\/div>\n<div align=\"center\"><span style=\"color: #8000ff\">&#8212;&#8212;&#8212;\u00a0 <b>On en profite pour vous rappeler que vous \u00eates toutes et tous administrateurs et administratrices d&rsquo;ALISO.\u00a0 &#8212;&#8212;&#8212;-<br \/>\nVotre pr\u00e9sence est pr\u00e9cieuse pour la vie du r\u00e9seau.<br \/>\nIl n&rsquo;y a que 2 Conseils d&rsquo;Administration par an.<\/b><\/span><\/div>\n<div align=\"center\"><span style=\"color: #008080\"><u>\u00a0<\/u><\/span><\/div>\n<div align=\"center\"><i><u>Ordre Du Jour :\u00a0<\/u><\/i><\/div>\n<div align=\"center\"><i>Pr\u00e9sentation des comptes<br \/>\nPr\u00e9paration de l&rsquo;Assembl\u00e9e G\u00e9n\u00e9rale<\/i><\/div>\n<div align=\"center\"><i>Actualit\u00e9s et Questions Diverses<\/i><\/div>\n<div align=\"center\"><\/div>\n<div align=\"center\"><\/div>\n<div align=\"center\">A tr\u00e8s bient\u00f4t !<br \/>\nL&rsquo;\u00e9<span style=\"color: #ff0000\">qui<\/span><span style=\"color: #008000\">pe ALI<\/span><span style=\"color: #8000ff\">SO<\/span><\/div>\n","protected":false},"excerpt":{"rendered":"<p>Le Conseil d&rsquo;Administration se r\u00e9unira en amont le Mardi 12 Mars 2024 \u00e0 14h au BAKAO, 4 rue Salvador Allende \u00e0 Gu\u00e9ret\u00a0 \u00a0 &#8230;ou en visio : https:\/\/us06web.zoom.us\/j\/83013609473\u00a0\u00a0 &#8211; ID de r\u00e9union: 830 1360 9473 \u00a0 &#8212;&#8212;&#8212;\u00a0 On en profite pour vous rappeler que vous \u00eates toutes et tous administrateurs et administratrices d&rsquo;ALISO.\u00a0 &#8212;&#8212;&#8212;- Votre&#8230; <a class=\"excerpt-read-more button\" href=\"https:\/\/aliso.fr\/reseau\/evenements\/conseil-dadministration-aliso\/\" title=\"ReadConseil d&rsquo;Administration ALISO\">En savoir plus &raquo;<\/a><\/p>\n","protected":false},"author":3,"featured_media":2260,"comment_status":"closed","ping_status":"closed","template":"","tags":[],"mec_category":[],"class_list":["post-2258","mec-events","type-mec-events","status-publish","has-post-thumbnail","hentry"],"yoast_head":"<!-- This site is optimized with the Yoast SEO plugin v27.5 - https:\/\/yoast.com\/product\/yoast-seo-wordpress\/ -->\n<title>Conseil d&#039;Administration ALISO - Aliso R\u00e9seau<\/title>\n<meta name=\"robots\" content=\"index, follow, max-snippet:-1, max-image-preview:large, max-video-preview:-1\" \/>\n<link rel=\"canonical\" href=\"https:\/\/aliso.fr\/reseau\/evenements\/conseil-dadministration-aliso\/\" \/>\n<meta property=\"og:locale\" content=\"fr_FR\" \/>\n<meta property=\"og:type\" content=\"article\" \/>\n<meta property=\"og:title\" content=\"Conseil d&#039;Administration ALISO - Aliso R\u00e9seau\" \/>\n<meta property=\"og:description\" content=\"Le Conseil d&rsquo;Administration se r\u00e9unira en amont le Mardi 12 Mars 2024 \u00e0 14h au BAKAO, 4 rue Salvador Allende \u00e0 Gu\u00e9ret\u00a0 \u00a0 &#8230;ou en visio : https:\/\/us06web.zoom.us\/j\/83013609473\u00a0\u00a0 &#8211; ID de r\u00e9union: 830 1360 9473 \u00a0 &#8212;&#8212;&#8212;\u00a0 On en profite pour vous rappeler que vous \u00eates toutes et tous administrateurs et administratrices d&rsquo;ALISO.\u00a0 &#8212;&#8212;&#8212;- Votre... En savoir plus &raquo;\" \/>\n<meta property=\"og:url\" content=\"https:\/\/aliso.fr\/reseau\/evenements\/conseil-dadministration-aliso\/\" \/>\n<meta property=\"og:site_name\" content=\"Aliso R\u00e9seau\" \/>\n<meta property=\"article:modified_time\" content=\"2024-02-14T10:54:44+00:00\" \/>\n<meta property=\"og:image\" content=\"https:\/\/aliso.fr\/reseau\/wp-content\/uploads\/sites\/4\/\/2024\/02\/CA-12-mars-2024.png\" \/>\n\t<meta property=\"og:image:width\" content=\"1\" \/>\n\t<meta property=\"og:image:height\" content=\"1\" \/>\n\t<meta property=\"og:image:type\" content=\"image\/png\" \/>\n<meta name=\"twitter:card\" content=\"summary_large_image\" \/>\n<script type=\"application\/ld+json\" class=\"yoast-schema-graph\">{\"@context\":\"https:\\\/\\\/schema.org\",\"@graph\":[{\"@type\":\"WebPage\",\"@id\":\"https:\\\/\\\/aliso.fr\\\/reseau\\\/evenements\\\/conseil-dadministration-aliso\\\/\",\"url\":\"https:\\\/\\\/aliso.fr\\\/reseau\\\/evenements\\\/conseil-dadministration-aliso\\\/\",\"name\":\"Conseil d'Administration ALISO - Aliso R\u00e9seau\",\"isPartOf\":{\"@id\":\"https:\\\/\\\/aliso.fr\\\/reseau\\\/#website\"},\"primaryImageOfPage\":{\"@id\":\"https:\\\/\\\/aliso.fr\\\/reseau\\\/evenements\\\/conseil-dadministration-aliso\\\/#primaryimage\"},\"image\":{\"@id\":\"https:\\\/\\\/aliso.fr\\\/reseau\\\/evenements\\\/conseil-dadministration-aliso\\\/#primaryimage\"},\"thumbnailUrl\":\"https:\\\/\\\/aliso.fr\\\/reseau\\\/wp-content\\\/uploads\\\/sites\\\/4\\\/\\\/2024\\\/02\\\/CA-12-mars-2024.png\",\"datePublished\":\"2024-02-14T10:54:09+00:00\",\"dateModified\":\"2024-02-14T10:54:44+00:00\",\"breadcrumb\":{\"@id\":\"https:\\\/\\\/aliso.fr\\\/reseau\\\/evenements\\\/conseil-dadministration-aliso\\\/#breadcrumb\"},\"inLanguage\":\"fr-FR\",\"potentialAction\":[{\"@type\":\"ReadAction\",\"target\":[\"https:\\\/\\\/aliso.fr\\\/reseau\\\/evenements\\\/conseil-dadministration-aliso\\\/\"]}]},{\"@type\":\"ImageObject\",\"inLanguage\":\"fr-FR\",\"@id\":\"https:\\\/\\\/aliso.fr\\\/reseau\\\/evenements\\\/conseil-dadministration-aliso\\\/#primaryimage\",\"url\":\"https:\\\/\\\/aliso.fr\\\/reseau\\\/wp-content\\\/uploads\\\/sites\\\/4\\\/\\\/2024\\\/02\\\/CA-12-mars-2024.png\",\"contentUrl\":\"https:\\\/\\\/aliso.fr\\\/reseau\\\/wp-content\\\/uploads\\\/sites\\\/4\\\/\\\/2024\\\/02\\\/CA-12-mars-2024.png\"},{\"@type\":\"BreadcrumbList\",\"@id\":\"https:\\\/\\\/aliso.fr\\\/reseau\\\/evenements\\\/conseil-dadministration-aliso\\\/#breadcrumb\",\"itemListElement\":[{\"@type\":\"ListItem\",\"position\":1,\"name\":\"Accueil\",\"item\":\"https:\\\/\\\/aliso.fr\\\/reseau\\\/\"},{\"@type\":\"ListItem\",\"position\":2,\"name\":\"\u00c9venements\",\"item\":\"https:\\\/\\\/aliso.fr\\\/reseau\\\/evenements\\\/\"},{\"@type\":\"ListItem\",\"position\":3,\"name\":\"Conseil d&#8217;Administration ALISO\"}]},{\"@type\":\"WebSite\",\"@id\":\"https:\\\/\\\/aliso.fr\\\/reseau\\\/#website\",\"url\":\"https:\\\/\\\/aliso.fr\\\/reseau\\\/\",\"name\":\"Aliso R\u00e9seau\",\"description\":\"R\u00e9seau Creusois des acteurs du lien social\",\"publisher\":{\"@id\":\"https:\\\/\\\/aliso.fr\\\/reseau\\\/#organization\"},\"potentialAction\":[{\"@type\":\"SearchAction\",\"target\":{\"@type\":\"EntryPoint\",\"urlTemplate\":\"https:\\\/\\\/aliso.fr\\\/reseau\\\/?s={search_term_string}\"},\"query-input\":{\"@type\":\"PropertyValueSpecification\",\"valueRequired\":true,\"valueName\":\"search_term_string\"}}],\"inLanguage\":\"fr-FR\"},{\"@type\":\"Organization\",\"@id\":\"https:\\\/\\\/aliso.fr\\\/reseau\\\/#organization\",\"name\":\"Aliso R\u00e9seau\",\"url\":\"https:\\\/\\\/aliso.fr\\\/reseau\\\/\",\"logo\":{\"@type\":\"ImageObject\",\"inLanguage\":\"fr-FR\",\"@id\":\"https:\\\/\\\/aliso.fr\\\/reseau\\\/#\\\/schema\\\/logo\\\/image\\\/\",\"url\":\"https:\\\/\\\/aliso.fr\\\/reseau\\\/wp-content\\\/uploads\\\/sites\\\/4\\\/2022\\\/01\\\/Logo-ALISO-Reseau-2.png\",\"contentUrl\":\"https:\\\/\\\/aliso.fr\\\/reseau\\\/wp-content\\\/uploads\\\/sites\\\/4\\\/2022\\\/01\\\/Logo-ALISO-Reseau-2.png\",\"width\":900,\"height\":970,\"caption\":\"Aliso R\u00e9seau\"},\"image\":{\"@id\":\"https:\\\/\\\/aliso.fr\\\/reseau\\\/#\\\/schema\\\/logo\\\/image\\\/\"}}]}<\/script>\n<!-- \/ Yoast SEO plugin. -->","yoast_head_json":{"title":"Conseil d'Administration ALISO - Aliso R\u00e9seau","robots":{"index":"index","follow":"follow","max-snippet":"max-snippet:-1","max-image-preview":"max-image-preview:large","max-video-preview":"max-video-preview:-1"},"canonical":"https:\/\/aliso.fr\/reseau\/evenements\/conseil-dadministration-aliso\/","og_locale":"fr_FR","og_type":"article","og_title":"Conseil d'Administration ALISO - Aliso R\u00e9seau","og_description":"Le Conseil d&rsquo;Administration se r\u00e9unira en amont le Mardi 12 Mars 2024 \u00e0 14h au BAKAO, 4 rue Salvador Allende \u00e0 Gu\u00e9ret\u00a0 \u00a0 &#8230;ou en visio : https:\/\/us06web.zoom.us\/j\/83013609473\u00a0\u00a0 &#8211; ID de r\u00e9union: 830 1360 9473 \u00a0 &#8212;&#8212;&#8212;\u00a0 On en profite pour vous rappeler que vous \u00eates toutes et tous administrateurs et administratrices d&rsquo;ALISO.\u00a0 &#8212;&#8212;&#8212;- Votre... En savoir plus &raquo;","og_url":"https:\/\/aliso.fr\/reseau\/evenements\/conseil-dadministration-aliso\/","og_site_name":"Aliso R\u00e9seau","article_modified_time":"2024-02-14T10:54:44+00:00","og_image":[{"url":"https:\/\/aliso.fr\/reseau\/wp-content\/uploads\/sites\/4\/\/2024\/02\/CA-12-mars-2024.png","width":1,"height":1,"type":"image\/png"}],"twitter_card":"summary_large_image","schema":{"@context":"https:\/\/schema.org","@graph":[{"@type":"WebPage","@id":"https:\/\/aliso.fr\/reseau\/evenements\/conseil-dadministration-aliso\/","url":"https:\/\/aliso.fr\/reseau\/evenements\/conseil-dadministration-aliso\/","name":"Conseil d'Administration ALISO - Aliso R\u00e9seau","isPartOf":{"@id":"https:\/\/aliso.fr\/reseau\/#website"},"primaryImageOfPage":{"@id":"https:\/\/aliso.fr\/reseau\/evenements\/conseil-dadministration-aliso\/#primaryimage"},"image":{"@id":"https:\/\/aliso.fr\/reseau\/evenements\/conseil-dadministration-aliso\/#primaryimage"},"thumbnailUrl":"https:\/\/aliso.fr\/reseau\/wp-content\/uploads\/sites\/4\/\/2024\/02\/CA-12-mars-2024.png","datePublished":"2024-02-14T10:54:09+00:00","dateModified":"2024-02-14T10:54:44+00:00","breadcrumb":{"@id":"https:\/\/aliso.fr\/reseau\/evenements\/conseil-dadministration-aliso\/#breadcrumb"},"inLanguage":"fr-FR","potentialAction":[{"@type":"ReadAction","target":["https:\/\/aliso.fr\/reseau\/evenements\/conseil-dadministration-aliso\/"]}]},{"@type":"ImageObject","inLanguage":"fr-FR","@id":"https:\/\/aliso.fr\/reseau\/evenements\/conseil-dadministration-aliso\/#primaryimage","url":"https:\/\/aliso.fr\/reseau\/wp-content\/uploads\/sites\/4\/\/2024\/02\/CA-12-mars-2024.png","contentUrl":"https:\/\/aliso.fr\/reseau\/wp-content\/uploads\/sites\/4\/\/2024\/02\/CA-12-mars-2024.png"},{"@type":"BreadcrumbList","@id":"https:\/\/aliso.fr\/reseau\/evenements\/conseil-dadministration-aliso\/#breadcrumb","itemListElement":[{"@type":"ListItem","position":1,"name":"Accueil","item":"https:\/\/aliso.fr\/reseau\/"},{"@type":"ListItem","position":2,"name":"\u00c9venements","item":"https:\/\/aliso.fr\/reseau\/evenements\/"},{"@type":"ListItem","position":3,"name":"Conseil d&#8217;Administration ALISO"}]},{"@type":"WebSite","@id":"https:\/\/aliso.fr\/reseau\/#website","url":"https:\/\/aliso.fr\/reseau\/","name":"Aliso R\u00e9seau","description":"R\u00e9seau Creusois des acteurs du lien social","publisher":{"@id":"https:\/\/aliso.fr\/reseau\/#organization"},"potentialAction":[{"@type":"SearchAction","target":{"@type":"EntryPoint","urlTemplate":"https:\/\/aliso.fr\/reseau\/?s={search_term_string}"},"query-input":{"@type":"PropertyValueSpecification","valueRequired":true,"valueName":"search_term_string"}}],"inLanguage":"fr-FR"},{"@type":"Organization","@id":"https:\/\/aliso.fr\/reseau\/#organization","name":"Aliso R\u00e9seau","url":"https:\/\/aliso.fr\/reseau\/","logo":{"@type":"ImageObject","inLanguage":"fr-FR","@id":"https:\/\/aliso.fr\/reseau\/#\/schema\/logo\/image\/","url":"https:\/\/aliso.fr\/reseau\/wp-content\/uploads\/sites\/4\/2022\/01\/Logo-ALISO-Reseau-2.png","contentUrl":"https:\/\/aliso.fr\/reseau\/wp-content\/uploads\/sites\/4\/2022\/01\/Logo-ALISO-Reseau-2.png","width":900,"height":970,"caption":"Aliso R\u00e9seau"},"image":{"@id":"https:\/\/aliso.fr\/reseau\/#\/schema\/logo\/image\/"}}]}},"_links":{"self":[{"href":"https:\/\/aliso.fr\/reseau\/wp-json\/wp\/v2\/mec-events\/2258","targetHints":{"allow":["GET"]}}],"collection":[{"href":"https:\/\/aliso.fr\/reseau\/wp-json\/wp\/v2\/mec-events"}],"about":[{"href":"https:\/\/aliso.fr\/reseau\/wp-json\/wp\/v2\/types\/mec-events"}],"author":[{"embeddable":true,"href":"https:\/\/aliso.fr\/reseau\/wp-json\/wp\/v2\/users\/3"}],"replies":[{"embeddable":true,"href":"https:\/\/aliso.fr\/reseau\/wp-json\/wp\/v2\/comments?post=2258"}],"wp:featuredmedia":[{"embeddable":true,"href":"https:\/\/aliso.fr\/reseau\/wp-json\/wp\/v2\/media\/2260"}],"wp:attachment":[{"href":"https:\/\/aliso.fr\/reseau\/wp-json\/wp\/v2\/media?parent=2258"}],"wp:term":[{"taxonomy":"post_tag","embeddable":true,"href":"https:\/\/aliso.fr\/reseau\/wp-json\/wp\/v2\/tags?post=2258"},{"taxonomy":"mec_category","embeddable":true,"href":"https:\/\/aliso.fr\/reseau\/wp-json\/wp\/v2\/mec_category?post=2258"}],"curies":[{"name":"wp","href":"https:\/\/api.w.org\/{rel}","templated":true}]}}