{"id":344,"date":"2022-03-09T15:25:29","date_gmt":"2022-03-09T14:25:29","guid":{"rendered":"https:\/\/aliso.fr\/reseau\/evenements\/assemblee-generale-ordinaire\/"},"modified":"2022-03-25T12:30:42","modified_gmt":"2022-03-25T11:30:42","slug":"assemblee-generale-ordinaire","status":"publish","type":"mec-events","link":"https:\/\/aliso.fr\/reseau\/evenements\/assemblee-generale-ordinaire\/","title":{"rendered":"Assembl\u00e9e g\u00e9n\u00e9rale ordinaire"},"content":{"rendered":"<p>ordre du Jour :<\/p>\n<p><strong>Matin de 10h30 \u00e0 12h<\/strong><br \/>\n&#8211; Rapport Moral &gt;&gt;&gt; Vote du Rapport Moral<br \/>\n&#8211; Rapport Financier &gt;&gt;&gt; Vote du Rapport Financier<br \/>\n&#8211; Pr\u00e9sentation du Rapport d&rsquo;Activit\u00e9s + perspective<br \/>\n&#8211; Budget Pr\u00e9visionnel 2022 &gt;&gt;&gt; Vote du BP<br \/>\n&#8211; Questions diverses<br \/>\n&#8211; \u00c9lection Conseil d&rsquo;Administration<\/p>\n<p><strong>Apr\u00e8s-midi de 14h \u00e0 15h30<\/strong><br \/>\n&#8211; Pr\u00e9sentation Fonds de Solidarit\u00e9 &amp; temps d&rsquo;\u00e9changes &gt;&gt;&gt; Vote de principe<br \/>\n&#8211; Temps d&rsquo;\u00e9changes sur le th\u00e8me de la solidarit\u00e9<\/p>\n<p><strong>\/\/\/ Merci de confirmer votre pr\u00e9sence en r\u00e9pondant \u00e0 <a href=\"&#109;&#x61;i&#108;&#x74;&#111;&#x3a;e&#118;&#x65;n&#x65;&#x6d;&#101;&#x6e;t&#64;&#x61;l&#x69;&#x73;&#111;&#x2e;f&#114;\">&#101;&#x76;e&#110;&#x65;&#109;&#x65;n&#116;&#x40;a&#x6c;&#x69;&#115;&#x6f;&#46;&#102;&#x72;<\/a> \/\/\/ <\/strong><br \/>\n<strong>\/\/\/ Merci de confirmer votre participation au repas et pr\u00e9ciser si vous avez un r\u00e9gime particulier \/\/\/<\/strong><\/p>\n<p>En lien, vous trouverez :<br \/>\n&#8211; le bulletin <a href=\"https:\/\/aliso.fr\/wp-content\/uploads\/2022\/03\/bulletin-adhesion-individuelle.docx\">pour adh\u00e9rer ou pour renouveler votre adh\u00e9sion (Individuelle)<\/a><br \/>\n&#8211; le bulletin <a href=\"https:\/\/aliso.fr\/wp-content\/uploads\/2022\/03\/bulletin-adhesion-structure.docx\">pour adh\u00e9rer ou pour renouveler votre adh\u00e9sion (Structure)<\/a><br \/>\n&#8211; le bulletin <a href=\"https:\/\/aliso.fr\/wp-content\/uploads\/2022\/03\/POUVOIR-2022.docx\">\u00ab\u00a0bon \u00e0 pouvoir\u00a0\u00bb<\/a> pour les adh\u00e9rents actuels.<\/p>\n<p>Si vous souhaitez nous rejoindre dans cette aventure et vous investir encore un peu plus, devenez administratrice.teur et rejoignez le CA et le bureau !!<br \/>\nPour plus d&rsquo;infos, n&rsquo;h\u00e9sitez pas \u00e0 me joindre au 0682312619.<\/p>\n<p>Nous vous attendons nombreuses et nombreux pour ce moment important dans la vie de notre r\u00e9seau<br \/>\net esp\u00e9rons vous retrouver ce <strong>samedi 26 Mars<\/strong>.<\/p>\n<p>Au plaisir,<\/p>\n<p>Pour le bureau :<br \/>\nPhilippe LLAMAS<br \/>\nPr\u00e9sident ALISO<\/p>\n","protected":false},"excerpt":{"rendered":"<p>ordre du Jour : Matin de 10h30 \u00e0 12h &#8211; Rapport Moral &gt;&gt;&gt; Vote du Rapport Moral &#8211; Rapport Financier &gt;&gt;&gt; Vote du Rapport Financier &#8211; Pr\u00e9sentation du Rapport d&rsquo;Activit\u00e9s + perspective &#8211; Budget Pr\u00e9visionnel 2022 &gt;&gt;&gt; Vote du BP &#8211; Questions diverses &#8211; \u00c9lection Conseil d&rsquo;Administration Apr\u00e8s-midi de 14h \u00e0 15h30 &#8211; Pr\u00e9sentation Fonds&#8230; <a class=\"excerpt-read-more button\" href=\"https:\/\/aliso.fr\/reseau\/evenements\/assemblee-generale-ordinaire\/\" title=\"ReadAssembl\u00e9e g\u00e9n\u00e9rale ordinaire\">En savoir plus &raquo;<\/a><\/p>\n","protected":false},"author":1,"featured_media":792,"comment_status":"closed","ping_status":"closed","template":"","tags":[],"mec_category":[],"class_list":["post-344","mec-events","type-mec-events","status-publish","has-post-thumbnail","hentry"],"yoast_head":"<!-- This site is optimized with the Yoast SEO plugin v27.5 - https:\/\/yoast.com\/product\/yoast-seo-wordpress\/ -->\n<title>Assembl\u00e9e g\u00e9n\u00e9rale ordinaire - Aliso R\u00e9seau<\/title>\n<meta name=\"robots\" content=\"index, follow, max-snippet:-1, max-image-preview:large, max-video-preview:-1\" \/>\n<link rel=\"canonical\" href=\"https:\/\/aliso.fr\/reseau\/evenements\/assemblee-generale-ordinaire\/\" \/>\n<meta property=\"og:locale\" content=\"fr_FR\" \/>\n<meta property=\"og:type\" content=\"article\" \/>\n<meta property=\"og:title\" content=\"Assembl\u00e9e g\u00e9n\u00e9rale ordinaire - Aliso R\u00e9seau\" \/>\n<meta property=\"og:description\" content=\"ordre du Jour : Matin de 10h30 \u00e0 12h &#8211; Rapport Moral &gt;&gt;&gt; Vote du Rapport Moral &#8211; Rapport Financier &gt;&gt;&gt; Vote du Rapport Financier &#8211; Pr\u00e9sentation du Rapport d&rsquo;Activit\u00e9s + perspective &#8211; Budget Pr\u00e9visionnel 2022 &gt;&gt;&gt; Vote du BP &#8211; Questions diverses &#8211; \u00c9lection Conseil d&rsquo;Administration Apr\u00e8s-midi de 14h \u00e0 15h30 &#8211; Pr\u00e9sentation Fonds... En savoir plus &raquo;\" \/>\n<meta property=\"og:url\" content=\"https:\/\/aliso.fr\/reseau\/evenements\/assemblee-generale-ordinaire\/\" \/>\n<meta property=\"og:site_name\" content=\"Aliso R\u00e9seau\" \/>\n<meta property=\"article:modified_time\" content=\"2022-03-25T11:30:42+00:00\" \/>\n<meta name=\"twitter:card\" content=\"summary_large_image\" \/>\n<script type=\"application\/ld+json\" class=\"yoast-schema-graph\">{\"@context\":\"https:\\\/\\\/schema.org\",\"@graph\":[{\"@type\":\"WebPage\",\"@id\":\"https:\\\/\\\/aliso.fr\\\/reseau\\\/evenements\\\/assemblee-generale-ordinaire\\\/\",\"url\":\"https:\\\/\\\/aliso.fr\\\/reseau\\\/evenements\\\/assemblee-generale-ordinaire\\\/\",\"name\":\"Assembl\u00e9e g\u00e9n\u00e9rale ordinaire - Aliso R\u00e9seau\",\"isPartOf\":{\"@id\":\"https:\\\/\\\/aliso.fr\\\/reseau\\\/#website\"},\"primaryImageOfPage\":{\"@id\":\"https:\\\/\\\/aliso.fr\\\/reseau\\\/evenements\\\/assemblee-generale-ordinaire\\\/#primaryimage\"},\"image\":{\"@id\":\"https:\\\/\\\/aliso.fr\\\/reseau\\\/evenements\\\/assemblee-generale-ordinaire\\\/#primaryimage\"},\"thumbnailUrl\":\"https:\\\/\\\/aliso.fr\\\/reseau\\\/wp-content\\\/uploads\\\/sites\\\/4\\\/\\\/2022\\\/03\\\/ag-aliso.jpg\",\"datePublished\":\"2022-03-09T14:25:29+00:00\",\"dateModified\":\"2022-03-25T11:30:42+00:00\",\"breadcrumb\":{\"@id\":\"https:\\\/\\\/aliso.fr\\\/reseau\\\/evenements\\\/assemblee-generale-ordinaire\\\/#breadcrumb\"},\"inLanguage\":\"fr-FR\",\"potentialAction\":[{\"@type\":\"ReadAction\",\"target\":[\"https:\\\/\\\/aliso.fr\\\/reseau\\\/evenements\\\/assemblee-generale-ordinaire\\\/\"]}]},{\"@type\":\"ImageObject\",\"inLanguage\":\"fr-FR\",\"@id\":\"https:\\\/\\\/aliso.fr\\\/reseau\\\/evenements\\\/assemblee-generale-ordinaire\\\/#primaryimage\",\"url\":\"https:\\\/\\\/aliso.fr\\\/reseau\\\/wp-content\\\/uploads\\\/sites\\\/4\\\/\\\/2022\\\/03\\\/ag-aliso.jpg\",\"contentUrl\":\"https:\\\/\\\/aliso.fr\\\/reseau\\\/wp-content\\\/uploads\\\/sites\\\/4\\\/\\\/2022\\\/03\\\/ag-aliso.jpg\",\"caption\":\"AG de l'association Aliso\"},{\"@type\":\"BreadcrumbList\",\"@id\":\"https:\\\/\\\/aliso.fr\\\/reseau\\\/evenements\\\/assemblee-generale-ordinaire\\\/#breadcrumb\",\"itemListElement\":[{\"@type\":\"ListItem\",\"position\":1,\"name\":\"Accueil\",\"item\":\"https:\\\/\\\/aliso.fr\\\/reseau\\\/\"},{\"@type\":\"ListItem\",\"position\":2,\"name\":\"\u00c9venements\",\"item\":\"https:\\\/\\\/aliso.fr\\\/reseau\\\/evenements\\\/\"},{\"@type\":\"ListItem\",\"position\":3,\"name\":\"Assembl\u00e9e g\u00e9n\u00e9rale ordinaire\"}]},{\"@type\":\"WebSite\",\"@id\":\"https:\\\/\\\/aliso.fr\\\/reseau\\\/#website\",\"url\":\"https:\\\/\\\/aliso.fr\\\/reseau\\\/\",\"name\":\"Aliso R\u00e9seau\",\"description\":\"R\u00e9seau Creusois des acteurs du lien social\",\"publisher\":{\"@id\":\"https:\\\/\\\/aliso.fr\\\/reseau\\\/#organization\"},\"potentialAction\":[{\"@type\":\"SearchAction\",\"target\":{\"@type\":\"EntryPoint\",\"urlTemplate\":\"https:\\\/\\\/aliso.fr\\\/reseau\\\/?s={search_term_string}\"},\"query-input\":{\"@type\":\"PropertyValueSpecification\",\"valueRequired\":true,\"valueName\":\"search_term_string\"}}],\"inLanguage\":\"fr-FR\"},{\"@type\":\"Organization\",\"@id\":\"https:\\\/\\\/aliso.fr\\\/reseau\\\/#organization\",\"name\":\"Aliso R\u00e9seau\",\"url\":\"https:\\\/\\\/aliso.fr\\\/reseau\\\/\",\"logo\":{\"@type\":\"ImageObject\",\"inLanguage\":\"fr-FR\",\"@id\":\"https:\\\/\\\/aliso.fr\\\/reseau\\\/#\\\/schema\\\/logo\\\/image\\\/\",\"url\":\"https:\\\/\\\/aliso.fr\\\/reseau\\\/wp-content\\\/uploads\\\/sites\\\/4\\\/2022\\\/01\\\/Logo-ALISO-Reseau-2.png\",\"contentUrl\":\"https:\\\/\\\/aliso.fr\\\/reseau\\\/wp-content\\\/uploads\\\/sites\\\/4\\\/2022\\\/01\\\/Logo-ALISO-Reseau-2.png\",\"width\":900,\"height\":970,\"caption\":\"Aliso R\u00e9seau\"},\"image\":{\"@id\":\"https:\\\/\\\/aliso.fr\\\/reseau\\\/#\\\/schema\\\/logo\\\/image\\\/\"}}]}<\/script>\n<!-- \/ Yoast SEO plugin. -->","yoast_head_json":{"title":"Assembl\u00e9e g\u00e9n\u00e9rale ordinaire - Aliso R\u00e9seau","robots":{"index":"index","follow":"follow","max-snippet":"max-snippet:-1","max-image-preview":"max-image-preview:large","max-video-preview":"max-video-preview:-1"},"canonical":"https:\/\/aliso.fr\/reseau\/evenements\/assemblee-generale-ordinaire\/","og_locale":"fr_FR","og_type":"article","og_title":"Assembl\u00e9e g\u00e9n\u00e9rale ordinaire - Aliso R\u00e9seau","og_description":"ordre du Jour : Matin de 10h30 \u00e0 12h &#8211; Rapport Moral &gt;&gt;&gt; Vote du Rapport Moral &#8211; Rapport Financier &gt;&gt;&gt; Vote du Rapport Financier &#8211; Pr\u00e9sentation du Rapport d&rsquo;Activit\u00e9s + perspective &#8211; Budget Pr\u00e9visionnel 2022 &gt;&gt;&gt; Vote du BP &#8211; Questions diverses &#8211; \u00c9lection Conseil d&rsquo;Administration Apr\u00e8s-midi de 14h \u00e0 15h30 &#8211; Pr\u00e9sentation Fonds... En savoir plus &raquo;","og_url":"https:\/\/aliso.fr\/reseau\/evenements\/assemblee-generale-ordinaire\/","og_site_name":"Aliso R\u00e9seau","article_modified_time":"2022-03-25T11:30:42+00:00","twitter_card":"summary_large_image","schema":{"@context":"https:\/\/schema.org","@graph":[{"@type":"WebPage","@id":"https:\/\/aliso.fr\/reseau\/evenements\/assemblee-generale-ordinaire\/","url":"https:\/\/aliso.fr\/reseau\/evenements\/assemblee-generale-ordinaire\/","name":"Assembl\u00e9e g\u00e9n\u00e9rale ordinaire - Aliso R\u00e9seau","isPartOf":{"@id":"https:\/\/aliso.fr\/reseau\/#website"},"primaryImageOfPage":{"@id":"https:\/\/aliso.fr\/reseau\/evenements\/assemblee-generale-ordinaire\/#primaryimage"},"image":{"@id":"https:\/\/aliso.fr\/reseau\/evenements\/assemblee-generale-ordinaire\/#primaryimage"},"thumbnailUrl":"https:\/\/aliso.fr\/reseau\/wp-content\/uploads\/sites\/4\/\/2022\/03\/ag-aliso.jpg","datePublished":"2022-03-09T14:25:29+00:00","dateModified":"2022-03-25T11:30:42+00:00","breadcrumb":{"@id":"https:\/\/aliso.fr\/reseau\/evenements\/assemblee-generale-ordinaire\/#breadcrumb"},"inLanguage":"fr-FR","potentialAction":[{"@type":"ReadAction","target":["https:\/\/aliso.fr\/reseau\/evenements\/assemblee-generale-ordinaire\/"]}]},{"@type":"ImageObject","inLanguage":"fr-FR","@id":"https:\/\/aliso.fr\/reseau\/evenements\/assemblee-generale-ordinaire\/#primaryimage","url":"https:\/\/aliso.fr\/reseau\/wp-content\/uploads\/sites\/4\/\/2022\/03\/ag-aliso.jpg","contentUrl":"https:\/\/aliso.fr\/reseau\/wp-content\/uploads\/sites\/4\/\/2022\/03\/ag-aliso.jpg","caption":"AG de l'association Aliso"},{"@type":"BreadcrumbList","@id":"https:\/\/aliso.fr\/reseau\/evenements\/assemblee-generale-ordinaire\/#breadcrumb","itemListElement":[{"@type":"ListItem","position":1,"name":"Accueil","item":"https:\/\/aliso.fr\/reseau\/"},{"@type":"ListItem","position":2,"name":"\u00c9venements","item":"https:\/\/aliso.fr\/reseau\/evenements\/"},{"@type":"ListItem","position":3,"name":"Assembl\u00e9e g\u00e9n\u00e9rale ordinaire"}]},{"@type":"WebSite","@id":"https:\/\/aliso.fr\/reseau\/#website","url":"https:\/\/aliso.fr\/reseau\/","name":"Aliso R\u00e9seau","description":"R\u00e9seau Creusois des acteurs du lien social","publisher":{"@id":"https:\/\/aliso.fr\/reseau\/#organization"},"potentialAction":[{"@type":"SearchAction","target":{"@type":"EntryPoint","urlTemplate":"https:\/\/aliso.fr\/reseau\/?s={search_term_string}"},"query-input":{"@type":"PropertyValueSpecification","valueRequired":true,"valueName":"search_term_string"}}],"inLanguage":"fr-FR"},{"@type":"Organization","@id":"https:\/\/aliso.fr\/reseau\/#organization","name":"Aliso R\u00e9seau","url":"https:\/\/aliso.fr\/reseau\/","logo":{"@type":"ImageObject","inLanguage":"fr-FR","@id":"https:\/\/aliso.fr\/reseau\/#\/schema\/logo\/image\/","url":"https:\/\/aliso.fr\/reseau\/wp-content\/uploads\/sites\/4\/2022\/01\/Logo-ALISO-Reseau-2.png","contentUrl":"https:\/\/aliso.fr\/reseau\/wp-content\/uploads\/sites\/4\/2022\/01\/Logo-ALISO-Reseau-2.png","width":900,"height":970,"caption":"Aliso R\u00e9seau"},"image":{"@id":"https:\/\/aliso.fr\/reseau\/#\/schema\/logo\/image\/"}}]}},"_links":{"self":[{"href":"https:\/\/aliso.fr\/reseau\/wp-json\/wp\/v2\/mec-events\/344","targetHints":{"allow":["GET"]}}],"collection":[{"href":"https:\/\/aliso.fr\/reseau\/wp-json\/wp\/v2\/mec-events"}],"about":[{"href":"https:\/\/aliso.fr\/reseau\/wp-json\/wp\/v2\/types\/mec-events"}],"author":[{"embeddable":true,"href":"https:\/\/aliso.fr\/reseau\/wp-json\/wp\/v2\/users\/1"}],"replies":[{"embeddable":true,"href":"https:\/\/aliso.fr\/reseau\/wp-json\/wp\/v2\/comments?post=344"}],"wp:featuredmedia":[{"embeddable":true,"href":"https:\/\/aliso.fr\/reseau\/wp-json\/wp\/v2\/media\/792"}],"wp:attachment":[{"href":"https:\/\/aliso.fr\/reseau\/wp-json\/wp\/v2\/media?parent=344"}],"wp:term":[{"taxonomy":"post_tag","embeddable":true,"href":"https:\/\/aliso.fr\/reseau\/wp-json\/wp\/v2\/tags?post=344"},{"taxonomy":"mec_category","embeddable":true,"href":"https:\/\/aliso.fr\/reseau\/wp-json\/wp\/v2\/mec_category?post=344"}],"curies":[{"name":"wp","href":"https:\/\/api.w.org\/{rel}","templated":true}]}}