{"id":340,"date":"2022-11-02T14:49:00","date_gmt":"2022-11-02T13:49:00","guid":{"rendered":"https:\/\/aliso.fr\/reseau\/?page_id=340"},"modified":"2025-09-16T11:55:27","modified_gmt":"2025-09-16T09:55:27","slug":"la-vie-des-groupes-reseau","status":"publish","type":"page","link":"https:\/\/aliso.fr\/reseau\/la-vie-des-groupes-reseau\/","title":{"rendered":"La vie des groupes r\u00e9seau"},"content":{"rendered":"\n<p>Page en cours de construction<\/p>\n\n\n\n<p><strong>La vie du r\u00e9seau ALISO repose sur plusieurs activit\u00e9s et rencontres : <\/strong><br>&#8211; la gouvernance de l&rsquo;association<br>&#8211; les visites, les appels, les \u00e9changes en tous genres, la r\u00e9activit\u00e9 et les mises en lien entre structures et acteur.ice.s<br>&#8211; l&rsquo;information et la communication via les r\u00e9seaux sociaux, les appels, la lettre mensuelle, la liste membres<br>&#8211; les temps forts comme l&rsquo;AG ou Aliso&rsquo;pop, mais bien d&rsquo;autres encore<br>&#8211; la formation<br>&#8211; les groupes th\u00e9matiques et m\u00e9tiers, en lien \u00e9troit avec la construction de la formation<\/p>\n\n\n\n<p><strong>Actuellement, les groupes qui r\u00e9unissent les membres du r\u00e9seau sont les suivants : <\/strong><br>&#8211; Parentalit\u00e9 23 &#8211; r\u00e9f\u00e9rente Fabienne<br>&#8211; Groupe d&rsquo;Analyse de Pratiques des r\u00e9f\u00e9rentes famille &#8211; r\u00e9f\u00e9rente Fabienne<br>&#8211; Groupe animation Jeunesse &#8211; r\u00e9f\u00e9rente Christelle<br>&#8211; Groupe Responsables Administratifs et Financiers &#8211; r\u00e9f\u00e9rente Christelle<br>&#8211; Groupe Pilotes de structures &#8211; r\u00e9f\u00e9rente Laure<br>&#8211; Groupe Accueil &#8211; r\u00e9f\u00e9rente Laure <br>&#8211; Groupe Promeneurs du Net &#8211; r\u00e9f\u00e9rente Christelle ( ce groupe accueille aussi des participant.e.s hors r\u00e9seau)<br>&#8211; Groupe R\u00e9seau IJ &#8211; r\u00e9f\u00e9rente Fabienne<br>&#8211; Groupe Staff ALISO&rsquo;POP &#8211; r\u00e9f\u00e9rente Laure <br><em>Un autre groupe est actif mais pas exclusif au r\u00e9seau : Groupe Enfance Jeunesse<\/em><\/p>\n\n\n\n<p><strong>D&rsquo;autres groupes pourraient voir ou revoir le jour sur votre initiative et\/ou avec votre appui ou participation :<\/strong> <br>&#8211; Un groupe sur un th\u00e9matiques que vous \u00eates plusieurs \u00e0 vouloir aborder : exprimez-vous aupr\u00e8s des salari\u00e9.e.s de l&rsquo;\u00e9quipe ALISO ou des membres du bureau.<br>&#8211; Groupe Administrateur.ice.s des structures du r\u00e9seau &#8211; r\u00e9f\u00e9rente Laure (reprise et revisite d&rsquo;une initiative exp\u00e9riment\u00e9e en 2022)<br><br>&#8211; Groupe Identit\u00e9 et Solidarit\u00e9 dans le r\u00e9seau &#8211; r\u00e9f\u00e9rente Laure (\u00e9volutions des travaux d\u00e9j\u00e0 en cours et nouvelles approches)<br>&#8211; Groupe Positionnement, Vie publique &amp; citoyenne de nos associations &#8211; r\u00e9f\u00e9rente Laure (en \u00e9cho au travail enclench\u00e9 lors d&rsquo;ALISO&rsquo;POP 2025)<br>&#8211; Groupe Observatoire et Recherche &#8211;<\/p>\n\n\n\n<p><br>Ces groupes sont des espaces d&rsquo;\u00e9changes, d&rsquo;analyses, de construction, de th\u00e9orisation et contribuent aux d\u00e9cisions qui peuvent \u00eatre prises en bureau, CA ou AG.<br>La fr\u00e9quence des RDV varient en fonction des p\u00e9riodes et du contenu abord\u00e9 par les groupes : en moyenne ils se r\u00e9unissent tous les trimestres.<br>Les groupes sont ouverts \u00e0 l&rsquo;ensemble des membres des structures adh\u00e9rentes d&rsquo;ALISO, et quelque soit le moment o\u00f9 cela commence \u00e0 vous int\u00e9resser. On encourage les participants \u00e0 \u00eatre dans une d\u00e9marche continue et suivie id\u00e9alement et surtout \u00e0 pr\u00e9venir en amont en cas d&rsquo;absence pour des soucis d&rsquo;organisation et de dynamiques de groupes.<br>Les dates de RDV et le fonctionnement du groupe sont d\u00e9cid\u00e9es en groupe pour faciliter la participation. <br><\/p>\n\n\n\n<p><\/p>\n\n\n\n<p><br><br><\/p>\n","protected":false},"excerpt":{"rendered":"<p>Page en cours de construction La vie du r\u00e9seau ALISO repose sur plusieurs activit\u00e9s et rencontres : &#8211; la gouvernance de l&rsquo;association&#8211; les visites, les appels, les \u00e9changes en tous genres, la r\u00e9activit\u00e9 et les mises en lien entre structures et acteur.ice.s&#8211; l&rsquo;information et la communication via les r\u00e9seaux sociaux, les appels, la lettre mensuelle,&#8230; <a class=\"excerpt-read-more button\" href=\"https:\/\/aliso.fr\/reseau\/la-vie-des-groupes-reseau\/\" title=\"ReadLa vie des groupes r\u00e9seau\">En savoir plus &raquo;<\/a><\/p>\n","protected":false},"author":3,"featured_media":3125,"parent":0,"menu_order":0,"comment_status":"closed","ping_status":"closed","template":"","meta":{"footnotes":""},"class_list":["post-340","page","type-page","status-publish","has-post-thumbnail","hentry"],"yoast_head":"<!-- This site is optimized with the Yoast SEO plugin v27.4 - https:\/\/yoast.com\/product\/yoast-seo-wordpress\/ -->\n<title>La vie des groupes r\u00e9seau - Aliso R\u00e9seau<\/title>\n<meta name=\"robots\" content=\"index, follow, max-snippet:-1, max-image-preview:large, max-video-preview:-1\" \/>\n<link rel=\"canonical\" href=\"https:\/\/aliso.fr\/reseau\/la-vie-des-groupes-reseau\/\" \/>\n<meta property=\"og:locale\" content=\"fr_FR\" \/>\n<meta property=\"og:type\" content=\"article\" \/>\n<meta property=\"og:title\" content=\"La vie des groupes r\u00e9seau - Aliso R\u00e9seau\" \/>\n<meta property=\"og:description\" content=\"Page en cours de construction La vie du r\u00e9seau ALISO repose sur plusieurs activit\u00e9s et rencontres : &#8211; la gouvernance de l&rsquo;association&#8211; les visites, les appels, les \u00e9changes en tous genres, la r\u00e9activit\u00e9 et les mises en lien entre structures et acteur.ice.s&#8211; l&rsquo;information et la communication via les r\u00e9seaux sociaux, les appels, la lettre mensuelle,... En savoir plus &raquo;\" \/>\n<meta property=\"og:url\" content=\"https:\/\/aliso.fr\/reseau\/la-vie-des-groupes-reseau\/\" \/>\n<meta property=\"og:site_name\" content=\"Aliso R\u00e9seau\" \/>\n<meta property=\"article:modified_time\" content=\"2025-09-16T09:55:27+00:00\" \/>\n<meta property=\"og:image\" content=\"https:\/\/aliso.fr\/reseau\/wp-content\/uploads\/sites\/4\/2025\/09\/Logo-ALISO-couleur.png\" \/>\n\t<meta property=\"og:image:width\" content=\"341\" \/>\n\t<meta property=\"og:image:height\" content=\"467\" \/>\n\t<meta property=\"og:image:type\" content=\"image\/png\" \/>\n<meta name=\"twitter:card\" content=\"summary_large_image\" \/>\n<script type=\"application\/ld+json\" class=\"yoast-schema-graph\">{\"@context\":\"https:\\\/\\\/schema.org\",\"@graph\":[{\"@type\":\"WebPage\",\"@id\":\"https:\\\/\\\/aliso.fr\\\/reseau\\\/la-vie-des-groupes-reseau\\\/\",\"url\":\"https:\\\/\\\/aliso.fr\\\/reseau\\\/la-vie-des-groupes-reseau\\\/\",\"name\":\"La vie des groupes r\u00e9seau - Aliso R\u00e9seau\",\"isPartOf\":{\"@id\":\"https:\\\/\\\/aliso.fr\\\/reseau\\\/#website\"},\"primaryImageOfPage\":{\"@id\":\"https:\\\/\\\/aliso.fr\\\/reseau\\\/la-vie-des-groupes-reseau\\\/#primaryimage\"},\"image\":{\"@id\":\"https:\\\/\\\/aliso.fr\\\/reseau\\\/la-vie-des-groupes-reseau\\\/#primaryimage\"},\"thumbnailUrl\":\"https:\\\/\\\/aliso.fr\\\/reseau\\\/wp-content\\\/uploads\\\/sites\\\/4\\\/2025\\\/09\\\/Logo-ALISO-couleur.png\",\"datePublished\":\"2022-11-02T13:49:00+00:00\",\"dateModified\":\"2025-09-16T09:55:27+00:00\",\"breadcrumb\":{\"@id\":\"https:\\\/\\\/aliso.fr\\\/reseau\\\/la-vie-des-groupes-reseau\\\/#breadcrumb\"},\"inLanguage\":\"fr-FR\",\"potentialAction\":[{\"@type\":\"ReadAction\",\"target\":[\"https:\\\/\\\/aliso.fr\\\/reseau\\\/la-vie-des-groupes-reseau\\\/\"]}]},{\"@type\":\"ImageObject\",\"inLanguage\":\"fr-FR\",\"@id\":\"https:\\\/\\\/aliso.fr\\\/reseau\\\/la-vie-des-groupes-reseau\\\/#primaryimage\",\"url\":\"https:\\\/\\\/aliso.fr\\\/reseau\\\/wp-content\\\/uploads\\\/sites\\\/4\\\/2025\\\/09\\\/Logo-ALISO-couleur.png\",\"contentUrl\":\"https:\\\/\\\/aliso.fr\\\/reseau\\\/wp-content\\\/uploads\\\/sites\\\/4\\\/2025\\\/09\\\/Logo-ALISO-couleur.png\",\"width\":341,\"height\":467},{\"@type\":\"BreadcrumbList\",\"@id\":\"https:\\\/\\\/aliso.fr\\\/reseau\\\/la-vie-des-groupes-reseau\\\/#breadcrumb\",\"itemListElement\":[{\"@type\":\"ListItem\",\"position\":1,\"name\":\"Accueil\",\"item\":\"https:\\\/\\\/aliso.fr\\\/reseau\\\/\"},{\"@type\":\"ListItem\",\"position\":2,\"name\":\"La vie des groupes r\u00e9seau\"}]},{\"@type\":\"WebSite\",\"@id\":\"https:\\\/\\\/aliso.fr\\\/reseau\\\/#website\",\"url\":\"https:\\\/\\\/aliso.fr\\\/reseau\\\/\",\"name\":\"Aliso R\u00e9seau\",\"description\":\"R\u00e9seau Creusois des acteurs du lien social\",\"publisher\":{\"@id\":\"https:\\\/\\\/aliso.fr\\\/reseau\\\/#organization\"},\"potentialAction\":[{\"@type\":\"SearchAction\",\"target\":{\"@type\":\"EntryPoint\",\"urlTemplate\":\"https:\\\/\\\/aliso.fr\\\/reseau\\\/?s={search_term_string}\"},\"query-input\":{\"@type\":\"PropertyValueSpecification\",\"valueRequired\":true,\"valueName\":\"search_term_string\"}}],\"inLanguage\":\"fr-FR\"},{\"@type\":\"Organization\",\"@id\":\"https:\\\/\\\/aliso.fr\\\/reseau\\\/#organization\",\"name\":\"Aliso R\u00e9seau\",\"url\":\"https:\\\/\\\/aliso.fr\\\/reseau\\\/\",\"logo\":{\"@type\":\"ImageObject\",\"inLanguage\":\"fr-FR\",\"@id\":\"https:\\\/\\\/aliso.fr\\\/reseau\\\/#\\\/schema\\\/logo\\\/image\\\/\",\"url\":\"https:\\\/\\\/aliso.fr\\\/reseau\\\/wp-content\\\/uploads\\\/sites\\\/4\\\/2022\\\/01\\\/Logo-ALISO-Reseau-2.png\",\"contentUrl\":\"https:\\\/\\\/aliso.fr\\\/reseau\\\/wp-content\\\/uploads\\\/sites\\\/4\\\/2022\\\/01\\\/Logo-ALISO-Reseau-2.png\",\"width\":900,\"height\":970,\"caption\":\"Aliso R\u00e9seau\"},\"image\":{\"@id\":\"https:\\\/\\\/aliso.fr\\\/reseau\\\/#\\\/schema\\\/logo\\\/image\\\/\"}}]}<\/script>\n<!-- \/ Yoast SEO plugin. -->","yoast_head_json":{"title":"La vie des groupes r\u00e9seau - Aliso R\u00e9seau","robots":{"index":"index","follow":"follow","max-snippet":"max-snippet:-1","max-image-preview":"max-image-preview:large","max-video-preview":"max-video-preview:-1"},"canonical":"https:\/\/aliso.fr\/reseau\/la-vie-des-groupes-reseau\/","og_locale":"fr_FR","og_type":"article","og_title":"La vie des groupes r\u00e9seau - Aliso R\u00e9seau","og_description":"Page en cours de construction La vie du r\u00e9seau ALISO repose sur plusieurs activit\u00e9s et rencontres : &#8211; la gouvernance de l&rsquo;association&#8211; les visites, les appels, les \u00e9changes en tous genres, la r\u00e9activit\u00e9 et les mises en lien entre structures et acteur.ice.s&#8211; l&rsquo;information et la communication via les r\u00e9seaux sociaux, les appels, la lettre mensuelle,... En savoir plus &raquo;","og_url":"https:\/\/aliso.fr\/reseau\/la-vie-des-groupes-reseau\/","og_site_name":"Aliso R\u00e9seau","article_modified_time":"2025-09-16T09:55:27+00:00","og_image":[{"width":341,"height":467,"url":"https:\/\/aliso.fr\/reseau\/wp-content\/uploads\/sites\/4\/2025\/09\/Logo-ALISO-couleur.png","type":"image\/png"}],"twitter_card":"summary_large_image","schema":{"@context":"https:\/\/schema.org","@graph":[{"@type":"WebPage","@id":"https:\/\/aliso.fr\/reseau\/la-vie-des-groupes-reseau\/","url":"https:\/\/aliso.fr\/reseau\/la-vie-des-groupes-reseau\/","name":"La vie des groupes r\u00e9seau - Aliso R\u00e9seau","isPartOf":{"@id":"https:\/\/aliso.fr\/reseau\/#website"},"primaryImageOfPage":{"@id":"https:\/\/aliso.fr\/reseau\/la-vie-des-groupes-reseau\/#primaryimage"},"image":{"@id":"https:\/\/aliso.fr\/reseau\/la-vie-des-groupes-reseau\/#primaryimage"},"thumbnailUrl":"https:\/\/aliso.fr\/reseau\/wp-content\/uploads\/sites\/4\/2025\/09\/Logo-ALISO-couleur.png","datePublished":"2022-11-02T13:49:00+00:00","dateModified":"2025-09-16T09:55:27+00:00","breadcrumb":{"@id":"https:\/\/aliso.fr\/reseau\/la-vie-des-groupes-reseau\/#breadcrumb"},"inLanguage":"fr-FR","potentialAction":[{"@type":"ReadAction","target":["https:\/\/aliso.fr\/reseau\/la-vie-des-groupes-reseau\/"]}]},{"@type":"ImageObject","inLanguage":"fr-FR","@id":"https:\/\/aliso.fr\/reseau\/la-vie-des-groupes-reseau\/#primaryimage","url":"https:\/\/aliso.fr\/reseau\/wp-content\/uploads\/sites\/4\/2025\/09\/Logo-ALISO-couleur.png","contentUrl":"https:\/\/aliso.fr\/reseau\/wp-content\/uploads\/sites\/4\/2025\/09\/Logo-ALISO-couleur.png","width":341,"height":467},{"@type":"BreadcrumbList","@id":"https:\/\/aliso.fr\/reseau\/la-vie-des-groupes-reseau\/#breadcrumb","itemListElement":[{"@type":"ListItem","position":1,"name":"Accueil","item":"https:\/\/aliso.fr\/reseau\/"},{"@type":"ListItem","position":2,"name":"La vie des groupes r\u00e9seau"}]},{"@type":"WebSite","@id":"https:\/\/aliso.fr\/reseau\/#website","url":"https:\/\/aliso.fr\/reseau\/","name":"Aliso R\u00e9seau","description":"R\u00e9seau Creusois des acteurs du lien social","publisher":{"@id":"https:\/\/aliso.fr\/reseau\/#organization"},"potentialAction":[{"@type":"SearchAction","target":{"@type":"EntryPoint","urlTemplate":"https:\/\/aliso.fr\/reseau\/?s={search_term_string}"},"query-input":{"@type":"PropertyValueSpecification","valueRequired":true,"valueName":"search_term_string"}}],"inLanguage":"fr-FR"},{"@type":"Organization","@id":"https:\/\/aliso.fr\/reseau\/#organization","name":"Aliso R\u00e9seau","url":"https:\/\/aliso.fr\/reseau\/","logo":{"@type":"ImageObject","inLanguage":"fr-FR","@id":"https:\/\/aliso.fr\/reseau\/#\/schema\/logo\/image\/","url":"https:\/\/aliso.fr\/reseau\/wp-content\/uploads\/sites\/4\/2022\/01\/Logo-ALISO-Reseau-2.png","contentUrl":"https:\/\/aliso.fr\/reseau\/wp-content\/uploads\/sites\/4\/2022\/01\/Logo-ALISO-Reseau-2.png","width":900,"height":970,"caption":"Aliso R\u00e9seau"},"image":{"@id":"https:\/\/aliso.fr\/reseau\/#\/schema\/logo\/image\/"}}]}},"_links":{"self":[{"href":"https:\/\/aliso.fr\/reseau\/wp-json\/wp\/v2\/pages\/340","targetHints":{"allow":["GET"]}}],"collection":[{"href":"https:\/\/aliso.fr\/reseau\/wp-json\/wp\/v2\/pages"}],"about":[{"href":"https:\/\/aliso.fr\/reseau\/wp-json\/wp\/v2\/types\/page"}],"author":[{"embeddable":true,"href":"https:\/\/aliso.fr\/reseau\/wp-json\/wp\/v2\/users\/3"}],"replies":[{"embeddable":true,"href":"https:\/\/aliso.fr\/reseau\/wp-json\/wp\/v2\/comments?post=340"}],"version-history":[{"count":5,"href":"https:\/\/aliso.fr\/reseau\/wp-json\/wp\/v2\/pages\/340\/revisions"}],"predecessor-version":[{"id":3146,"href":"https:\/\/aliso.fr\/reseau\/wp-json\/wp\/v2\/pages\/340\/revisions\/3146"}],"wp:featuredmedia":[{"embeddable":true,"href":"https:\/\/aliso.fr\/reseau\/wp-json\/wp\/v2\/media\/3125"}],"wp:attachment":[{"href":"https:\/\/aliso.fr\/reseau\/wp-json\/wp\/v2\/media?parent=340"}],"curies":[{"name":"wp","href":"https:\/\/api.w.org\/{rel}","templated":true}]}}